{"id":548,"date":"2021-10-28T16:29:13","date_gmt":"2021-10-28T16:29:13","guid":{"rendered":"https:\/\/hotel.site7.eu\/?page_id=548"},"modified":"2026-02-11T17:04:15","modified_gmt":"2026-02-11T16:04:15","slug":"galerie","status":"publish","type":"page","link":"https:\/\/www.villa-berlioz-hotel-lyon.com\/fr\/galerie\/","title":{"rendered":"Galerie"},"content":{"rendered":"\t\t<div data-elementor-type=\"wp-page\" data-elementor-id=\"548\" class=\"elementor elementor-548\" data-elementor-post-type=\"page\">\n\t\t\t\t\t\t<section data-dce-background-overlay-color=\"#000000\" data-dce-background-image-url=\"https:\/\/www.villa-berlioz-hotel-lyon.com\/wp-content\/uploads\/2024\/08\/hotel-villa-berlioz-lyon-003.webp\" class=\"elementor-section elementor-top-section elementor-element elementor-element-4cca3f8 elementor-section-height-min-height elementor-section-boxed elementor-section-height-default elementor-section-items-middle\" data-id=\"4cca3f8\" data-element_type=\"section\" data-e-type=\"section\" data-settings=\"{&quot;background_background&quot;:&quot;classic&quot;}\">\n\t\t\t\t\t\t\t<div class=\"elementor-background-overlay\"><\/div>\n\t\t\t\t\t\t\t<div class=\"elementor-container elementor-column-gap-default\">\n\t\t\t\t\t<div class=\"elementor-column elementor-col-100 elementor-top-column elementor-element elementor-element-507c45b\" data-id=\"507c45b\" data-element_type=\"column\" data-e-type=\"column\">\n\t\t\t<div class=\"elementor-widget-wrap elementor-element-populated\">\n\t\t\t\t\t\t<div class=\"elementor-element elementor-element-b23af0a elementor-widget elementor-widget-heading\" data-id=\"b23af0a\" data-element_type=\"widget\" data-e-type=\"widget\" data-widget_type=\"heading.default\">\n\t\t\t\t<div class=\"elementor-widget-container\">\n\t\t\t\t\t<span class=\"elementor-heading-title elementor-size-default\">Photos de notre h\u00f4tel \u00e0 Lyon Perrache<\/span>\t\t\t\t<\/div>\n\t\t\t\t<\/div>\n\t\t\t\t\t<\/div>\n\t\t<\/div>\n\t\t\t\t\t<\/div>\n\t\t<\/section>\n\t\t\t\t<section class=\"elementor-section elementor-top-section elementor-element elementor-element-bfd3f7f elementor-section-boxed elementor-section-height-default elementor-section-height-default\" data-id=\"bfd3f7f\" data-element_type=\"section\" data-e-type=\"section\">\n\t\t\t\t\t\t<div class=\"elementor-container elementor-column-gap-default\">\n\t\t\t\t\t<div class=\"elementor-column elementor-col-100 elementor-top-column elementor-element elementor-element-e025e83\" data-id=\"e025e83\" data-element_type=\"column\" data-e-type=\"column\">\n\t\t\t<div class=\"elementor-widget-wrap elementor-element-populated\">\n\t\t\t\t\t\t<div class=\"elementor-element elementor-element-6fafb79 elementor-widget elementor-widget-heading\" data-id=\"6fafb79\" data-element_type=\"widget\" data-e-type=\"widget\" data-widget_type=\"heading.default\">\n\t\t\t\t<div class=\"elementor-widget-container\">\n\t\t\t\t\t<h1 class=\"elementor-heading-title elementor-size-default\">H\u00f4tel Villa Berlioz*** \u00e0 Lyon Perrache<\/h1>\t\t\t\t<\/div>\n\t\t\t\t<\/div>\n\t\t\t\t<div class=\"elementor-element elementor-element-51d7482 elementor-widget-divider--view-line elementor-widget elementor-widget-divider\" data-id=\"51d7482\" data-element_type=\"widget\" data-e-type=\"widget\" data-widget_type=\"divider.default\">\n\t\t\t\t<div class=\"elementor-widget-container\">\n\t\t\t\t\t\t\t<div class=\"elementor-divider\">\n\t\t\t<span class=\"elementor-divider-separator\">\n\t\t\t\t\t\t<\/span>\n\t\t<\/div>\n\t\t\t\t\t\t<\/div>\n\t\t\t\t<\/div>\n\t\t\t\t<div class=\"elementor-element elementor-element-a35cc97 elementor-widget__width-initial elementor-widget elementor-widget-text-editor\" data-id=\"a35cc97\" data-element_type=\"widget\" data-e-type=\"widget\" data-widget_type=\"text-editor.default\">\n\t\t\t\t<div class=\"elementor-widget-container\">\n\t\t\t\t\t\t\t\t\t<p>D\u00e9couvrez en images l\u2019univers de l\u2019<strong>H\u00f4tel Villa Berlioz*** \u00e0 Lyon.<\/strong><br \/>Chambres, bar et salon, terrasse et ext\u00e9rieurs : laissez-vous inspirer pour votre prochain s\u00e9jour au c\u0153ur de Lyon.<\/p>\t\t\t\t\t\t\t\t<\/div>\n\t\t\t\t<\/div>\n\t\t\t\t\t<\/div>\n\t\t<\/div>\n\t\t\t\t\t<\/div>\n\t\t<\/section>\n\t\t\t\t<section class=\"elementor-section elementor-top-section elementor-element elementor-element-1e14a8e elementor-section-boxed elementor-section-height-default elementor-section-height-default\" data-id=\"1e14a8e\" data-element_type=\"section\" data-e-type=\"section\">\n\t\t\t\t\t\t<div class=\"elementor-container elementor-column-gap-default\">\n\t\t\t\t\t<div class=\"elementor-column elementor-col-100 elementor-top-column elementor-element elementor-element-adb2fb9\" data-id=\"adb2fb9\" data-element_type=\"column\" data-e-type=\"column\">\n\t\t\t<div class=\"elementor-widget-wrap elementor-element-populated\">\n\t\t\t\t\t\t<div class=\"elementor-element elementor-element-ad72870 eae-show-all-yes eae-overlay-hover elementor-widget elementor-widget-eae-filterableGallery\" data-id=\"ad72870\" data-element_type=\"widget\" data-e-type=\"widget\" data-widget_type=\"eae-filterableGallery.default\">\n\t\t\t\t<div class=\"elementor-widget-container\">\n\t\t\t\t\t\t\t<div class=\"eae-fg-wrapper masonry-yes\">\n\t\t\t<div class=\"eae-gallery-filter\">\n\t\t\t\t\t\t\t\t\t<a href=\"#\" data-filter=\"*\" data-filter-name=\"all\" class=\"eae-filter-label current\">Toutes<\/a>\n\t\t\t\t\t\t\t\t<a class=\"eae-filter-label\" href=\"#\" data-filter-name=\"chambres\" data-filter=\".chambres\">Chambres<\/a><a class=\"eae-filter-label\" href=\"#\" data-filter-name=\"bar-et-salon\" data-filter=\".bar-et-salon\">Bar et salon<\/a><a class=\"eae-filter-label\" href=\"#\" data-filter-name=\"extrieur\" data-filter=\".extrieur\">Ext\u00e9rieur<\/a><a class=\"eae-filter-label\" href=\"#\" data-filter-name=\"petit-djeuner\" data-filter=\".petit-djeuner\">Petit-d\u00e9jeuner<\/a><a class=\"eae-filter-label\" href=\"#\" data-filter-name=\"terrasse\" data-filter=\".terrasse\">Terrasse<\/a><a class=\"eae-filter-label\" href=\"#\" data-filter-name=\"autres\" data-filter=\".autres\">Autres<\/a>\t\t\t<\/div>\n\t\t\t<div class=\"eae-fg-image\">\n\t\t\t\t\t\t\t\t\t\t\t<div class=\"eae-gallery-item chambres\">\n\t\t\t\t\t\t\t\t<div class=\"eae-gallery-item-inner\">\n\t\t\t\t\t\t\t\t\t<a href=\"https:\/\/www.villa-berlioz-hotel-lyon.com\/wp-content\/uploads\/chambre-confortable-a-la-decoration-moderne-hotel-villa-berlioz-lyon.webp\" data-elementor-open-lightbox=\"yes\" data-elementor-lightbox-slideshow=\"eae-fg-gallery-60552\" data-elementor-lightbox-title=\"Chambre confortable \u00e0 la d\u00e9coration moderne \u2013 H\u00f4tel Villa Berlioz Lyon\" data-elementor-lightbox-description=\"D\u00e9tail de la literie et de la d\u00e9coration moderne dans une chambre de l\u2019H\u00f4tel Villa Berlioz Lyon, offrant une ambiance cosy et confortable pour un s\u00e9jour en centre-ville pr\u00e8s de la gare Lyon Perrache.\" data-e-action-hash=\"#elementor-action%3Aaction%3Dlightbox%26settings%3DeyJpZCI6OTkwMCwidXJsIjoiaHR0cHM6XC9cL3d3dy52aWxsYS1iZXJsaW96LWhvdGVsLWx5b24uY29tXC93cC1jb250ZW50XC91cGxvYWRzXC9jaGFtYnJlLWNvbmZvcnRhYmxlLWEtbGEtZGVjb3JhdGlvbi1tb2Rlcm5lLWhvdGVsLXZpbGxhLWJlcmxpb3otbHlvbi53ZWJwIn0%3D\">\n\t\t\t\t\t\t\t\t\t\t\t\t\t\t\t\t\t\t\t\t\t<img fetchpriority=\"high\" decoding=\"async\" width=\"1200\" height=\"800\" src=\"https:\/\/www.villa-berlioz-hotel-lyon.com\/wp-content\/uploads\/chambre-confortable-a-la-decoration-moderne-hotel-villa-berlioz-lyon.webp\" class=\"attachment-full size-full\" alt=\"Lit confortable et d\u00e9coration moderne dans une chambre de l\u2019H\u00f4tel Villa Berlioz Lyon\" srcset=\"https:\/\/www.villa-berlioz-hotel-lyon.com\/wp-content\/uploads\/chambre-confortable-a-la-decoration-moderne-hotel-villa-berlioz-lyon.webp 1200w, https:\/\/www.villa-berlioz-hotel-lyon.com\/wp-content\/uploads\/chambre-confortable-a-la-decoration-moderne-hotel-villa-berlioz-lyon-300x200.webp 300w, https:\/\/www.villa-berlioz-hotel-lyon.com\/wp-content\/uploads\/chambre-confortable-a-la-decoration-moderne-hotel-villa-berlioz-lyon-1024x683.webp 1024w, https:\/\/www.villa-berlioz-hotel-lyon.com\/wp-content\/uploads\/chambre-confortable-a-la-decoration-moderne-hotel-villa-berlioz-lyon-768x512.webp 768w\" sizes=\"(max-width: 1200px) 100vw, 1200px\" \/>\t\t\t\t\t\t\t\t\t\t\t\t\t\t\t\t\t\t\t\t\t\t\t\t\t\t\t\t\t\t\t\t<div class=\"eae-grid-overlay fadeIn\">\n\t\t\t\t\t\t\t\t\t\t\t\t<div class=\"eae-grid-overlay-inner\">\n\t\t\t\t\t\t\t\t\t\t\t\t\t<div class=\"eae-icon-wrapper\">\n\t\t\t\t\t\t\t\t\t\t\t\t\t\t\t\t\t\t\t\t\t\t\t\t\t\t\t<\/div>\n\t\t\t\t\t\t\t\t\t\t\t\t\t\t\t\t\t\t\t\t\t\t\t\t\t\t\t<div class=\"eae-overlay-caption\">Chambre \u00e0 la d\u00e9coration moderne et ambiance chaleureuse \u00e0 Lyon.<\/div>\n\t\t\t\t\t\t\t\t\t\t\t\t\t\t\t\t\t\t\t\t\t\t\t\t\t<\/div>\n\t\t\t\t\t\t\t\t\t\t<\/div>\n\t\t\t\t\t\t\t\t\t\t\t\t\t\t\t\t\t\t\t<\/a>\n\t\t\t\t\t\t\t\t<\/div>\n\t\t\t\t\t\t\t<\/div>\n\t\t\t\t\t\t\t\t\t\t\t\t\t\t<div class=\"eae-gallery-item chambres\">\n\t\t\t\t\t\t\t\t<div class=\"eae-gallery-item-inner\">\n\t\t\t\t\t\t\t\t\t<a href=\"https:\/\/www.villa-berlioz-hotel-lyon.com\/wp-content\/uploads\/villa-berlioz-hotel-lyon-plateau-accueil-chambre.webp\" data-elementor-open-lightbox=\"yes\" data-elementor-lightbox-slideshow=\"eae-fg-gallery-60552\" data-elementor-lightbox-title=\"D\u00e9tail du plateau d\u2019accueil en chambre \u2013 H\u00f4tel Villa Berlioz Lyon\" data-elementor-lightbox-description=\"Plateau d\u2019accueil en chambre \u00e0 l\u2019H\u00f4tel Villa Berlioz Lyon comprenant bouilloire, sachets de th\u00e9 et livret de bienvenue, pour un s\u00e9jour confortable en centre-ville pr\u00e8s de la gare Lyon Perrache.\" data-e-action-hash=\"#elementor-action%3Aaction%3Dlightbox%26settings%3DeyJpZCI6OTkxNCwidXJsIjoiaHR0cHM6XC9cL3d3dy52aWxsYS1iZXJsaW96LWhvdGVsLWx5b24uY29tXC93cC1jb250ZW50XC91cGxvYWRzXC92aWxsYS1iZXJsaW96LWhvdGVsLWx5b24tcGxhdGVhdS1hY2N1ZWlsLWNoYW1icmUud2VicCJ9\">\n\t\t\t\t\t\t\t\t\t\t\t\t\t\t\t\t\t\t\t\t\t<img decoding=\"async\" width=\"1200\" height=\"800\" src=\"https:\/\/www.villa-berlioz-hotel-lyon.com\/wp-content\/uploads\/villa-berlioz-hotel-lyon-plateau-accueil-chambre.webp\" class=\"attachment-full size-full\" alt=\"Plateau d\u2019accueil en chambre avec bouilloire et sachets de th\u00e9 \u00e0 l\u2019H\u00f4tel Villa Berlioz Lyon\" srcset=\"https:\/\/www.villa-berlioz-hotel-lyon.com\/wp-content\/uploads\/villa-berlioz-hotel-lyon-plateau-accueil-chambre.webp 1200w, https:\/\/www.villa-berlioz-hotel-lyon.com\/wp-content\/uploads\/villa-berlioz-hotel-lyon-plateau-accueil-chambre-300x200.webp 300w, https:\/\/www.villa-berlioz-hotel-lyon.com\/wp-content\/uploads\/villa-berlioz-hotel-lyon-plateau-accueil-chambre-1024x683.webp 1024w, https:\/\/www.villa-berlioz-hotel-lyon.com\/wp-content\/uploads\/villa-berlioz-hotel-lyon-plateau-accueil-chambre-768x512.webp 768w\" sizes=\"(max-width: 1200px) 100vw, 1200px\" \/>\t\t\t\t\t\t\t\t\t\t\t\t\t\t\t\t\t\t\t\t\t\t\t\t\t\t\t\t\t\t\t\t<div class=\"eae-grid-overlay fadeIn\">\n\t\t\t\t\t\t\t\t\t\t\t\t<div class=\"eae-grid-overlay-inner\">\n\t\t\t\t\t\t\t\t\t\t\t\t\t<div class=\"eae-icon-wrapper\">\n\t\t\t\t\t\t\t\t\t\t\t\t\t\t\t\t\t\t\t\t\t\t\t\t\t\t\t<\/div>\n\t\t\t\t\t\t\t\t\t\t\t\t\t\t\t\t\t\t\t\t\t\t\t\t\t\t\t<div class=\"eae-overlay-caption\">Plateau d\u2019accueil avec bouilloire et th\u00e9 dans une chambre \u00e0 Lyon centre.<\/div>\n\t\t\t\t\t\t\t\t\t\t\t\t\t\t\t\t\t\t\t\t\t\t\t\t\t<\/div>\n\t\t\t\t\t\t\t\t\t\t<\/div>\n\t\t\t\t\t\t\t\t\t\t\t\t\t\t\t\t\t\t\t<\/a>\n\t\t\t\t\t\t\t\t<\/div>\n\t\t\t\t\t\t\t<\/div>\n\t\t\t\t\t\t\t\t\t\t\t\t\t\t<div class=\"eae-gallery-item chambres\">\n\t\t\t\t\t\t\t\t<div class=\"eae-gallery-item-inner\">\n\t\t\t\t\t\t\t\t\t<a href=\"https:\/\/www.villa-berlioz-hotel-lyon.com\/wp-content\/uploads\/2023\/01\/confort.jpg\" data-elementor-open-lightbox=\"yes\" data-elementor-lightbox-slideshow=\"eae-fg-gallery-60552\" data-elementor-lightbox-title=\"chambre-confort-villa-berlioz-lyon\" data-elementor-lightbox-description=\"Plateau d\u2019accueil en chambre \u00e0 l\u2019H\u00f4tel Villa Berlioz Lyon comprenant bouilloire, sachets de th\u00e9 et livret de bienvenue, pour un s\u00e9jour confortable en centre-ville pr\u00e8s de la gare Lyon Perrache.\" data-e-action-hash=\"#elementor-action%3Aaction%3Dlightbox%26settings%3DeyJpZCI6NzcwOCwidXJsIjoiaHR0cHM6XC9cL3d3dy52aWxsYS1iZXJsaW96LWhvdGVsLWx5b24uY29tXC93cC1jb250ZW50XC91cGxvYWRzXC8yMDIzXC8wMVwvY29uZm9ydC5qcGcifQ%3D%3D\">\n\t\t\t\t\t\t\t\t\t\t\t\t\t\t\t\t\t\t\t\t\t<img decoding=\"async\" width=\"1520\" height=\"1013\" src=\"https:\/\/www.villa-berlioz-hotel-lyon.com\/wp-content\/uploads\/2023\/01\/confort.jpg\" class=\"attachment-full size-full\" alt=\"chambre pour s\u00e9jour \u00e0 lyon\" srcset=\"https:\/\/www.villa-berlioz-hotel-lyon.com\/wp-content\/uploads\/2023\/01\/confort.jpg 1520w, https:\/\/www.villa-berlioz-hotel-lyon.com\/wp-content\/uploads\/2023\/01\/confort-300x200.jpg 300w, https:\/\/www.villa-berlioz-hotel-lyon.com\/wp-content\/uploads\/2023\/01\/confort-1024x682.jpg 1024w, https:\/\/www.villa-berlioz-hotel-lyon.com\/wp-content\/uploads\/2023\/01\/confort-768x512.jpg 768w\" sizes=\"(max-width: 1520px) 100vw, 1520px\" \/>\t\t\t\t\t\t\t\t\t\t\t\t\t\t\t\t\t\t\t\t\t\t\t\t\t\t\t\t\t\t\t\t<div class=\"eae-grid-overlay fadeIn\">\n\t\t\t\t\t\t\t\t\t\t\t\t<div class=\"eae-grid-overlay-inner\">\n\t\t\t\t\t\t\t\t\t\t\t\t\t<div class=\"eae-icon-wrapper\">\n\t\t\t\t\t\t\t\t\t\t\t\t\t\t\t\t\t\t\t\t\t\t\t\t\t\t\t<\/div>\n\t\t\t\t\t\t\t\t\t\t\t\t\t\t\t\t\t\t\t\t\t\t\t\t\t<\/div>\n\t\t\t\t\t\t\t\t\t\t<\/div>\n\t\t\t\t\t\t\t\t\t\t\t\t\t\t\t\t\t\t\t<\/a>\n\t\t\t\t\t\t\t\t<\/div>\n\t\t\t\t\t\t\t<\/div>\n\t\t\t\t\t\t\t\t\t\t\t\t\t\t<div class=\"eae-gallery-item chambres\">\n\t\t\t\t\t\t\t\t<div class=\"eae-gallery-item-inner\">\n\t\t\t\t\t\t\t\t\t<a href=\"https:\/\/www.villa-berlioz-hotel-lyon.com\/wp-content\/uploads\/2023\/01\/sdb-confort-4.jpg\" data-elementor-open-lightbox=\"yes\" data-elementor-lightbox-slideshow=\"eae-fg-gallery-60552\" data-elementor-lightbox-title=\"salle de bains - H\u00f4tel Villa Berlioz Lyon\" data-elementor-lightbox-description=\"Plateau d\u2019accueil en chambre \u00e0 l\u2019H\u00f4tel Villa Berlioz Lyon comprenant bouilloire, sachets de th\u00e9 et livret de bienvenue, pour un s\u00e9jour confortable en centre-ville pr\u00e8s de la gare Lyon Perrache.\" data-e-action-hash=\"#elementor-action%3Aaction%3Dlightbox%26settings%3DeyJpZCI6NzcwNiwidXJsIjoiaHR0cHM6XC9cL3d3dy52aWxsYS1iZXJsaW96LWhvdGVsLWx5b24uY29tXC93cC1jb250ZW50XC91cGxvYWRzXC8yMDIzXC8wMVwvc2RiLWNvbmZvcnQtNC5qcGcifQ%3D%3D\">\n\t\t\t\t\t\t\t\t\t\t\t\t\t\t\t\t\t\t\t\t\t<img loading=\"lazy\" decoding=\"async\" width=\"1580\" height=\"2370\" src=\"https:\/\/www.villa-berlioz-hotel-lyon.com\/wp-content\/uploads\/2023\/01\/sdb-confort-4.jpg\" class=\"attachment-full size-full\" alt=\"salle de bain h\u00f4tel villa berlioz lyon\" srcset=\"https:\/\/www.villa-berlioz-hotel-lyon.com\/wp-content\/uploads\/2023\/01\/sdb-confort-4.jpg 1580w, https:\/\/www.villa-berlioz-hotel-lyon.com\/wp-content\/uploads\/2023\/01\/sdb-confort-4-200x300.jpg 200w, https:\/\/www.villa-berlioz-hotel-lyon.com\/wp-content\/uploads\/2023\/01\/sdb-confort-4-683x1024.jpg 683w, https:\/\/www.villa-berlioz-hotel-lyon.com\/wp-content\/uploads\/2023\/01\/sdb-confort-4-768x1152.jpg 768w, https:\/\/www.villa-berlioz-hotel-lyon.com\/wp-content\/uploads\/2023\/01\/sdb-confort-4-1024x1536.jpg 1024w, https:\/\/www.villa-berlioz-hotel-lyon.com\/wp-content\/uploads\/2023\/01\/sdb-confort-4-1365x2048.jpg 1365w\" sizes=\"(max-width: 1580px) 100vw, 1580px\" \/>\t\t\t\t\t\t\t\t\t\t\t\t\t\t\t\t\t\t\t\t\t\t\t\t\t\t\t\t\t\t\t\t<div class=\"eae-grid-overlay fadeIn\">\n\t\t\t\t\t\t\t\t\t\t\t\t<div class=\"eae-grid-overlay-inner\">\n\t\t\t\t\t\t\t\t\t\t\t\t\t<div class=\"eae-icon-wrapper\">\n\t\t\t\t\t\t\t\t\t\t\t\t\t\t\t\t\t\t\t\t\t\t\t\t\t\t\t<\/div>\n\t\t\t\t\t\t\t\t\t\t\t\t\t\t\t\t\t\t\t\t\t\t\t\t\t<\/div>\n\t\t\t\t\t\t\t\t\t\t<\/div>\n\t\t\t\t\t\t\t\t\t\t\t\t\t\t\t\t\t\t\t<\/a>\n\t\t\t\t\t\t\t\t<\/div>\n\t\t\t\t\t\t\t<\/div>\n\t\t\t\t\t\t\t\t\t\t\t\t\t\t<div class=\"eae-gallery-item chambres\">\n\t\t\t\t\t\t\t\t<div class=\"eae-gallery-item-inner\">\n\t\t\t\t\t\t\t\t\t<a href=\"https:\/\/www.villa-berlioz-hotel-lyon.com\/wp-content\/uploads\/details-des-chambres---hotel-villa-berlioz.jpg\" data-elementor-open-lightbox=\"yes\" data-elementor-lightbox-slideshow=\"eae-fg-gallery-60552\" data-elementor-lightbox-title=\"D\u00e9tails des chambres \u2013 H\u00f4tel Villa Berlioz\" data-elementor-lightbox-description=\"Design color\u00e9 et s\u00e9curit\u00e9 moderne des chambres de la Villa Berlioz \u00e0 Lyon, avec acc\u00e8s par carte magn\u00e9tique.\" data-e-action-hash=\"#elementor-action%3Aaction%3Dlightbox%26settings%3DeyJpZCI6OTkxNiwidXJsIjoiaHR0cHM6XC9cL3d3dy52aWxsYS1iZXJsaW96LWhvdGVsLWx5b24uY29tXC93cC1jb250ZW50XC91cGxvYWRzXC9kZXRhaWxzLWRlcy1jaGFtYnJlcy0tLWhvdGVsLXZpbGxhLWJlcmxpb3ouanBnIn0%3D\">\n\t\t\t\t\t\t\t\t\t\t\t\t\t\t\t\t\t\t\t\t\t<img loading=\"lazy\" decoding=\"async\" width=\"1200\" height=\"800\" src=\"https:\/\/www.villa-berlioz-hotel-lyon.com\/wp-content\/uploads\/details-des-chambres---hotel-villa-berlioz.jpg\" class=\"attachment-full size-full\" alt=\"Portes de chambres design avec serrures \u00e9lectroniques \u2013 H\u00f4tel Villa Berlioz Lyon\" srcset=\"https:\/\/www.villa-berlioz-hotel-lyon.com\/wp-content\/uploads\/details-des-chambres---hotel-villa-berlioz.jpg 1200w, https:\/\/www.villa-berlioz-hotel-lyon.com\/wp-content\/uploads\/details-des-chambres---hotel-villa-berlioz-300x200.jpg 300w, https:\/\/www.villa-berlioz-hotel-lyon.com\/wp-content\/uploads\/details-des-chambres---hotel-villa-berlioz-1024x683.jpg 1024w, https:\/\/www.villa-berlioz-hotel-lyon.com\/wp-content\/uploads\/details-des-chambres---hotel-villa-berlioz-768x512.jpg 768w\" sizes=\"(max-width: 1200px) 100vw, 1200px\" \/>\t\t\t\t\t\t\t\t\t\t\t\t\t\t\t\t\t\t\t\t\t\t\t\t\t\t\t\t\t\t\t\t<div class=\"eae-grid-overlay fadeIn\">\n\t\t\t\t\t\t\t\t\t\t\t\t<div class=\"eae-grid-overlay-inner\">\n\t\t\t\t\t\t\t\t\t\t\t\t\t<div class=\"eae-icon-wrapper\">\n\t\t\t\t\t\t\t\t\t\t\t\t\t\t\t\t\t\t\t\t\t\t\t\t\t\t\t<\/div>\n\t\t\t\t\t\t\t\t\t\t\t\t\t\t\t\t\t\t\t\t\t\t\t\t\t<\/div>\n\t\t\t\t\t\t\t\t\t\t<\/div>\n\t\t\t\t\t\t\t\t\t\t\t\t\t\t\t\t\t\t\t<\/a>\n\t\t\t\t\t\t\t\t<\/div>\n\t\t\t\t\t\t\t<\/div>\n\t\t\t\t\t\t\t\t\t\t\t\t\t\t<div class=\"eae-gallery-item chambres\">\n\t\t\t\t\t\t\t\t<div class=\"eae-gallery-item-inner\">\n\t\t\t\t\t\t\t\t\t<a href=\"https:\/\/www.villa-berlioz-hotel-lyon.com\/wp-content\/uploads\/2023\/01\/confort-6.jpg\" data-elementor-open-lightbox=\"yes\" data-elementor-lightbox-slideshow=\"eae-fg-gallery-60552\" data-elementor-lightbox-title=\"chambre-confort-villa-berlioz-lyon\" data-elementor-lightbox-description=\"Design color\u00e9 et s\u00e9curit\u00e9 moderne des chambres de la Villa Berlioz \u00e0 Lyon, avec acc\u00e8s par carte magn\u00e9tique.\" data-e-action-hash=\"#elementor-action%3Aaction%3Dlightbox%26settings%3DeyJpZCI6NzcwNCwidXJsIjoiaHR0cHM6XC9cL3d3dy52aWxsYS1iZXJsaW96LWhvdGVsLWx5b24uY29tXC93cC1jb250ZW50XC91cGxvYWRzXC8yMDIzXC8wMVwvY29uZm9ydC02LmpwZyJ9\">\n\t\t\t\t\t\t\t\t\t\t\t\t\t\t\t\t\t\t\t\t\t<img loading=\"lazy\" decoding=\"async\" width=\"1520\" height=\"1013\" src=\"https:\/\/www.villa-berlioz-hotel-lyon.com\/wp-content\/uploads\/2023\/01\/confort-6.jpg\" class=\"attachment-full size-full\" alt=\"chambres au c\u0153ur de lyon\" srcset=\"https:\/\/www.villa-berlioz-hotel-lyon.com\/wp-content\/uploads\/2023\/01\/confort-6.jpg 1520w, https:\/\/www.villa-berlioz-hotel-lyon.com\/wp-content\/uploads\/2023\/01\/confort-6-300x200.jpg 300w, https:\/\/www.villa-berlioz-hotel-lyon.com\/wp-content\/uploads\/2023\/01\/confort-6-1024x682.jpg 1024w, https:\/\/www.villa-berlioz-hotel-lyon.com\/wp-content\/uploads\/2023\/01\/confort-6-768x512.jpg 768w\" sizes=\"(max-width: 1520px) 100vw, 1520px\" \/>\t\t\t\t\t\t\t\t\t\t\t\t\t\t\t\t\t\t\t\t\t\t\t\t\t\t\t\t\t\t\t\t<div class=\"eae-grid-overlay fadeIn\">\n\t\t\t\t\t\t\t\t\t\t\t\t<div class=\"eae-grid-overlay-inner\">\n\t\t\t\t\t\t\t\t\t\t\t\t\t<div class=\"eae-icon-wrapper\">\n\t\t\t\t\t\t\t\t\t\t\t\t\t\t\t\t\t\t\t\t\t\t\t\t\t\t\t<\/div>\n\t\t\t\t\t\t\t\t\t\t\t\t\t\t\t\t\t\t\t\t\t\t\t\t\t<\/div>\n\t\t\t\t\t\t\t\t\t\t<\/div>\n\t\t\t\t\t\t\t\t\t\t\t\t\t\t\t\t\t\t\t<\/a>\n\t\t\t\t\t\t\t\t<\/div>\n\t\t\t\t\t\t\t<\/div>\n\t\t\t\t\t\t\t\t\t\t\t\t\t\t<div class=\"eae-gallery-item chambres\">\n\t\t\t\t\t\t\t\t<div class=\"eae-gallery-item-inner\">\n\t\t\t\t\t\t\t\t\t<a href=\"https:\/\/www.villa-berlioz-hotel-lyon.com\/wp-content\/uploads\/2023\/01\/confort-twin.jpg\" data-elementor-open-lightbox=\"yes\" data-elementor-lightbox-slideshow=\"eae-fg-gallery-60552\" data-elementor-lightbox-title=\"Chambre Twin - H\u00f4tel Villa Berlioz Lyon\" data-elementor-lightbox-description=\"Design color\u00e9 et s\u00e9curit\u00e9 moderne des chambres de la Villa Berlioz \u00e0 Lyon, avec acc\u00e8s par carte magn\u00e9tique.\" data-e-action-hash=\"#elementor-action%3Aaction%3Dlightbox%26settings%3DeyJpZCI6NzcwMiwidXJsIjoiaHR0cHM6XC9cL3d3dy52aWxsYS1iZXJsaW96LWhvdGVsLWx5b24uY29tXC93cC1jb250ZW50XC91cGxvYWRzXC8yMDIzXC8wMVwvY29uZm9ydC10d2luLmpwZyJ9\">\n\t\t\t\t\t\t\t\t\t\t\t\t\t\t\t\t\t\t\t\t\t<img loading=\"lazy\" decoding=\"async\" width=\"1520\" height=\"1013\" src=\"https:\/\/www.villa-berlioz-hotel-lyon.com\/wp-content\/uploads\/2023\/01\/confort-twin.jpg\" class=\"attachment-full size-full\" alt=\"chambres twin \u00e0 lyon centre\" srcset=\"https:\/\/www.villa-berlioz-hotel-lyon.com\/wp-content\/uploads\/2023\/01\/confort-twin.jpg 1520w, https:\/\/www.villa-berlioz-hotel-lyon.com\/wp-content\/uploads\/2023\/01\/confort-twin-300x200.jpg 300w, https:\/\/www.villa-berlioz-hotel-lyon.com\/wp-content\/uploads\/2023\/01\/confort-twin-1024x682.jpg 1024w, https:\/\/www.villa-berlioz-hotel-lyon.com\/wp-content\/uploads\/2023\/01\/confort-twin-768x512.jpg 768w\" sizes=\"(max-width: 1520px) 100vw, 1520px\" \/>\t\t\t\t\t\t\t\t\t\t\t\t\t\t\t\t\t\t\t\t\t\t\t\t\t\t\t\t\t\t\t\t<div class=\"eae-grid-overlay fadeIn\">\n\t\t\t\t\t\t\t\t\t\t\t\t<div class=\"eae-grid-overlay-inner\">\n\t\t\t\t\t\t\t\t\t\t\t\t\t<div class=\"eae-icon-wrapper\">\n\t\t\t\t\t\t\t\t\t\t\t\t\t\t\t\t\t\t\t\t\t\t\t\t\t\t\t<\/div>\n\t\t\t\t\t\t\t\t\t\t\t\t\t\t\t\t\t\t\t\t\t\t\t\t\t<\/div>\n\t\t\t\t\t\t\t\t\t\t<\/div>\n\t\t\t\t\t\t\t\t\t\t\t\t\t\t\t\t\t\t\t<\/a>\n\t\t\t\t\t\t\t\t<\/div>\n\t\t\t\t\t\t\t<\/div>\n\t\t\t\t\t\t\t\t\t\t\t\t\t\t<div class=\"eae-gallery-item chambres\">\n\t\t\t\t\t\t\t\t<div class=\"eae-gallery-item-inner\">\n\t\t\t\t\t\t\t\t\t<a href=\"https:\/\/www.villa-berlioz-hotel-lyon.com\/wp-content\/uploads\/chambre-54---villa-berlioz-lyon.jpg\" data-elementor-open-lightbox=\"yes\" data-elementor-lightbox-slideshow=\"eae-fg-gallery-60552\" data-elementor-lightbox-title=\"Chambre 54 \u2013 Villa Berlioz Lyon\" data-elementor-lightbox-description=\"D\u00e9tail design d\u2019une porte de chambre color\u00e9e \u00e0 l\u2019H\u00f4tel Villa Berlioz \u00e0 Lyon, \u00e9quip\u00e9e d\u2019un syst\u00e8me d\u2019acc\u00e8s s\u00e9curis\u00e9.\" data-e-action-hash=\"#elementor-action%3Aaction%3Dlightbox%26settings%3DeyJpZCI6OTg5OCwidXJsIjoiaHR0cHM6XC9cL3d3dy52aWxsYS1iZXJsaW96LWhvdGVsLWx5b24uY29tXC93cC1jb250ZW50XC91cGxvYWRzXC9jaGFtYnJlLTU0LS0tdmlsbGEtYmVybGlvei1seW9uLmpwZyJ9\">\n\t\t\t\t\t\t\t\t\t\t\t\t\t\t\t\t\t\t\t\t\t<img loading=\"lazy\" decoding=\"async\" width=\"1200\" height=\"800\" src=\"https:\/\/www.villa-berlioz-hotel-lyon.com\/wp-content\/uploads\/chambre-54---villa-berlioz-lyon.jpg\" class=\"attachment-full size-full\" alt=\"Porte de chambre 54 avec serrure \u00e9lectronique \u2013 H\u00f4tel Villa Berlioz Lyon\" srcset=\"https:\/\/www.villa-berlioz-hotel-lyon.com\/wp-content\/uploads\/chambre-54---villa-berlioz-lyon.jpg 1200w, https:\/\/www.villa-berlioz-hotel-lyon.com\/wp-content\/uploads\/chambre-54---villa-berlioz-lyon-300x200.jpg 300w, https:\/\/www.villa-berlioz-hotel-lyon.com\/wp-content\/uploads\/chambre-54---villa-berlioz-lyon-1024x683.jpg 1024w, https:\/\/www.villa-berlioz-hotel-lyon.com\/wp-content\/uploads\/chambre-54---villa-berlioz-lyon-768x512.jpg 768w\" sizes=\"(max-width: 1200px) 100vw, 1200px\" \/>\t\t\t\t\t\t\t\t\t\t\t\t\t\t\t\t\t\t\t\t\t\t\t\t\t\t\t\t\t\t\t\t<div class=\"eae-grid-overlay fadeIn\">\n\t\t\t\t\t\t\t\t\t\t\t\t<div class=\"eae-grid-overlay-inner\">\n\t\t\t\t\t\t\t\t\t\t\t\t\t<div class=\"eae-icon-wrapper\">\n\t\t\t\t\t\t\t\t\t\t\t\t\t\t\t\t\t\t\t\t\t\t\t\t\t\t\t<\/div>\n\t\t\t\t\t\t\t\t\t\t\t\t\t\t\t\t\t\t\t\t\t\t\t\t\t<\/div>\n\t\t\t\t\t\t\t\t\t\t<\/div>\n\t\t\t\t\t\t\t\t\t\t\t\t\t\t\t\t\t\t\t<\/a>\n\t\t\t\t\t\t\t\t<\/div>\n\t\t\t\t\t\t\t<\/div>\n\t\t\t\t\t\t\t\t\t\t\t\t\t\t<div class=\"eae-gallery-item chambres\">\n\t\t\t\t\t\t\t\t<div class=\"eae-gallery-item-inner\">\n\t\t\t\t\t\t\t\t\t<a href=\"https:\/\/www.villa-berlioz-hotel-lyon.com\/wp-content\/uploads\/2023\/07\/chambre-confort-4.jpg\" data-elementor-open-lightbox=\"yes\" data-elementor-lightbox-slideshow=\"eae-fg-gallery-60552\" data-elementor-lightbox-title=\"chambre-confort-villa-berlioz-lyon\" data-elementor-lightbox-description=\"D\u00e9tail design d\u2019une porte de chambre color\u00e9e \u00e0 l\u2019H\u00f4tel Villa Berlioz \u00e0 Lyon, \u00e9quip\u00e9e d\u2019un syst\u00e8me d\u2019acc\u00e8s s\u00e9curis\u00e9.\" data-e-action-hash=\"#elementor-action%3Aaction%3Dlightbox%26settings%3DeyJpZCI6ODEwMSwidXJsIjoiaHR0cHM6XC9cL3d3dy52aWxsYS1iZXJsaW96LWhvdGVsLWx5b24uY29tXC93cC1jb250ZW50XC91cGxvYWRzXC8yMDIzXC8wN1wvY2hhbWJyZS1jb25mb3J0LTQuanBnIn0%3D\">\n\t\t\t\t\t\t\t\t\t\t\t\t\t\t\t\t\t\t\t\t\t<img loading=\"lazy\" decoding=\"async\" width=\"1200\" height=\"750\" src=\"https:\/\/www.villa-berlioz-hotel-lyon.com\/wp-content\/uploads\/2023\/07\/chambre-confort-4.jpg\" class=\"attachment-full size-full\" alt=\"chambre double h\u00f4tel \u00e0 lyon\" srcset=\"https:\/\/www.villa-berlioz-hotel-lyon.com\/wp-content\/uploads\/2023\/07\/chambre-confort-4.jpg 1200w, https:\/\/www.villa-berlioz-hotel-lyon.com\/wp-content\/uploads\/2023\/07\/chambre-confort-4-300x188.jpg 300w, https:\/\/www.villa-berlioz-hotel-lyon.com\/wp-content\/uploads\/2023\/07\/chambre-confort-4-1024x640.jpg 1024w, https:\/\/www.villa-berlioz-hotel-lyon.com\/wp-content\/uploads\/2023\/07\/chambre-confort-4-768x480.jpg 768w\" sizes=\"(max-width: 1200px) 100vw, 1200px\" \/>\t\t\t\t\t\t\t\t\t\t\t\t\t\t\t\t\t\t\t\t\t\t\t\t\t\t\t\t\t\t\t\t<div class=\"eae-grid-overlay fadeIn\">\n\t\t\t\t\t\t\t\t\t\t\t\t<div class=\"eae-grid-overlay-inner\">\n\t\t\t\t\t\t\t\t\t\t\t\t\t<div class=\"eae-icon-wrapper\">\n\t\t\t\t\t\t\t\t\t\t\t\t\t\t\t\t\t\t\t\t\t\t\t\t\t\t\t<\/div>\n\t\t\t\t\t\t\t\t\t\t\t\t\t\t\t\t\t\t\t\t\t\t\t\t\t<\/div>\n\t\t\t\t\t\t\t\t\t\t<\/div>\n\t\t\t\t\t\t\t\t\t\t\t\t\t\t\t\t\t\t\t<\/a>\n\t\t\t\t\t\t\t\t<\/div>\n\t\t\t\t\t\t\t<\/div>\n\t\t\t\t\t\t\t\t\t\t\t\t\t\t<div class=\"eae-gallery-item chambres\">\n\t\t\t\t\t\t\t\t<div class=\"eae-gallery-item-inner\">\n\t\t\t\t\t\t\t\t\t<a href=\"https:\/\/www.villa-berlioz-hotel-lyon.com\/wp-content\/uploads\/2022\/07\/chambre-triple-4.jpg\" data-elementor-open-lightbox=\"yes\" data-elementor-lightbox-slideshow=\"eae-fg-gallery-60552\" data-elementor-lightbox-title=\"chambre-triple-villa-berlioz-lyon\" data-elementor-lightbox-description=\"D\u00e9tail design d\u2019une porte de chambre color\u00e9e \u00e0 l\u2019H\u00f4tel Villa Berlioz \u00e0 Lyon, \u00e9quip\u00e9e d\u2019un syst\u00e8me d\u2019acc\u00e8s s\u00e9curis\u00e9.\" data-e-action-hash=\"#elementor-action%3Aaction%3Dlightbox%26settings%3DeyJpZCI6NzU1NSwidXJsIjoiaHR0cHM6XC9cL3d3dy52aWxsYS1iZXJsaW96LWhvdGVsLWx5b24uY29tXC93cC1jb250ZW50XC91cGxvYWRzXC8yMDIyXC8wN1wvY2hhbWJyZS10cmlwbGUtNC5qcGcifQ%3D%3D\">\n\t\t\t\t\t\t\t\t\t\t\t\t\t\t\t\t\t\t\t\t\t<img loading=\"lazy\" decoding=\"async\" width=\"1200\" height=\"750\" src=\"https:\/\/www.villa-berlioz-hotel-lyon.com\/wp-content\/uploads\/2022\/07\/chambre-triple-4.jpg\" class=\"attachment-full size-full\" alt=\"S\u00e9jour entre amis \u00e0 lyon\" srcset=\"https:\/\/www.villa-berlioz-hotel-lyon.com\/wp-content\/uploads\/2022\/07\/chambre-triple-4.jpg 1200w, https:\/\/www.villa-berlioz-hotel-lyon.com\/wp-content\/uploads\/2022\/07\/chambre-triple-4-300x188.jpg 300w, https:\/\/www.villa-berlioz-hotel-lyon.com\/wp-content\/uploads\/2022\/07\/chambre-triple-4-1024x640.jpg 1024w, https:\/\/www.villa-berlioz-hotel-lyon.com\/wp-content\/uploads\/2022\/07\/chambre-triple-4-768x480.jpg 768w\" sizes=\"(max-width: 1200px) 100vw, 1200px\" \/>\t\t\t\t\t\t\t\t\t\t\t\t\t\t\t\t\t\t\t\t\t\t\t\t\t\t\t\t\t\t\t\t<div class=\"eae-grid-overlay fadeIn\">\n\t\t\t\t\t\t\t\t\t\t\t\t<div class=\"eae-grid-overlay-inner\">\n\t\t\t\t\t\t\t\t\t\t\t\t\t<div class=\"eae-icon-wrapper\">\n\t\t\t\t\t\t\t\t\t\t\t\t\t\t\t\t\t\t\t\t\t\t\t\t\t\t\t<\/div>\n\t\t\t\t\t\t\t\t\t\t\t\t\t\t\t\t\t\t\t\t\t\t\t\t\t<\/div>\n\t\t\t\t\t\t\t\t\t\t<\/div>\n\t\t\t\t\t\t\t\t\t\t\t\t\t\t\t\t\t\t\t<\/a>\n\t\t\t\t\t\t\t\t<\/div>\n\t\t\t\t\t\t\t<\/div>\n\t\t\t\t\t\t\t\t\t\t\t\t\t\t<div class=\"eae-gallery-item chambres\">\n\t\t\t\t\t\t\t\t<div class=\"eae-gallery-item-inner\">\n\t\t\t\t\t\t\t\t\t<a href=\"https:\/\/www.villa-berlioz-hotel-lyon.com\/wp-content\/uploads\/2021\/11\/chambre-double-3.jpg\" data-elementor-open-lightbox=\"yes\" data-elementor-lightbox-slideshow=\"eae-fg-gallery-60552\" data-elementor-lightbox-title=\"Chambre double - H\u00f4tel Villa Berlioz Lyon\" data-elementor-lightbox-description=\"D\u00e9tail design d\u2019une porte de chambre color\u00e9e \u00e0 l\u2019H\u00f4tel Villa Berlioz \u00e0 Lyon, \u00e9quip\u00e9e d\u2019un syst\u00e8me d\u2019acc\u00e8s s\u00e9curis\u00e9.\" data-e-action-hash=\"#elementor-action%3Aaction%3Dlightbox%26settings%3DeyJpZCI6NzU3NiwidXJsIjoiaHR0cHM6XC9cL3d3dy52aWxsYS1iZXJsaW96LWhvdGVsLWx5b24uY29tXC93cC1jb250ZW50XC91cGxvYWRzXC8yMDIxXC8xMVwvY2hhbWJyZS1kb3VibGUtMy5qcGcifQ%3D%3D\">\n\t\t\t\t\t\t\t\t\t\t\t\t\t\t\t\t\t\t\t\t\t<img loading=\"lazy\" decoding=\"async\" width=\"1200\" height=\"750\" src=\"https:\/\/www.villa-berlioz-hotel-lyon.com\/wp-content\/uploads\/2021\/11\/chambre-double-3.jpg\" class=\"attachment-full size-full\" alt=\"Chambre double - H\u00f4tel Villa Berlioz Lyon\" srcset=\"https:\/\/www.villa-berlioz-hotel-lyon.com\/wp-content\/uploads\/2021\/11\/chambre-double-3.jpg 1200w, https:\/\/www.villa-berlioz-hotel-lyon.com\/wp-content\/uploads\/2021\/11\/chambre-double-3-300x188.jpg 300w, https:\/\/www.villa-berlioz-hotel-lyon.com\/wp-content\/uploads\/2021\/11\/chambre-double-3-1024x640.jpg 1024w, https:\/\/www.villa-berlioz-hotel-lyon.com\/wp-content\/uploads\/2021\/11\/chambre-double-3-768x480.jpg 768w\" sizes=\"(max-width: 1200px) 100vw, 1200px\" \/>\t\t\t\t\t\t\t\t\t\t\t\t\t\t\t\t\t\t\t\t\t\t\t\t\t\t\t\t\t\t\t\t<div class=\"eae-grid-overlay fadeIn\">\n\t\t\t\t\t\t\t\t\t\t\t\t<div class=\"eae-grid-overlay-inner\">\n\t\t\t\t\t\t\t\t\t\t\t\t\t<div class=\"eae-icon-wrapper\">\n\t\t\t\t\t\t\t\t\t\t\t\t\t\t\t\t\t\t\t\t\t\t\t\t\t\t\t<\/div>\n\t\t\t\t\t\t\t\t\t\t\t\t\t\t\t\t\t\t\t\t\t\t\t\t\t<\/div>\n\t\t\t\t\t\t\t\t\t\t<\/div>\n\t\t\t\t\t\t\t\t\t\t\t\t\t\t\t\t\t\t\t<\/a>\n\t\t\t\t\t\t\t\t<\/div>\n\t\t\t\t\t\t\t<\/div>\n\t\t\t\t\t\t\t\t\t\t\t\t\t\t<div class=\"eae-gallery-item chambres\">\n\t\t\t\t\t\t\t\t<div class=\"eae-gallery-item-inner\">\n\t\t\t\t\t\t\t\t\t<a href=\"https:\/\/www.villa-berlioz-hotel-lyon.com\/wp-content\/uploads\/2021\/11\/chambre-confort-2.jpg\" data-elementor-open-lightbox=\"yes\" data-elementor-lightbox-slideshow=\"eae-fg-gallery-60552\" data-elementor-lightbox-title=\"chambre-confort-villa-berlioz-lyon\" data-elementor-lightbox-description=\"D\u00e9tail design d\u2019une porte de chambre color\u00e9e \u00e0 l\u2019H\u00f4tel Villa Berlioz \u00e0 Lyon, \u00e9quip\u00e9e d\u2019un syst\u00e8me d\u2019acc\u00e8s s\u00e9curis\u00e9.\" data-e-action-hash=\"#elementor-action%3Aaction%3Dlightbox%26settings%3DeyJpZCI6NzU4OCwidXJsIjoiaHR0cHM6XC9cL3d3dy52aWxsYS1iZXJsaW96LWhvdGVsLWx5b24uY29tXC93cC1jb250ZW50XC91cGxvYWRzXC8yMDIxXC8xMVwvY2hhbWJyZS1jb25mb3J0LTIuanBnIn0%3D\">\n\t\t\t\t\t\t\t\t\t\t\t\t\t\t\t\t\t\t\t\t\t<img loading=\"lazy\" decoding=\"async\" width=\"1200\" height=\"750\" src=\"https:\/\/www.villa-berlioz-hotel-lyon.com\/wp-content\/uploads\/2021\/11\/chambre-confort-2.jpg\" class=\"attachment-full size-full\" alt=\"chambre double pour voyage \u00e0 lyon\" srcset=\"https:\/\/www.villa-berlioz-hotel-lyon.com\/wp-content\/uploads\/2021\/11\/chambre-confort-2.jpg 1200w, https:\/\/www.villa-berlioz-hotel-lyon.com\/wp-content\/uploads\/2021\/11\/chambre-confort-2-300x188.jpg 300w, https:\/\/www.villa-berlioz-hotel-lyon.com\/wp-content\/uploads\/2021\/11\/chambre-confort-2-1024x640.jpg 1024w, https:\/\/www.villa-berlioz-hotel-lyon.com\/wp-content\/uploads\/2021\/11\/chambre-confort-2-768x480.jpg 768w\" sizes=\"(max-width: 1200px) 100vw, 1200px\" \/>\t\t\t\t\t\t\t\t\t\t\t\t\t\t\t\t\t\t\t\t\t\t\t\t\t\t\t\t\t\t\t\t<div class=\"eae-grid-overlay fadeIn\">\n\t\t\t\t\t\t\t\t\t\t\t\t<div class=\"eae-grid-overlay-inner\">\n\t\t\t\t\t\t\t\t\t\t\t\t\t<div class=\"eae-icon-wrapper\">\n\t\t\t\t\t\t\t\t\t\t\t\t\t\t\t\t\t\t\t\t\t\t\t\t\t\t\t<\/div>\n\t\t\t\t\t\t\t\t\t\t\t\t\t\t\t\t\t\t\t\t\t\t\t\t\t<\/div>\n\t\t\t\t\t\t\t\t\t\t<\/div>\n\t\t\t\t\t\t\t\t\t\t\t\t\t\t\t\t\t\t\t<\/a>\n\t\t\t\t\t\t\t\t<\/div>\n\t\t\t\t\t\t\t<\/div>\n\t\t\t\t\t\t\t\t\t\t\t\t\t\t<div class=\"eae-gallery-item chambres\">\n\t\t\t\t\t\t\t\t<div class=\"eae-gallery-item-inner\">\n\t\t\t\t\t\t\t\t\t<a href=\"https:\/\/www.villa-berlioz-hotel-lyon.com\/wp-content\/uploads\/detail-de-la-salle-de-bain---villa-berlioz-lyon.jpg\" data-elementor-open-lightbox=\"yes\" data-elementor-lightbox-slideshow=\"eae-fg-gallery-60552\" data-elementor-lightbox-title=\"D\u00e9tail de la salle de bain \u2013 Villa Berlioz Lyon\" data-elementor-lightbox-description=\"Deux verres dispos\u00e9s sur le lavabo de la salle de bain, refl\u00e9tant l\u2019ambiance moderne et soign\u00e9e des chambres de l\u2019H\u00f4tel Villa Berlioz \u00e0 Lyon.\" data-e-action-hash=\"#elementor-action%3Aaction%3Dlightbox%26settings%3DeyJpZCI6OTkxMCwidXJsIjoiaHR0cHM6XC9cL3d3dy52aWxsYS1iZXJsaW96LWhvdGVsLWx5b24uY29tXC93cC1jb250ZW50XC91cGxvYWRzXC9kZXRhaWwtZGUtbGEtc2FsbGUtZGUtYmFpbi0tLXZpbGxhLWJlcmxpb3otbHlvbi5qcGcifQ%3D%3D\">\n\t\t\t\t\t\t\t\t\t\t\t\t\t\t\t\t\t\t\t\t\t<img loading=\"lazy\" decoding=\"async\" width=\"1200\" height=\"800\" src=\"https:\/\/www.villa-berlioz-hotel-lyon.com\/wp-content\/uploads\/detail-de-la-salle-de-bain---villa-berlioz-lyon.jpg\" class=\"attachment-full size-full\" alt=\"Verres d\u2019eau pos\u00e9s sur le lavabo de la salle de bain \u2013 H\u00f4tel Villa Berlioz Lyon\" srcset=\"https:\/\/www.villa-berlioz-hotel-lyon.com\/wp-content\/uploads\/detail-de-la-salle-de-bain---villa-berlioz-lyon.jpg 1200w, https:\/\/www.villa-berlioz-hotel-lyon.com\/wp-content\/uploads\/detail-de-la-salle-de-bain---villa-berlioz-lyon-300x200.jpg 300w, https:\/\/www.villa-berlioz-hotel-lyon.com\/wp-content\/uploads\/detail-de-la-salle-de-bain---villa-berlioz-lyon-1024x683.jpg 1024w, https:\/\/www.villa-berlioz-hotel-lyon.com\/wp-content\/uploads\/detail-de-la-salle-de-bain---villa-berlioz-lyon-768x512.jpg 768w\" sizes=\"(max-width: 1200px) 100vw, 1200px\" \/>\t\t\t\t\t\t\t\t\t\t\t\t\t\t\t\t\t\t\t\t\t\t\t\t\t\t\t\t\t\t\t\t<div class=\"eae-grid-overlay fadeIn\">\n\t\t\t\t\t\t\t\t\t\t\t\t<div class=\"eae-grid-overlay-inner\">\n\t\t\t\t\t\t\t\t\t\t\t\t\t<div class=\"eae-icon-wrapper\">\n\t\t\t\t\t\t\t\t\t\t\t\t\t\t\t\t\t\t\t\t\t\t\t\t\t\t\t<\/div>\n\t\t\t\t\t\t\t\t\t\t\t\t\t\t\t\t\t\t\t\t\t\t\t\t\t<\/div>\n\t\t\t\t\t\t\t\t\t\t<\/div>\n\t\t\t\t\t\t\t\t\t\t\t\t\t\t\t\t\t\t\t<\/a>\n\t\t\t\t\t\t\t\t<\/div>\n\t\t\t\t\t\t\t<\/div>\n\t\t\t\t\t\t\t\t\t\t\t\t\t\t<div class=\"eae-gallery-item bar-et-salon\">\n\t\t\t\t\t\t\t\t<div class=\"eae-gallery-item-inner\">\n\t\t\t\t\t\t\t\t\t<a href=\"https:\/\/www.villa-berlioz-hotel-lyon.com\/wp-content\/uploads\/preparation-dun-cocktail-au-bar-de-la-villa-berlioz.jpg\" data-elementor-open-lightbox=\"yes\" data-elementor-lightbox-slideshow=\"eae-fg-gallery-60552\" data-elementor-lightbox-title=\"Pr\u00e9paration d\u2019un cocktail au bar de la Villa Berlioz\" data-elementor-lightbox-description=\"Moment convivial au bar de l\u2019H\u00f4tel Villa Berlioz \u00e0 Lyon, o\u00f9 le barman pr\u00e9pare un cocktail maison.\" data-e-action-hash=\"#elementor-action%3Aaction%3Dlightbox%26settings%3DeyJpZCI6OTkyOCwidXJsIjoiaHR0cHM6XC9cL3d3dy52aWxsYS1iZXJsaW96LWhvdGVsLWx5b24uY29tXC93cC1jb250ZW50XC91cGxvYWRzXC9wcmVwYXJhdGlvbi1kdW4tY29ja3RhaWwtYXUtYmFyLWRlLWxhLXZpbGxhLWJlcmxpb3ouanBnIn0%3D\">\n\t\t\t\t\t\t\t\t\t\t\t\t\t\t\t\t\t\t\t\t\t<img loading=\"lazy\" decoding=\"async\" width=\"1000\" height=\"1500\" src=\"https:\/\/www.villa-berlioz-hotel-lyon.com\/wp-content\/uploads\/preparation-dun-cocktail-au-bar-de-la-villa-berlioz.jpg\" class=\"attachment-full size-full\" alt=\"Barman pr\u00e9parant un cocktail au bar de l\u2019H\u00f4tel Villa Berlioz Lyon\" srcset=\"https:\/\/www.villa-berlioz-hotel-lyon.com\/wp-content\/uploads\/preparation-dun-cocktail-au-bar-de-la-villa-berlioz.jpg 1000w, https:\/\/www.villa-berlioz-hotel-lyon.com\/wp-content\/uploads\/preparation-dun-cocktail-au-bar-de-la-villa-berlioz-200x300.jpg 200w, https:\/\/www.villa-berlioz-hotel-lyon.com\/wp-content\/uploads\/preparation-dun-cocktail-au-bar-de-la-villa-berlioz-683x1024.jpg 683w, https:\/\/www.villa-berlioz-hotel-lyon.com\/wp-content\/uploads\/preparation-dun-cocktail-au-bar-de-la-villa-berlioz-768x1152.jpg 768w\" sizes=\"(max-width: 1000px) 100vw, 1000px\" \/>\t\t\t\t\t\t\t\t\t\t\t\t\t\t\t\t\t\t\t\t\t\t\t\t\t\t\t\t\t\t\t\t<div class=\"eae-grid-overlay fadeIn\">\n\t\t\t\t\t\t\t\t\t\t\t\t<div class=\"eae-grid-overlay-inner\">\n\t\t\t\t\t\t\t\t\t\t\t\t\t<div class=\"eae-icon-wrapper\">\n\t\t\t\t\t\t\t\t\t\t\t\t\t\t\t\t\t\t\t\t\t\t\t\t\t\t\t<\/div>\n\t\t\t\t\t\t\t\t\t\t\t\t\t\t\t\t\t\t\t\t\t\t\t\t\t<\/div>\n\t\t\t\t\t\t\t\t\t\t<\/div>\n\t\t\t\t\t\t\t\t\t\t\t\t\t\t\t\t\t\t\t<\/a>\n\t\t\t\t\t\t\t\t<\/div>\n\t\t\t\t\t\t\t<\/div>\n\t\t\t\t\t\t\t\t\t\t\t\t\t\t<div class=\"eae-gallery-item bar-et-salon\">\n\t\t\t\t\t\t\t\t<div class=\"eae-gallery-item-inner\">\n\t\t\t\t\t\t\t\t\t<a href=\"https:\/\/www.villa-berlioz-hotel-lyon.com\/wp-content\/uploads\/moment-de-detente-au-bar---hotel-villa-berlioz-lyon.jpg\" data-elementor-open-lightbox=\"yes\" data-elementor-lightbox-slideshow=\"eae-fg-gallery-60552\" data-elementor-lightbox-title=\"Moment de d\u00e9tente au bar \u2013 H\u00f4tel Villa Berlioz Lyon\" data-elementor-lightbox-description=\"Ambiance \u00e9l\u00e9gante et d\u00e9contract\u00e9e \u00e0 l\u2019H\u00f4tel Villa Berlioz, o\u00f9 les clients savourent un cocktail maison dans un d\u00e9cor raffin\u00e9.\" data-e-action-hash=\"#elementor-action%3Aaction%3Dlightbox%26settings%3DeyJpZCI6OTkzOCwidXJsIjoiaHR0cHM6XC9cL3d3dy52aWxsYS1iZXJsaW96LWhvdGVsLWx5b24uY29tXC93cC1jb250ZW50XC91cGxvYWRzXC9tb21lbnQtZGUtZGV0ZW50ZS1hdS1iYXItLS1ob3RlbC12aWxsYS1iZXJsaW96LWx5b24uanBnIn0%3D\">\n\t\t\t\t\t\t\t\t\t\t\t\t\t\t\t\t\t\t\t\t\t<img loading=\"lazy\" decoding=\"async\" width=\"1000\" height=\"1500\" src=\"https:\/\/www.villa-berlioz-hotel-lyon.com\/wp-content\/uploads\/moment-de-detente-au-bar---hotel-villa-berlioz-lyon.jpg\" class=\"attachment-full size-full\" alt=\"Cliente assise d\u00e9gustant un cocktail bleu au bar de l\u2019H\u00f4tel Villa Berlioz Lyon\" srcset=\"https:\/\/www.villa-berlioz-hotel-lyon.com\/wp-content\/uploads\/moment-de-detente-au-bar---hotel-villa-berlioz-lyon.jpg 1000w, https:\/\/www.villa-berlioz-hotel-lyon.com\/wp-content\/uploads\/moment-de-detente-au-bar---hotel-villa-berlioz-lyon-200x300.jpg 200w, https:\/\/www.villa-berlioz-hotel-lyon.com\/wp-content\/uploads\/moment-de-detente-au-bar---hotel-villa-berlioz-lyon-683x1024.jpg 683w, https:\/\/www.villa-berlioz-hotel-lyon.com\/wp-content\/uploads\/moment-de-detente-au-bar---hotel-villa-berlioz-lyon-768x1152.jpg 768w\" sizes=\"(max-width: 1000px) 100vw, 1000px\" \/>\t\t\t\t\t\t\t\t\t\t\t\t\t\t\t\t\t\t\t\t\t\t\t\t\t\t\t\t\t\t\t\t<div class=\"eae-grid-overlay fadeIn\">\n\t\t\t\t\t\t\t\t\t\t\t\t<div class=\"eae-grid-overlay-inner\">\n\t\t\t\t\t\t\t\t\t\t\t\t\t<div class=\"eae-icon-wrapper\">\n\t\t\t\t\t\t\t\t\t\t\t\t\t\t\t\t\t\t\t\t\t\t\t\t\t\t\t<\/div>\n\t\t\t\t\t\t\t\t\t\t\t\t\t\t\t\t\t\t\t\t\t\t\t\t\t<\/div>\n\t\t\t\t\t\t\t\t\t\t<\/div>\n\t\t\t\t\t\t\t\t\t\t\t\t\t\t\t\t\t\t\t<\/a>\n\t\t\t\t\t\t\t\t<\/div>\n\t\t\t\t\t\t\t<\/div>\n\t\t\t\t\t\t\t\t\t\t\t\t\t\t<div class=\"eae-gallery-item bar-et-salon\">\n\t\t\t\t\t\t\t\t<div class=\"eae-gallery-item-inner\">\n\t\t\t\t\t\t\t\t\t<a href=\"https:\/\/www.villa-berlioz-hotel-lyon.com\/wp-content\/uploads\/cocktail-signature-bleu---villa-berlioz-lyon.jpg\" data-elementor-open-lightbox=\"yes\" data-elementor-lightbox-slideshow=\"eae-fg-gallery-60552\" data-elementor-lightbox-title=\"Cocktail signature bleu \u2013 Villa Berlioz Lyon\" data-elementor-lightbox-description=\"Verre \u00e0 cocktail \u00e9l\u00e9gant avec boisson bleue et tranche de kiwi, servi dans le bar cosy de l\u2019H\u00f4tel Villa Berlioz \u00e0 Lyon.\" data-e-action-hash=\"#elementor-action%3Aaction%3Dlightbox%26settings%3DeyJpZCI6OTkwNCwidXJsIjoiaHR0cHM6XC9cL3d3dy52aWxsYS1iZXJsaW96LWhvdGVsLWx5b24uY29tXC93cC1jb250ZW50XC91cGxvYWRzXC9jb2NrdGFpbC1zaWduYXR1cmUtYmxldS0tLXZpbGxhLWJlcmxpb3otbHlvbi5qcGcifQ%3D%3D\">\n\t\t\t\t\t\t\t\t\t\t\t\t\t\t\t\t\t\t\t\t\t<img loading=\"lazy\" decoding=\"async\" width=\"1000\" height=\"1500\" src=\"https:\/\/www.villa-berlioz-hotel-lyon.com\/wp-content\/uploads\/cocktail-signature-bleu---villa-berlioz-lyon.jpg\" class=\"attachment-full size-full\" alt=\"Cocktail bleu au kiwi tenu \u00e0 la main \u2013 H\u00f4tel Villa Berlioz Lyon\" srcset=\"https:\/\/www.villa-berlioz-hotel-lyon.com\/wp-content\/uploads\/cocktail-signature-bleu---villa-berlioz-lyon.jpg 1000w, https:\/\/www.villa-berlioz-hotel-lyon.com\/wp-content\/uploads\/cocktail-signature-bleu---villa-berlioz-lyon-200x300.jpg 200w, https:\/\/www.villa-berlioz-hotel-lyon.com\/wp-content\/uploads\/cocktail-signature-bleu---villa-berlioz-lyon-683x1024.jpg 683w, https:\/\/www.villa-berlioz-hotel-lyon.com\/wp-content\/uploads\/cocktail-signature-bleu---villa-berlioz-lyon-768x1152.jpg 768w\" sizes=\"(max-width: 1000px) 100vw, 1000px\" \/>\t\t\t\t\t\t\t\t\t\t\t\t\t\t\t\t\t\t\t\t\t\t\t\t\t\t\t\t\t\t\t\t<div class=\"eae-grid-overlay fadeIn\">\n\t\t\t\t\t\t\t\t\t\t\t\t<div class=\"eae-grid-overlay-inner\">\n\t\t\t\t\t\t\t\t\t\t\t\t\t<div class=\"eae-icon-wrapper\">\n\t\t\t\t\t\t\t\t\t\t\t\t\t\t\t\t\t\t\t\t\t\t\t\t\t\t\t<\/div>\n\t\t\t\t\t\t\t\t\t\t\t\t\t\t\t\t\t\t\t\t\t\t\t\t\t<\/div>\n\t\t\t\t\t\t\t\t\t\t<\/div>\n\t\t\t\t\t\t\t\t\t\t\t\t\t\t\t\t\t\t\t<\/a>\n\t\t\t\t\t\t\t\t<\/div>\n\t\t\t\t\t\t\t<\/div>\n\t\t\t\t\t\t\t\t\t\t\t\t\t\t<div class=\"eae-gallery-item bar-et-salon\">\n\t\t\t\t\t\t\t\t<div class=\"eae-gallery-item-inner\">\n\t\t\t\t\t\t\t\t\t<a href=\"https:\/\/www.villa-berlioz-hotel-lyon.com\/wp-content\/uploads\/degustation-de-cocktail-au-bar---villa-berlioz.jpg\" data-elementor-open-lightbox=\"yes\" data-elementor-lightbox-slideshow=\"eae-fg-gallery-60552\" data-elementor-lightbox-title=\"D\u00e9gustation de cocktail au bar \u2013 Villa Berlioz\" data-elementor-lightbox-description=\"Moment de convivialit\u00e9 autour d\u2019un cocktail au bar \u00e9l\u00e9gant de l\u2019H\u00f4tel Villa Berlioz, \u00e0 Lyon.\" data-e-action-hash=\"#elementor-action%3Aaction%3Dlightbox%26settings%3DeyJpZCI6OTkwOCwidXJsIjoiaHR0cHM6XC9cL3d3dy52aWxsYS1iZXJsaW96LWhvdGVsLWx5b24uY29tXC93cC1jb250ZW50XC91cGxvYWRzXC9kZWd1c3RhdGlvbi1kZS1jb2NrdGFpbC1hdS1iYXItLS12aWxsYS1iZXJsaW96LmpwZyJ9\">\n\t\t\t\t\t\t\t\t\t\t\t\t\t\t\t\t\t\t\t\t\t<img loading=\"lazy\" decoding=\"async\" width=\"1000\" height=\"1500\" src=\"https:\/\/www.villa-berlioz-hotel-lyon.com\/wp-content\/uploads\/degustation-de-cocktail-au-bar---villa-berlioz.jpg\" class=\"attachment-full size-full\" alt=\"Cliente d\u00e9gustant un cocktail bleu au bar de l\u2019H\u00f4tel Villa Berlioz Lyon\" srcset=\"https:\/\/www.villa-berlioz-hotel-lyon.com\/wp-content\/uploads\/degustation-de-cocktail-au-bar---villa-berlioz.jpg 1000w, https:\/\/www.villa-berlioz-hotel-lyon.com\/wp-content\/uploads\/degustation-de-cocktail-au-bar---villa-berlioz-200x300.jpg 200w, https:\/\/www.villa-berlioz-hotel-lyon.com\/wp-content\/uploads\/degustation-de-cocktail-au-bar---villa-berlioz-683x1024.jpg 683w, https:\/\/www.villa-berlioz-hotel-lyon.com\/wp-content\/uploads\/degustation-de-cocktail-au-bar---villa-berlioz-768x1152.jpg 768w\" sizes=\"(max-width: 1000px) 100vw, 1000px\" \/>\t\t\t\t\t\t\t\t\t\t\t\t\t\t\t\t\t\t\t\t\t\t\t\t\t\t\t\t\t\t\t\t<div class=\"eae-grid-overlay fadeIn\">\n\t\t\t\t\t\t\t\t\t\t\t\t<div class=\"eae-grid-overlay-inner\">\n\t\t\t\t\t\t\t\t\t\t\t\t\t<div class=\"eae-icon-wrapper\">\n\t\t\t\t\t\t\t\t\t\t\t\t\t\t\t\t\t\t\t\t\t\t\t\t\t\t\t<\/div>\n\t\t\t\t\t\t\t\t\t\t\t\t\t\t\t\t\t\t\t\t\t\t\t\t\t<\/div>\n\t\t\t\t\t\t\t\t\t\t<\/div>\n\t\t\t\t\t\t\t\t\t\t\t\t\t\t\t\t\t\t\t<\/a>\n\t\t\t\t\t\t\t\t<\/div>\n\t\t\t\t\t\t\t<\/div>\n\t\t\t\t\t\t\t\t\t\t\t\t\t\t<div class=\"eae-gallery-item bar-et-salon\">\n\t\t\t\t\t\t\t\t<div class=\"eae-gallery-item-inner\">\n\t\t\t\t\t\t\t\t\t<a href=\"https:\/\/www.villa-berlioz-hotel-lyon.com\/wp-content\/uploads\/cocktail-frais-et-colore---hotel-villa-berlioz-lyon.jpg\" data-elementor-open-lightbox=\"yes\" data-elementor-lightbox-slideshow=\"eae-fg-gallery-60552\" data-elementor-lightbox-title=\"Cocktail frais et color\u00e9 \u2013 H\u00f4tel Villa Berlioz Lyon\" data-elementor-lightbox-description=\"Boisson fra\u00eeche et fruit\u00e9e servie au bar de l\u2019H\u00f4tel Villa Berlioz, id\u00e9ale pour un moment de d\u00e9tente \u00e0 Lyon.\" data-e-action-hash=\"#elementor-action%3Aaction%3Dlightbox%26settings%3DeyJpZCI6OTkwMiwidXJsIjoiaHR0cHM6XC9cL3d3dy52aWxsYS1iZXJsaW96LWhvdGVsLWx5b24uY29tXC93cC1jb250ZW50XC91cGxvYWRzXC9jb2NrdGFpbC1mcmFpcy1ldC1jb2xvcmUtLS1ob3RlbC12aWxsYS1iZXJsaW96LWx5b24uanBnIn0%3D\">\n\t\t\t\t\t\t\t\t\t\t\t\t\t\t\t\t\t\t\t\t\t<img loading=\"lazy\" decoding=\"async\" width=\"1000\" height=\"1500\" src=\"https:\/\/www.villa-berlioz-hotel-lyon.com\/wp-content\/uploads\/cocktail-frais-et-colore---hotel-villa-berlioz-lyon.jpg\" class=\"attachment-full size-full\" alt=\"Cocktail vitamin\u00e9 \u00e0 l\u2019orange au bar de l\u2019H\u00f4tel Villa Berlioz Lyon\" srcset=\"https:\/\/www.villa-berlioz-hotel-lyon.com\/wp-content\/uploads\/cocktail-frais-et-colore---hotel-villa-berlioz-lyon.jpg 1000w, https:\/\/www.villa-berlioz-hotel-lyon.com\/wp-content\/uploads\/cocktail-frais-et-colore---hotel-villa-berlioz-lyon-200x300.jpg 200w, https:\/\/www.villa-berlioz-hotel-lyon.com\/wp-content\/uploads\/cocktail-frais-et-colore---hotel-villa-berlioz-lyon-683x1024.jpg 683w, https:\/\/www.villa-berlioz-hotel-lyon.com\/wp-content\/uploads\/cocktail-frais-et-colore---hotel-villa-berlioz-lyon-768x1152.jpg 768w\" sizes=\"(max-width: 1000px) 100vw, 1000px\" \/>\t\t\t\t\t\t\t\t\t\t\t\t\t\t\t\t\t\t\t\t\t\t\t\t\t\t\t\t\t\t\t\t<div class=\"eae-grid-overlay fadeIn\">\n\t\t\t\t\t\t\t\t\t\t\t\t<div class=\"eae-grid-overlay-inner\">\n\t\t\t\t\t\t\t\t\t\t\t\t\t<div class=\"eae-icon-wrapper\">\n\t\t\t\t\t\t\t\t\t\t\t\t\t\t\t\t\t\t\t\t\t\t\t\t\t\t\t<\/div>\n\t\t\t\t\t\t\t\t\t\t\t\t\t\t\t\t\t\t\t\t\t\t\t\t\t<\/div>\n\t\t\t\t\t\t\t\t\t\t<\/div>\n\t\t\t\t\t\t\t\t\t\t\t\t\t\t\t\t\t\t\t<\/a>\n\t\t\t\t\t\t\t\t<\/div>\n\t\t\t\t\t\t\t<\/div>\n\t\t\t\t\t\t\t\t\t\t\t\t\t\t<div class=\"eae-gallery-item bar-et-salon\">\n\t\t\t\t\t\t\t\t<div class=\"eae-gallery-item-inner\">\n\t\t\t\t\t\t\t\t\t<a href=\"https:\/\/www.villa-berlioz-hotel-lyon.com\/wp-content\/uploads\/cocktails-maison-au-bar---hotel-villa-berlioz-lyon.jpg\" data-elementor-open-lightbox=\"yes\" data-elementor-lightbox-slideshow=\"eae-fg-gallery-60552\" data-elementor-lightbox-title=\"Cocktails maison au bar \u2013 H\u00f4tel Villa Berlioz Lyon\" data-elementor-lightbox-description=\"Cocktails rafra\u00eechissants et color\u00e9s, pr\u00e9par\u00e9s avec soin dans le bar de la Villa Berlioz \u00e0 Lyon.\" data-e-action-hash=\"#elementor-action%3Aaction%3Dlightbox%26settings%3DeyJpZCI6OTkwNiwidXJsIjoiaHR0cHM6XC9cL3d3dy52aWxsYS1iZXJsaW96LWhvdGVsLWx5b24uY29tXC93cC1jb250ZW50XC91cGxvYWRzXC9jb2NrdGFpbHMtbWFpc29uLWF1LWJhci0tLWhvdGVsLXZpbGxhLWJlcmxpb3otbHlvbi5qcGcifQ%3D%3D\">\n\t\t\t\t\t\t\t\t\t\t\t\t\t\t\t\t\t\t\t\t\t<img loading=\"lazy\" decoding=\"async\" width=\"1200\" height=\"800\" src=\"https:\/\/www.villa-berlioz-hotel-lyon.com\/wp-content\/uploads\/cocktails-maison-au-bar---hotel-villa-berlioz-lyon.jpg\" class=\"attachment-full size-full\" alt=\"Cocktails bleu et orange sur fond sombre \u2013 Bar de l\u2019H\u00f4tel Villa Berlioz Lyon\" srcset=\"https:\/\/www.villa-berlioz-hotel-lyon.com\/wp-content\/uploads\/cocktails-maison-au-bar---hotel-villa-berlioz-lyon.jpg 1200w, https:\/\/www.villa-berlioz-hotel-lyon.com\/wp-content\/uploads\/cocktails-maison-au-bar---hotel-villa-berlioz-lyon-300x200.jpg 300w, https:\/\/www.villa-berlioz-hotel-lyon.com\/wp-content\/uploads\/cocktails-maison-au-bar---hotel-villa-berlioz-lyon-1024x683.jpg 1024w, https:\/\/www.villa-berlioz-hotel-lyon.com\/wp-content\/uploads\/cocktails-maison-au-bar---hotel-villa-berlioz-lyon-768x512.jpg 768w\" sizes=\"(max-width: 1200px) 100vw, 1200px\" \/>\t\t\t\t\t\t\t\t\t\t\t\t\t\t\t\t\t\t\t\t\t\t\t\t\t\t\t\t\t\t\t\t<div class=\"eae-grid-overlay fadeIn\">\n\t\t\t\t\t\t\t\t\t\t\t\t<div class=\"eae-grid-overlay-inner\">\n\t\t\t\t\t\t\t\t\t\t\t\t\t<div class=\"eae-icon-wrapper\">\n\t\t\t\t\t\t\t\t\t\t\t\t\t\t\t\t\t\t\t\t\t\t\t\t\t\t\t<\/div>\n\t\t\t\t\t\t\t\t\t\t\t\t\t\t\t\t\t\t\t\t\t\t\t\t\t<\/div>\n\t\t\t\t\t\t\t\t\t\t<\/div>\n\t\t\t\t\t\t\t\t\t\t\t\t\t\t\t\t\t\t\t<\/a>\n\t\t\t\t\t\t\t\t<\/div>\n\t\t\t\t\t\t\t<\/div>\n\t\t\t\t\t\t\t\t\t\t\t\t\t\t<div class=\"eae-gallery-item bar-et-salon\">\n\t\t\t\t\t\t\t\t<div class=\"eae-gallery-item-inner\">\n\t\t\t\t\t\t\t\t\t<a href=\"https:\/\/www.villa-berlioz-hotel-lyon.com\/wp-content\/uploads\/2024\/07\/hectors-bar-lyon.jpg\" data-elementor-open-lightbox=\"yes\" data-elementor-lightbox-slideshow=\"eae-fg-gallery-60552\" data-elementor-lightbox-title=\"hectors-bar-lyon\" data-elementor-lightbox-description=\"Cocktails rafra\u00eechissants et color\u00e9s, pr\u00e9par\u00e9s avec soin dans le bar de la Villa Berlioz \u00e0 Lyon.\" data-e-action-hash=\"#elementor-action%3Aaction%3Dlightbox%26settings%3DeyJpZCI6ODk4NiwidXJsIjoiaHR0cHM6XC9cL3d3dy52aWxsYS1iZXJsaW96LWhvdGVsLWx5b24uY29tXC93cC1jb250ZW50XC91cGxvYWRzXC8yMDI0XC8wN1wvaGVjdG9ycy1iYXItbHlvbi5qcGcifQ%3D%3D\">\n\t\t\t\t\t\t\t\t\t\t\t\t\t\t\t\t\t\t\t\t\t<img loading=\"lazy\" decoding=\"async\" width=\"1200\" height=\"900\" src=\"https:\/\/www.villa-berlioz-hotel-lyon.com\/wp-content\/uploads\/2024\/07\/hectors-bar-lyon.jpg\" class=\"attachment-full size-full\" alt=\"\" srcset=\"https:\/\/www.villa-berlioz-hotel-lyon.com\/wp-content\/uploads\/2024\/07\/hectors-bar-lyon.jpg 1200w, https:\/\/www.villa-berlioz-hotel-lyon.com\/wp-content\/uploads\/2024\/07\/hectors-bar-lyon-300x225.jpg 300w, https:\/\/www.villa-berlioz-hotel-lyon.com\/wp-content\/uploads\/2024\/07\/hectors-bar-lyon-1024x768.jpg 1024w, https:\/\/www.villa-berlioz-hotel-lyon.com\/wp-content\/uploads\/2024\/07\/hectors-bar-lyon-768x576.jpg 768w\" sizes=\"(max-width: 1200px) 100vw, 1200px\" \/>\t\t\t\t\t\t\t\t\t\t\t\t\t\t\t\t\t\t\t\t\t\t\t\t\t\t\t\t\t\t\t\t<div class=\"eae-grid-overlay fadeIn\">\n\t\t\t\t\t\t\t\t\t\t\t\t<div class=\"eae-grid-overlay-inner\">\n\t\t\t\t\t\t\t\t\t\t\t\t\t<div class=\"eae-icon-wrapper\">\n\t\t\t\t\t\t\t\t\t\t\t\t\t\t\t\t\t\t\t\t\t\t\t\t\t\t\t<\/div>\n\t\t\t\t\t\t\t\t\t\t\t\t\t\t\t\t\t\t\t\t\t\t\t\t\t<\/div>\n\t\t\t\t\t\t\t\t\t\t<\/div>\n\t\t\t\t\t\t\t\t\t\t\t\t\t\t\t\t\t\t\t<\/a>\n\t\t\t\t\t\t\t\t<\/div>\n\t\t\t\t\t\t\t<\/div>\n\t\t\t\t\t\t\t\t\t\t\t\t\t\t<div class=\"eae-gallery-item bar-et-salon\">\n\t\t\t\t\t\t\t\t<div class=\"eae-gallery-item-inner\">\n\t\t\t\t\t\t\t\t\t<a href=\"https:\/\/www.villa-berlioz-hotel-lyon.com\/wp-content\/uploads\/2024\/07\/cocktails-lyon-hectors-bar.jpg\" data-elementor-open-lightbox=\"yes\" data-elementor-lightbox-slideshow=\"eae-fg-gallery-60552\" data-elementor-lightbox-title=\"cocktails-lyon-hectors-bar\" data-elementor-lightbox-description=\"Cocktails rafra\u00eechissants et color\u00e9s, pr\u00e9par\u00e9s avec soin dans le bar de la Villa Berlioz \u00e0 Lyon.\" data-e-action-hash=\"#elementor-action%3Aaction%3Dlightbox%26settings%3DeyJpZCI6ODk4NCwidXJsIjoiaHR0cHM6XC9cL3d3dy52aWxsYS1iZXJsaW96LWhvdGVsLWx5b24uY29tXC93cC1jb250ZW50XC91cGxvYWRzXC8yMDI0XC8wN1wvY29ja3RhaWxzLWx5b24taGVjdG9ycy1iYXIuanBnIn0%3D\">\n\t\t\t\t\t\t\t\t\t\t\t\t\t\t\t\t\t\t\t\t\t<img loading=\"lazy\" decoding=\"async\" width=\"800\" height=\"1067\" src=\"https:\/\/www.villa-berlioz-hotel-lyon.com\/wp-content\/uploads\/2024\/07\/cocktails-lyon-hectors-bar.jpg\" class=\"attachment-full size-full\" alt=\"\" srcset=\"https:\/\/www.villa-berlioz-hotel-lyon.com\/wp-content\/uploads\/2024\/07\/cocktails-lyon-hectors-bar.jpg 800w, https:\/\/www.villa-berlioz-hotel-lyon.com\/wp-content\/uploads\/2024\/07\/cocktails-lyon-hectors-bar-225x300.jpg 225w, https:\/\/www.villa-berlioz-hotel-lyon.com\/wp-content\/uploads\/2024\/07\/cocktails-lyon-hectors-bar-768x1024.jpg 768w\" sizes=\"(max-width: 800px) 100vw, 800px\" \/>\t\t\t\t\t\t\t\t\t\t\t\t\t\t\t\t\t\t\t\t\t\t\t\t\t\t\t\t\t\t\t\t<div class=\"eae-grid-overlay fadeIn\">\n\t\t\t\t\t\t\t\t\t\t\t\t<div class=\"eae-grid-overlay-inner\">\n\t\t\t\t\t\t\t\t\t\t\t\t\t<div class=\"eae-icon-wrapper\">\n\t\t\t\t\t\t\t\t\t\t\t\t\t\t\t\t\t\t\t\t\t\t\t\t\t\t\t<\/div>\n\t\t\t\t\t\t\t\t\t\t\t\t\t\t\t\t\t\t\t\t\t\t\t\t\t<\/div>\n\t\t\t\t\t\t\t\t\t\t<\/div>\n\t\t\t\t\t\t\t\t\t\t\t\t\t\t\t\t\t\t\t<\/a>\n\t\t\t\t\t\t\t\t<\/div>\n\t\t\t\t\t\t\t<\/div>\n\t\t\t\t\t\t\t\t\t\t\t\t\t\t<div class=\"eae-gallery-item bar-et-salon\">\n\t\t\t\t\t\t\t\t<div class=\"eae-gallery-item-inner\">\n\t\t\t\t\t\t\t\t\t<a href=\"https:\/\/www.villa-berlioz-hotel-lyon.com\/wp-content\/uploads\/2024\/07\/bar-villa-berlioz-2.jpg\" data-elementor-open-lightbox=\"yes\" data-elementor-lightbox-slideshow=\"eae-fg-gallery-60552\" data-elementor-lightbox-title=\"bar-villa-berlioz-2\" data-elementor-lightbox-description=\"Cocktails rafra\u00eechissants et color\u00e9s, pr\u00e9par\u00e9s avec soin dans le bar de la Villa Berlioz \u00e0 Lyon.\" data-e-action-hash=\"#elementor-action%3Aaction%3Dlightbox%26settings%3DeyJpZCI6ODk3OCwidXJsIjoiaHR0cHM6XC9cL3d3dy52aWxsYS1iZXJsaW96LWhvdGVsLWx5b24uY29tXC93cC1jb250ZW50XC91cGxvYWRzXC8yMDI0XC8wN1wvYmFyLXZpbGxhLWJlcmxpb3otMi5qcGcifQ%3D%3D\">\n\t\t\t\t\t\t\t\t\t\t\t\t\t\t\t\t\t\t\t\t\t<img loading=\"lazy\" decoding=\"async\" width=\"800\" height=\"1066\" src=\"https:\/\/www.villa-berlioz-hotel-lyon.com\/wp-content\/uploads\/2024\/07\/bar-villa-berlioz-2.jpg\" class=\"attachment-full size-full\" alt=\"\" srcset=\"https:\/\/www.villa-berlioz-hotel-lyon.com\/wp-content\/uploads\/2024\/07\/bar-villa-berlioz-2.jpg 800w, https:\/\/www.villa-berlioz-hotel-lyon.com\/wp-content\/uploads\/2024\/07\/bar-villa-berlioz-2-225x300.jpg 225w, https:\/\/www.villa-berlioz-hotel-lyon.com\/wp-content\/uploads\/2024\/07\/bar-villa-berlioz-2-768x1023.jpg 768w\" sizes=\"(max-width: 800px) 100vw, 800px\" \/>\t\t\t\t\t\t\t\t\t\t\t\t\t\t\t\t\t\t\t\t\t\t\t\t\t\t\t\t\t\t\t\t<div class=\"eae-grid-overlay fadeIn\">\n\t\t\t\t\t\t\t\t\t\t\t\t<div class=\"eae-grid-overlay-inner\">\n\t\t\t\t\t\t\t\t\t\t\t\t\t<div class=\"eae-icon-wrapper\">\n\t\t\t\t\t\t\t\t\t\t\t\t\t\t\t\t\t\t\t\t\t\t\t\t\t\t\t<\/div>\n\t\t\t\t\t\t\t\t\t\t\t\t\t\t\t\t\t\t\t\t\t\t\t\t\t<\/div>\n\t\t\t\t\t\t\t\t\t\t<\/div>\n\t\t\t\t\t\t\t\t\t\t\t\t\t\t\t\t\t\t\t<\/a>\n\t\t\t\t\t\t\t\t<\/div>\n\t\t\t\t\t\t\t<\/div>\n\t\t\t\t\t\t\t\t\t\t\t\t\t\t<div class=\"eae-gallery-item bar-et-salon\">\n\t\t\t\t\t\t\t\t<div class=\"eae-gallery-item-inner\">\n\t\t\t\t\t\t\t\t\t<a href=\"https:\/\/www.villa-berlioz-hotel-lyon.com\/wp-content\/uploads\/2024\/07\/bar-lyon-centre-2.jpg\" data-elementor-open-lightbox=\"yes\" data-elementor-lightbox-slideshow=\"eae-fg-gallery-60552\" data-elementor-lightbox-title=\"bar-lyon-centre-2\" data-elementor-lightbox-description=\"Cocktails rafra\u00eechissants et color\u00e9s, pr\u00e9par\u00e9s avec soin dans le bar de la Villa Berlioz \u00e0 Lyon.\" data-e-action-hash=\"#elementor-action%3Aaction%3Dlightbox%26settings%3DeyJpZCI6ODk3NCwidXJsIjoiaHR0cHM6XC9cL3d3dy52aWxsYS1iZXJsaW96LWhvdGVsLWx5b24uY29tXC93cC1jb250ZW50XC91cGxvYWRzXC8yMDI0XC8wN1wvYmFyLWx5b24tY2VudHJlLTIuanBnIn0%3D\">\n\t\t\t\t\t\t\t\t\t\t\t\t\t\t\t\t\t\t\t\t\t<img loading=\"lazy\" decoding=\"async\" width=\"800\" height=\"1170\" src=\"https:\/\/www.villa-berlioz-hotel-lyon.com\/wp-content\/uploads\/2024\/07\/bar-lyon-centre-2.jpg\" class=\"attachment-full size-full\" alt=\"\" srcset=\"https:\/\/www.villa-berlioz-hotel-lyon.com\/wp-content\/uploads\/2024\/07\/bar-lyon-centre-2.jpg 800w, https:\/\/www.villa-berlioz-hotel-lyon.com\/wp-content\/uploads\/2024\/07\/bar-lyon-centre-2-205x300.jpg 205w, https:\/\/www.villa-berlioz-hotel-lyon.com\/wp-content\/uploads\/2024\/07\/bar-lyon-centre-2-700x1024.jpg 700w, https:\/\/www.villa-berlioz-hotel-lyon.com\/wp-content\/uploads\/2024\/07\/bar-lyon-centre-2-768x1123.jpg 768w\" sizes=\"(max-width: 800px) 100vw, 800px\" \/>\t\t\t\t\t\t\t\t\t\t\t\t\t\t\t\t\t\t\t\t\t\t\t\t\t\t\t\t\t\t\t\t<div class=\"eae-grid-overlay fadeIn\">\n\t\t\t\t\t\t\t\t\t\t\t\t<div class=\"eae-grid-overlay-inner\">\n\t\t\t\t\t\t\t\t\t\t\t\t\t<div class=\"eae-icon-wrapper\">\n\t\t\t\t\t\t\t\t\t\t\t\t\t\t\t\t\t\t\t\t\t\t\t\t\t\t\t<\/div>\n\t\t\t\t\t\t\t\t\t\t\t\t\t\t\t\t\t\t\t\t\t\t\t\t\t<\/div>\n\t\t\t\t\t\t\t\t\t\t<\/div>\n\t\t\t\t\t\t\t\t\t\t\t\t\t\t\t\t\t\t\t<\/a>\n\t\t\t\t\t\t\t\t<\/div>\n\t\t\t\t\t\t\t<\/div>\n\t\t\t\t\t\t\t\t\t\t\t\t\t\t<div class=\"eae-gallery-item bar-et-salon\">\n\t\t\t\t\t\t\t\t<div class=\"eae-gallery-item-inner\">\n\t\t\t\t\t\t\t\t\t<a href=\"https:\/\/www.villa-berlioz-hotel-lyon.com\/wp-content\/uploads\/detail-du-cocktail-bleu-au-bar-hotel-villa-berlioz-lyon.jpg\" data-elementor-open-lightbox=\"yes\" data-elementor-lightbox-slideshow=\"eae-fg-gallery-60552\" data-elementor-lightbox-title=\"D\u00e9tail du cocktail bleu au bar-H\u00f4tel villa berlioz lyon\" data-elementor-lightbox-description=\"Gros plan sur un cocktail bleu lumineux au kiwi, symbole de l\u2019ambiance raffin\u00e9e du bar de la Villa Berlioz.\" data-e-action-hash=\"#elementor-action%3Aaction%3Dlightbox%26settings%3DeyJpZCI6OTkxMiwidXJsIjoiaHR0cHM6XC9cL3d3dy52aWxsYS1iZXJsaW96LWhvdGVsLWx5b24uY29tXC93cC1jb250ZW50XC91cGxvYWRzXC9kZXRhaWwtZHUtY29ja3RhaWwtYmxldS1hdS1iYXItaG90ZWwtdmlsbGEtYmVybGlvei1seW9uLmpwZyJ9\">\n\t\t\t\t\t\t\t\t\t\t\t\t\t\t\t\t\t\t\t\t\t<img loading=\"lazy\" decoding=\"async\" width=\"1000\" height=\"1500\" src=\"https:\/\/www.villa-berlioz-hotel-lyon.com\/wp-content\/uploads\/detail-du-cocktail-bleu-au-bar-hotel-villa-berlioz-lyon.jpg\" class=\"attachment-full size-full\" alt=\"D\u00e9tail du cocktail bleu au kiwi \u2013 Bar de l\u2019H\u00f4tel Villa Berlioz Lyon\" srcset=\"https:\/\/www.villa-berlioz-hotel-lyon.com\/wp-content\/uploads\/detail-du-cocktail-bleu-au-bar-hotel-villa-berlioz-lyon.jpg 1000w, https:\/\/www.villa-berlioz-hotel-lyon.com\/wp-content\/uploads\/detail-du-cocktail-bleu-au-bar-hotel-villa-berlioz-lyon-200x300.jpg 200w, https:\/\/www.villa-berlioz-hotel-lyon.com\/wp-content\/uploads\/detail-du-cocktail-bleu-au-bar-hotel-villa-berlioz-lyon-683x1024.jpg 683w, https:\/\/www.villa-berlioz-hotel-lyon.com\/wp-content\/uploads\/detail-du-cocktail-bleu-au-bar-hotel-villa-berlioz-lyon-768x1152.jpg 768w\" sizes=\"(max-width: 1000px) 100vw, 1000px\" \/>\t\t\t\t\t\t\t\t\t\t\t\t\t\t\t\t\t\t\t\t\t\t\t\t\t\t\t\t\t\t\t\t<div class=\"eae-grid-overlay fadeIn\">\n\t\t\t\t\t\t\t\t\t\t\t\t<div class=\"eae-grid-overlay-inner\">\n\t\t\t\t\t\t\t\t\t\t\t\t\t<div class=\"eae-icon-wrapper\">\n\t\t\t\t\t\t\t\t\t\t\t\t\t\t\t\t\t\t\t\t\t\t\t\t\t\t\t<\/div>\n\t\t\t\t\t\t\t\t\t\t\t\t\t\t\t\t\t\t\t\t\t\t\t\t\t<\/div>\n\t\t\t\t\t\t\t\t\t\t<\/div>\n\t\t\t\t\t\t\t\t\t\t\t\t\t\t\t\t\t\t\t<\/a>\n\t\t\t\t\t\t\t\t<\/div>\n\t\t\t\t\t\t\t<\/div>\n\t\t\t\t\t\t\t\t\t\t\t\t\t\t<div class=\"eae-gallery-item bar-et-salon\">\n\t\t\t\t\t\t\t\t<div class=\"eae-gallery-item-inner\">\n\t\t\t\t\t\t\t\t\t<a href=\"https:\/\/www.villa-berlioz-hotel-lyon.com\/wp-content\/uploads\/2024\/07\/cocktails-lyon-centre.jpg\" data-elementor-open-lightbox=\"yes\" data-elementor-lightbox-slideshow=\"eae-fg-gallery-60552\" data-elementor-lightbox-title=\"cocktails-lyon-centre\" data-elementor-lightbox-description=\"Gros plan sur un cocktail bleu lumineux au kiwi, symbole de l\u2019ambiance raffin\u00e9e du bar de la Villa Berlioz.\" data-e-action-hash=\"#elementor-action%3Aaction%3Dlightbox%26settings%3DeyJpZCI6ODk4MCwidXJsIjoiaHR0cHM6XC9cL3d3dy52aWxsYS1iZXJsaW96LWhvdGVsLWx5b24uY29tXC93cC1jb250ZW50XC91cGxvYWRzXC8yMDI0XC8wN1wvY29ja3RhaWxzLWx5b24tY2VudHJlLmpwZyJ9\">\n\t\t\t\t\t\t\t\t\t\t\t\t\t\t\t\t\t\t\t\t\t<img loading=\"lazy\" decoding=\"async\" width=\"800\" height=\"1067\" src=\"https:\/\/www.villa-berlioz-hotel-lyon.com\/wp-content\/uploads\/2024\/07\/cocktails-lyon-centre.jpg\" class=\"attachment-full size-full\" alt=\"\" srcset=\"https:\/\/www.villa-berlioz-hotel-lyon.com\/wp-content\/uploads\/2024\/07\/cocktails-lyon-centre.jpg 800w, https:\/\/www.villa-berlioz-hotel-lyon.com\/wp-content\/uploads\/2024\/07\/cocktails-lyon-centre-225x300.jpg 225w, https:\/\/www.villa-berlioz-hotel-lyon.com\/wp-content\/uploads\/2024\/07\/cocktails-lyon-centre-768x1024.jpg 768w\" sizes=\"(max-width: 800px) 100vw, 800px\" \/>\t\t\t\t\t\t\t\t\t\t\t\t\t\t\t\t\t\t\t\t\t\t\t\t\t\t\t\t\t\t\t\t<div class=\"eae-grid-overlay fadeIn\">\n\t\t\t\t\t\t\t\t\t\t\t\t<div class=\"eae-grid-overlay-inner\">\n\t\t\t\t\t\t\t\t\t\t\t\t\t<div class=\"eae-icon-wrapper\">\n\t\t\t\t\t\t\t\t\t\t\t\t\t\t\t\t\t\t\t\t\t\t\t\t\t\t\t<\/div>\n\t\t\t\t\t\t\t\t\t\t\t\t\t\t\t\t\t\t\t\t\t\t\t\t\t<\/div>\n\t\t\t\t\t\t\t\t\t\t<\/div>\n\t\t\t\t\t\t\t\t\t\t\t\t\t\t\t\t\t\t\t<\/a>\n\t\t\t\t\t\t\t\t<\/div>\n\t\t\t\t\t\t\t<\/div>\n\t\t\t\t\t\t\t\t\t\t\t\t\t\t<div class=\"eae-gallery-item bar-et-salon\">\n\t\t\t\t\t\t\t\t<div class=\"eae-gallery-item-inner\">\n\t\t\t\t\t\t\t\t\t<a href=\"https:\/\/www.villa-berlioz-hotel-lyon.com\/wp-content\/uploads\/2024\/07\/bar-villa-berlioz-1.jpg\" data-elementor-open-lightbox=\"yes\" data-elementor-lightbox-slideshow=\"eae-fg-gallery-60552\" data-elementor-lightbox-title=\"bar-villa-berlioz-1\" data-elementor-lightbox-description=\"Gros plan sur un cocktail bleu lumineux au kiwi, symbole de l\u2019ambiance raffin\u00e9e du bar de la Villa Berlioz.\" data-e-action-hash=\"#elementor-action%3Aaction%3Dlightbox%26settings%3DeyJpZCI6ODk3NiwidXJsIjoiaHR0cHM6XC9cL3d3dy52aWxsYS1iZXJsaW96LWhvdGVsLWx5b24uY29tXC93cC1jb250ZW50XC91cGxvYWRzXC8yMDI0XC8wN1wvYmFyLXZpbGxhLWJlcmxpb3otMS5qcGcifQ%3D%3D\">\n\t\t\t\t\t\t\t\t\t\t\t\t\t\t\t\t\t\t\t\t\t<img loading=\"lazy\" decoding=\"async\" width=\"800\" height=\"1029\" src=\"https:\/\/www.villa-berlioz-hotel-lyon.com\/wp-content\/uploads\/2024\/07\/bar-villa-berlioz-1.jpg\" class=\"attachment-full size-full\" alt=\"\" srcset=\"https:\/\/www.villa-berlioz-hotel-lyon.com\/wp-content\/uploads\/2024\/07\/bar-villa-berlioz-1.jpg 800w, https:\/\/www.villa-berlioz-hotel-lyon.com\/wp-content\/uploads\/2024\/07\/bar-villa-berlioz-1-233x300.jpg 233w, https:\/\/www.villa-berlioz-hotel-lyon.com\/wp-content\/uploads\/2024\/07\/bar-villa-berlioz-1-796x1024.jpg 796w, https:\/\/www.villa-berlioz-hotel-lyon.com\/wp-content\/uploads\/2024\/07\/bar-villa-berlioz-1-768x988.jpg 768w\" sizes=\"(max-width: 800px) 100vw, 800px\" \/>\t\t\t\t\t\t\t\t\t\t\t\t\t\t\t\t\t\t\t\t\t\t\t\t\t\t\t\t\t\t\t\t<div class=\"eae-grid-overlay fadeIn\">\n\t\t\t\t\t\t\t\t\t\t\t\t<div class=\"eae-grid-overlay-inner\">\n\t\t\t\t\t\t\t\t\t\t\t\t\t<div class=\"eae-icon-wrapper\">\n\t\t\t\t\t\t\t\t\t\t\t\t\t\t\t\t\t\t\t\t\t\t\t\t\t\t\t<\/div>\n\t\t\t\t\t\t\t\t\t\t\t\t\t\t\t\t\t\t\t\t\t\t\t\t\t<\/div>\n\t\t\t\t\t\t\t\t\t\t<\/div>\n\t\t\t\t\t\t\t\t\t\t\t\t\t\t\t\t\t\t\t<\/a>\n\t\t\t\t\t\t\t\t<\/div>\n\t\t\t\t\t\t\t<\/div>\n\t\t\t\t\t\t\t\t\t\t\t\t\t\t<div class=\"eae-gallery-item bar-et-salon\">\n\t\t\t\t\t\t\t\t<div class=\"eae-gallery-item-inner\">\n\t\t\t\t\t\t\t\t\t<a href=\"https:\/\/www.villa-berlioz-hotel-lyon.com\/wp-content\/uploads\/2022\/07\/villa-berlioz-2.jpg\" data-elementor-open-lightbox=\"yes\" data-elementor-lightbox-slideshow=\"eae-fg-gallery-60552\" data-elementor-lightbox-title=\"lobby-hotel-villa-berlioz-lyon\" data-elementor-lightbox-description=\"Gros plan sur un cocktail bleu lumineux au kiwi, symbole de l\u2019ambiance raffin\u00e9e du bar de la Villa Berlioz.\" data-e-action-hash=\"#elementor-action%3Aaction%3Dlightbox%26settings%3DeyJpZCI6NzY1MiwidXJsIjoiaHR0cHM6XC9cL3d3dy52aWxsYS1iZXJsaW96LWhvdGVsLWx5b24uY29tXC93cC1jb250ZW50XC91cGxvYWRzXC8yMDIyXC8wN1wvdmlsbGEtYmVybGlvei0yLmpwZyJ9\">\n\t\t\t\t\t\t\t\t\t\t\t\t\t\t\t\t\t\t\t\t\t<img loading=\"lazy\" decoding=\"async\" width=\"883\" height=\"1325\" src=\"https:\/\/www.villa-berlioz-hotel-lyon.com\/wp-content\/uploads\/2022\/07\/villa-berlioz-2.jpg\" class=\"attachment-full size-full\" alt=\"lobby h\u00f4tel villa berlioz lyon\" srcset=\"https:\/\/www.villa-berlioz-hotel-lyon.com\/wp-content\/uploads\/2022\/07\/villa-berlioz-2.jpg 883w, https:\/\/www.villa-berlioz-hotel-lyon.com\/wp-content\/uploads\/2022\/07\/villa-berlioz-2-200x300.jpg 200w, https:\/\/www.villa-berlioz-hotel-lyon.com\/wp-content\/uploads\/2022\/07\/villa-berlioz-2-682x1024.jpg 682w, https:\/\/www.villa-berlioz-hotel-lyon.com\/wp-content\/uploads\/2022\/07\/villa-berlioz-2-768x1152.jpg 768w\" sizes=\"(max-width: 883px) 100vw, 883px\" \/>\t\t\t\t\t\t\t\t\t\t\t\t\t\t\t\t\t\t\t\t\t\t\t\t\t\t\t\t\t\t\t\t<div class=\"eae-grid-overlay fadeIn\">\n\t\t\t\t\t\t\t\t\t\t\t\t<div class=\"eae-grid-overlay-inner\">\n\t\t\t\t\t\t\t\t\t\t\t\t\t<div class=\"eae-icon-wrapper\">\n\t\t\t\t\t\t\t\t\t\t\t\t\t\t\t\t\t\t\t\t\t\t\t\t\t\t\t<\/div>\n\t\t\t\t\t\t\t\t\t\t\t\t\t\t\t\t\t\t\t\t\t\t\t\t\t<\/div>\n\t\t\t\t\t\t\t\t\t\t<\/div>\n\t\t\t\t\t\t\t\t\t\t\t\t\t\t\t\t\t\t\t<\/a>\n\t\t\t\t\t\t\t\t<\/div>\n\t\t\t\t\t\t\t<\/div>\n\t\t\t\t\t\t\t\t\t\t\t\t\t\t<div class=\"eae-gallery-item bar-et-salon\">\n\t\t\t\t\t\t\t\t<div class=\"eae-gallery-item-inner\">\n\t\t\t\t\t\t\t\t\t<a href=\"https:\/\/www.villa-berlioz-hotel-lyon.com\/wp-content\/uploads\/2024\/07\/hectors-bar-lyon-centre.jpg\" data-elementor-open-lightbox=\"yes\" data-elementor-lightbox-slideshow=\"eae-fg-gallery-60552\" data-elementor-lightbox-title=\"hectors-bar-lyon-centre\" data-elementor-lightbox-description=\"Gros plan sur un cocktail bleu lumineux au kiwi, symbole de l\u2019ambiance raffin\u00e9e du bar de la Villa Berlioz.\" data-e-action-hash=\"#elementor-action%3Aaction%3Dlightbox%26settings%3DeyJpZCI6ODk4OCwidXJsIjoiaHR0cHM6XC9cL3d3dy52aWxsYS1iZXJsaW96LWhvdGVsLWx5b24uY29tXC93cC1jb250ZW50XC91cGxvYWRzXC8yMDI0XC8wN1wvaGVjdG9ycy1iYXItbHlvbi1jZW50cmUuanBnIn0%3D\">\n\t\t\t\t\t\t\t\t\t\t\t\t\t\t\t\t\t\t\t\t\t<img loading=\"lazy\" decoding=\"async\" width=\"1200\" height=\"900\" src=\"https:\/\/www.villa-berlioz-hotel-lyon.com\/wp-content\/uploads\/2024\/07\/hectors-bar-lyon-centre.jpg\" class=\"attachment-full size-full\" alt=\"\" srcset=\"https:\/\/www.villa-berlioz-hotel-lyon.com\/wp-content\/uploads\/2024\/07\/hectors-bar-lyon-centre.jpg 1200w, https:\/\/www.villa-berlioz-hotel-lyon.com\/wp-content\/uploads\/2024\/07\/hectors-bar-lyon-centre-300x225.jpg 300w, https:\/\/www.villa-berlioz-hotel-lyon.com\/wp-content\/uploads\/2024\/07\/hectors-bar-lyon-centre-1024x768.jpg 1024w, https:\/\/www.villa-berlioz-hotel-lyon.com\/wp-content\/uploads\/2024\/07\/hectors-bar-lyon-centre-768x576.jpg 768w\" sizes=\"(max-width: 1200px) 100vw, 1200px\" \/>\t\t\t\t\t\t\t\t\t\t\t\t\t\t\t\t\t\t\t\t\t\t\t\t\t\t\t\t\t\t\t\t<div class=\"eae-grid-overlay fadeIn\">\n\t\t\t\t\t\t\t\t\t\t\t\t<div class=\"eae-grid-overlay-inner\">\n\t\t\t\t\t\t\t\t\t\t\t\t\t<div class=\"eae-icon-wrapper\">\n\t\t\t\t\t\t\t\t\t\t\t\t\t\t\t\t\t\t\t\t\t\t\t\t\t\t\t<\/div>\n\t\t\t\t\t\t\t\t\t\t\t\t\t\t\t\t\t\t\t\t\t\t\t\t\t<\/div>\n\t\t\t\t\t\t\t\t\t\t<\/div>\n\t\t\t\t\t\t\t\t\t\t\t\t\t\t\t\t\t\t\t<\/a>\n\t\t\t\t\t\t\t\t<\/div>\n\t\t\t\t\t\t\t<\/div>\n\t\t\t\t\t\t\t\t\t\t\t\t\t\t<div class=\"eae-gallery-item bar-et-salon\">\n\t\t\t\t\t\t\t\t<div class=\"eae-gallery-item-inner\">\n\t\t\t\t\t\t\t\t\t<a href=\"https:\/\/www.villa-berlioz-hotel-lyon.com\/wp-content\/uploads\/2022\/07\/villa-berlioz-5.jpg\" data-elementor-open-lightbox=\"yes\" data-elementor-lightbox-slideshow=\"eae-fg-gallery-60552\" data-elementor-lightbox-title=\"lobby-villa-berlioz-lyon\" data-elementor-lightbox-description=\"Gros plan sur un cocktail bleu lumineux au kiwi, symbole de l\u2019ambiance raffin\u00e9e du bar de la Villa Berlioz.\" data-e-action-hash=\"#elementor-action%3Aaction%3Dlightbox%26settings%3DeyJpZCI6NzY1OCwidXJsIjoiaHR0cHM6XC9cL3d3dy52aWxsYS1iZXJsaW96LWhvdGVsLWx5b24uY29tXC93cC1jb250ZW50XC91cGxvYWRzXC8yMDIyXC8wN1wvdmlsbGEtYmVybGlvei01LmpwZyJ9\">\n\t\t\t\t\t\t\t\t\t\t\t\t\t\t\t\t\t\t\t\t\t<img loading=\"lazy\" decoding=\"async\" width=\"883\" height=\"1325\" src=\"https:\/\/www.villa-berlioz-hotel-lyon.com\/wp-content\/uploads\/2022\/07\/villa-berlioz-5.jpg\" class=\"attachment-full size-full\" alt=\"lobby h\u00f4tel 3 \u00e9toiles lyon\" srcset=\"https:\/\/www.villa-berlioz-hotel-lyon.com\/wp-content\/uploads\/2022\/07\/villa-berlioz-5.jpg 883w, https:\/\/www.villa-berlioz-hotel-lyon.com\/wp-content\/uploads\/2022\/07\/villa-berlioz-5-200x300.jpg 200w, https:\/\/www.villa-berlioz-hotel-lyon.com\/wp-content\/uploads\/2022\/07\/villa-berlioz-5-682x1024.jpg 682w, https:\/\/www.villa-berlioz-hotel-lyon.com\/wp-content\/uploads\/2022\/07\/villa-berlioz-5-768x1152.jpg 768w\" sizes=\"(max-width: 883px) 100vw, 883px\" \/>\t\t\t\t\t\t\t\t\t\t\t\t\t\t\t\t\t\t\t\t\t\t\t\t\t\t\t\t\t\t\t\t<div class=\"eae-grid-overlay fadeIn\">\n\t\t\t\t\t\t\t\t\t\t\t\t<div class=\"eae-grid-overlay-inner\">\n\t\t\t\t\t\t\t\t\t\t\t\t\t<div class=\"eae-icon-wrapper\">\n\t\t\t\t\t\t\t\t\t\t\t\t\t\t\t\t\t\t\t\t\t\t\t\t\t\t\t<\/div>\n\t\t\t\t\t\t\t\t\t\t\t\t\t\t\t\t\t\t\t\t\t\t\t\t\t<\/div>\n\t\t\t\t\t\t\t\t\t\t<\/div>\n\t\t\t\t\t\t\t\t\t\t\t\t\t\t\t\t\t\t\t<\/a>\n\t\t\t\t\t\t\t\t<\/div>\n\t\t\t\t\t\t\t<\/div>\n\t\t\t\t\t\t\t\t\t\t\t\t\t\t<div class=\"eae-gallery-item bar-et-salon\">\n\t\t\t\t\t\t\t\t<div class=\"eae-gallery-item-inner\">\n\t\t\t\t\t\t\t\t\t<a href=\"https:\/\/www.villa-berlioz-hotel-lyon.com\/wp-content\/uploads\/2023\/01\/bar-villa-berlioz-lyon.jpg\" data-elementor-open-lightbox=\"yes\" data-elementor-lightbox-slideshow=\"eae-fg-gallery-60552\" data-elementor-lightbox-title=\"Bar - H\u00f4tel Villa Berlioz Lyon\" data-elementor-lightbox-description=\"Gros plan sur un cocktail bleu lumineux au kiwi, symbole de l\u2019ambiance raffin\u00e9e du bar de la Villa Berlioz.\" data-e-action-hash=\"#elementor-action%3Aaction%3Dlightbox%26settings%3DeyJpZCI6NzcxMiwidXJsIjoiaHR0cHM6XC9cL3d3dy52aWxsYS1iZXJsaW96LWhvdGVsLWx5b24uY29tXC93cC1jb250ZW50XC91cGxvYWRzXC8yMDIzXC8wMVwvYmFyLXZpbGxhLWJlcmxpb3otbHlvbi5qcGcifQ%3D%3D\">\n\t\t\t\t\t\t\t\t\t\t\t\t\t\t\t\t\t\t\t\t\t<img loading=\"lazy\" decoding=\"async\" width=\"1560\" height=\"1013\" src=\"https:\/\/www.villa-berlioz-hotel-lyon.com\/wp-content\/uploads\/2023\/01\/bar-villa-berlioz-lyon.jpg\" class=\"attachment-full size-full\" alt=\"Bar - H\u00f4tel Villa Berlioz Lyon\" srcset=\"https:\/\/www.villa-berlioz-hotel-lyon.com\/wp-content\/uploads\/2023\/01\/bar-villa-berlioz-lyon.jpg 1560w, https:\/\/www.villa-berlioz-hotel-lyon.com\/wp-content\/uploads\/2023\/01\/bar-villa-berlioz-lyon-300x195.jpg 300w, https:\/\/www.villa-berlioz-hotel-lyon.com\/wp-content\/uploads\/2023\/01\/bar-villa-berlioz-lyon-1024x665.jpg 1024w, https:\/\/www.villa-berlioz-hotel-lyon.com\/wp-content\/uploads\/2023\/01\/bar-villa-berlioz-lyon-768x499.jpg 768w, https:\/\/www.villa-berlioz-hotel-lyon.com\/wp-content\/uploads\/2023\/01\/bar-villa-berlioz-lyon-1536x997.jpg 1536w\" sizes=\"(max-width: 1560px) 100vw, 1560px\" \/>\t\t\t\t\t\t\t\t\t\t\t\t\t\t\t\t\t\t\t\t\t\t\t\t\t\t\t\t\t\t\t\t<div class=\"eae-grid-overlay fadeIn\">\n\t\t\t\t\t\t\t\t\t\t\t\t<div class=\"eae-grid-overlay-inner\">\n\t\t\t\t\t\t\t\t\t\t\t\t\t<div class=\"eae-icon-wrapper\">\n\t\t\t\t\t\t\t\t\t\t\t\t\t\t\t\t\t\t\t\t\t\t\t\t\t\t\t<\/div>\n\t\t\t\t\t\t\t\t\t\t\t\t\t\t\t\t\t\t\t\t\t\t\t\t\t<\/div>\n\t\t\t\t\t\t\t\t\t\t<\/div>\n\t\t\t\t\t\t\t\t\t\t\t\t\t\t\t\t\t\t\t<\/a>\n\t\t\t\t\t\t\t\t<\/div>\n\t\t\t\t\t\t\t<\/div>\n\t\t\t\t\t\t\t\t\t\t\t\t\t\t<div class=\"eae-gallery-item bar-et-salon\">\n\t\t\t\t\t\t\t\t<div class=\"eae-gallery-item-inner\">\n\t\t\t\t\t\t\t\t\t<a href=\"https:\/\/www.villa-berlioz-hotel-lyon.com\/wp-content\/uploads\/2024\/07\/bar-lyon-centre-.jpg\" data-elementor-open-lightbox=\"yes\" data-elementor-lightbox-slideshow=\"eae-fg-gallery-60552\" data-elementor-lightbox-title=\"bar-lyon-centre-\" data-elementor-lightbox-description=\"Gros plan sur un cocktail bleu lumineux au kiwi, symbole de l\u2019ambiance raffin\u00e9e du bar de la Villa Berlioz.\" data-e-action-hash=\"#elementor-action%3Aaction%3Dlightbox%26settings%3DeyJpZCI6ODk3MiwidXJsIjoiaHR0cHM6XC9cL3d3dy52aWxsYS1iZXJsaW96LWhvdGVsLWx5b24uY29tXC93cC1jb250ZW50XC91cGxvYWRzXC8yMDI0XC8wN1wvYmFyLWx5b24tY2VudHJlLS5qcGcifQ%3D%3D\">\n\t\t\t\t\t\t\t\t\t\t\t\t\t\t\t\t\t\t\t\t\t<img loading=\"lazy\" decoding=\"async\" width=\"800\" height=\"1067\" src=\"https:\/\/www.villa-berlioz-hotel-lyon.com\/wp-content\/uploads\/2024\/07\/bar-lyon-centre-.jpg\" class=\"attachment-full size-full\" alt=\"\" srcset=\"https:\/\/www.villa-berlioz-hotel-lyon.com\/wp-content\/uploads\/2024\/07\/bar-lyon-centre-.jpg 800w, https:\/\/www.villa-berlioz-hotel-lyon.com\/wp-content\/uploads\/2024\/07\/bar-lyon-centre--225x300.jpg 225w, https:\/\/www.villa-berlioz-hotel-lyon.com\/wp-content\/uploads\/2024\/07\/bar-lyon-centre--768x1024.jpg 768w\" sizes=\"(max-width: 800px) 100vw, 800px\" \/>\t\t\t\t\t\t\t\t\t\t\t\t\t\t\t\t\t\t\t\t\t\t\t\t\t\t\t\t\t\t\t\t<div class=\"eae-grid-overlay fadeIn\">\n\t\t\t\t\t\t\t\t\t\t\t\t<div class=\"eae-grid-overlay-inner\">\n\t\t\t\t\t\t\t\t\t\t\t\t\t<div class=\"eae-icon-wrapper\">\n\t\t\t\t\t\t\t\t\t\t\t\t\t\t\t\t\t\t\t\t\t\t\t\t\t\t\t<\/div>\n\t\t\t\t\t\t\t\t\t\t\t\t\t\t\t\t\t\t\t\t\t\t\t\t\t<\/div>\n\t\t\t\t\t\t\t\t\t\t<\/div>\n\t\t\t\t\t\t\t\t\t\t\t\t\t\t\t\t\t\t\t<\/a>\n\t\t\t\t\t\t\t\t<\/div>\n\t\t\t\t\t\t\t<\/div>\n\t\t\t\t\t\t\t\t\t\t\t\t\t\t<div class=\"eae-gallery-item bar-et-salon\">\n\t\t\t\t\t\t\t\t<div class=\"eae-gallery-item-inner\">\n\t\t\t\t\t\t\t\t\t<a href=\"https:\/\/www.villa-berlioz-hotel-lyon.com\/wp-content\/uploads\/2022\/07\/villa-berlioz-4.jpg\" data-elementor-open-lightbox=\"yes\" data-elementor-lightbox-slideshow=\"eae-fg-gallery-60552\" data-elementor-lightbox-title=\"salle-petit-dejeuner-berlioz\" data-elementor-lightbox-description=\"Gros plan sur un cocktail bleu lumineux au kiwi, symbole de l\u2019ambiance raffin\u00e9e du bar de la Villa Berlioz.\" data-e-action-hash=\"#elementor-action%3Aaction%3Dlightbox%26settings%3DeyJpZCI6NzY1NiwidXJsIjoiaHR0cHM6XC9cL3d3dy52aWxsYS1iZXJsaW96LWhvdGVsLWx5b24uY29tXC93cC1jb250ZW50XC91cGxvYWRzXC8yMDIyXC8wN1wvdmlsbGEtYmVybGlvei00LmpwZyJ9\">\n\t\t\t\t\t\t\t\t\t\t\t\t\t\t\t\t\t\t\t\t\t<img loading=\"lazy\" decoding=\"async\" width=\"1200\" height=\"750\" src=\"https:\/\/www.villa-berlioz-hotel-lyon.com\/wp-content\/uploads\/2022\/07\/villa-berlioz-4.jpg\" class=\"attachment-full size-full\" alt=\"salle de petit d\u00e9jeuner h\u00f4tel villa berlioz lyon\" srcset=\"https:\/\/www.villa-berlioz-hotel-lyon.com\/wp-content\/uploads\/2022\/07\/villa-berlioz-4.jpg 1200w, https:\/\/www.villa-berlioz-hotel-lyon.com\/wp-content\/uploads\/2022\/07\/villa-berlioz-4-300x188.jpg 300w, https:\/\/www.villa-berlioz-hotel-lyon.com\/wp-content\/uploads\/2022\/07\/villa-berlioz-4-1024x640.jpg 1024w, https:\/\/www.villa-berlioz-hotel-lyon.com\/wp-content\/uploads\/2022\/07\/villa-berlioz-4-768x480.jpg 768w\" sizes=\"(max-width: 1200px) 100vw, 1200px\" \/>\t\t\t\t\t\t\t\t\t\t\t\t\t\t\t\t\t\t\t\t\t\t\t\t\t\t\t\t\t\t\t\t<div class=\"eae-grid-overlay fadeIn\">\n\t\t\t\t\t\t\t\t\t\t\t\t<div class=\"eae-grid-overlay-inner\">\n\t\t\t\t\t\t\t\t\t\t\t\t\t<div class=\"eae-icon-wrapper\">\n\t\t\t\t\t\t\t\t\t\t\t\t\t\t\t\t\t\t\t\t\t\t\t\t\t\t\t<\/div>\n\t\t\t\t\t\t\t\t\t\t\t\t\t\t\t\t\t\t\t\t\t\t\t\t\t<\/div>\n\t\t\t\t\t\t\t\t\t\t<\/div>\n\t\t\t\t\t\t\t\t\t\t\t\t\t\t\t\t\t\t\t<\/a>\n\t\t\t\t\t\t\t\t<\/div>\n\t\t\t\t\t\t\t<\/div>\n\t\t\t\t\t\t\t\t\t\t\t\t\t\t<div class=\"eae-gallery-item bar-et-salon\">\n\t\t\t\t\t\t\t\t<div class=\"eae-gallery-item-inner\">\n\t\t\t\t\t\t\t\t\t<a href=\"https:\/\/www.villa-berlioz-hotel-lyon.com\/wp-content\/uploads\/2024\/07\/cocktails-lyon-centre-2.jpg\" data-elementor-open-lightbox=\"yes\" data-elementor-lightbox-slideshow=\"eae-fg-gallery-60552\" data-elementor-lightbox-title=\"cocktails-lyon-centre-2\" data-elementor-lightbox-description=\"Gros plan sur un cocktail bleu lumineux au kiwi, symbole de l\u2019ambiance raffin\u00e9e du bar de la Villa Berlioz.\" data-e-action-hash=\"#elementor-action%3Aaction%3Dlightbox%26settings%3DeyJpZCI6ODk4MiwidXJsIjoiaHR0cHM6XC9cL3d3dy52aWxsYS1iZXJsaW96LWhvdGVsLWx5b24uY29tXC93cC1jb250ZW50XC91cGxvYWRzXC8yMDI0XC8wN1wvY29ja3RhaWxzLWx5b24tY2VudHJlLTIuanBnIn0%3D\">\n\t\t\t\t\t\t\t\t\t\t\t\t\t\t\t\t\t\t\t\t\t<img loading=\"lazy\" decoding=\"async\" width=\"800\" height=\"1027\" src=\"https:\/\/www.villa-berlioz-hotel-lyon.com\/wp-content\/uploads\/2024\/07\/cocktails-lyon-centre-2.jpg\" class=\"attachment-full size-full\" alt=\"\" srcset=\"https:\/\/www.villa-berlioz-hotel-lyon.com\/wp-content\/uploads\/2024\/07\/cocktails-lyon-centre-2.jpg 800w, https:\/\/www.villa-berlioz-hotel-lyon.com\/wp-content\/uploads\/2024\/07\/cocktails-lyon-centre-2-234x300.jpg 234w, https:\/\/www.villa-berlioz-hotel-lyon.com\/wp-content\/uploads\/2024\/07\/cocktails-lyon-centre-2-798x1024.jpg 798w, https:\/\/www.villa-berlioz-hotel-lyon.com\/wp-content\/uploads\/2024\/07\/cocktails-lyon-centre-2-768x986.jpg 768w\" sizes=\"(max-width: 800px) 100vw, 800px\" \/>\t\t\t\t\t\t\t\t\t\t\t\t\t\t\t\t\t\t\t\t\t\t\t\t\t\t\t\t\t\t\t\t<div class=\"eae-grid-overlay fadeIn\">\n\t\t\t\t\t\t\t\t\t\t\t\t<div class=\"eae-grid-overlay-inner\">\n\t\t\t\t\t\t\t\t\t\t\t\t\t<div class=\"eae-icon-wrapper\">\n\t\t\t\t\t\t\t\t\t\t\t\t\t\t\t\t\t\t\t\t\t\t\t\t\t\t\t<\/div>\n\t\t\t\t\t\t\t\t\t\t\t\t\t\t\t\t\t\t\t\t\t\t\t\t\t<\/div>\n\t\t\t\t\t\t\t\t\t\t<\/div>\n\t\t\t\t\t\t\t\t\t\t\t\t\t\t\t\t\t\t\t<\/a>\n\t\t\t\t\t\t\t\t<\/div>\n\t\t\t\t\t\t\t<\/div>\n\t\t\t\t\t\t\t\t\t\t\t\t\t\t<div class=\"eae-gallery-item bar-et-salon\">\n\t\t\t\t\t\t\t\t<div class=\"eae-gallery-item-inner\">\n\t\t\t\t\t\t\t\t\t<a href=\"https:\/\/www.villa-berlioz-hotel-lyon.com\/wp-content\/uploads\/2022\/07\/villa-berlioz-1.jpg\" data-elementor-open-lightbox=\"yes\" data-elementor-lightbox-slideshow=\"eae-fg-gallery-60552\" data-elementor-lightbox-title=\"salle-petit-dejeuner-berlioz\" data-elementor-lightbox-description=\"Gros plan sur un cocktail bleu lumineux au kiwi, symbole de l\u2019ambiance raffin\u00e9e du bar de la Villa Berlioz.\" data-e-action-hash=\"#elementor-action%3Aaction%3Dlightbox%26settings%3DeyJpZCI6NzY1MCwidXJsIjoiaHR0cHM6XC9cL3d3dy52aWxsYS1iZXJsaW96LWhvdGVsLWx5b24uY29tXC93cC1jb250ZW50XC91cGxvYWRzXC8yMDIyXC8wN1wvdmlsbGEtYmVybGlvei0xLmpwZyJ9\">\n\t\t\t\t\t\t\t\t\t\t\t\t\t\t\t\t\t\t\t\t\t<img loading=\"lazy\" decoding=\"async\" width=\"1025\" height=\"683\" src=\"https:\/\/www.villa-berlioz-hotel-lyon.com\/wp-content\/uploads\/2022\/07\/villa-berlioz-1.jpg\" class=\"attachment-full size-full\" alt=\"salle de petit d\u00e9jeuner \u00e0 lyon\" srcset=\"https:\/\/www.villa-berlioz-hotel-lyon.com\/wp-content\/uploads\/2022\/07\/villa-berlioz-1.jpg 1025w, https:\/\/www.villa-berlioz-hotel-lyon.com\/wp-content\/uploads\/2022\/07\/villa-berlioz-1-300x200.jpg 300w, https:\/\/www.villa-berlioz-hotel-lyon.com\/wp-content\/uploads\/2022\/07\/villa-berlioz-1-768x512.jpg 768w\" sizes=\"(max-width: 1025px) 100vw, 1025px\" \/>\t\t\t\t\t\t\t\t\t\t\t\t\t\t\t\t\t\t\t\t\t\t\t\t\t\t\t\t\t\t\t\t<div class=\"eae-grid-overlay fadeIn\">\n\t\t\t\t\t\t\t\t\t\t\t\t<div class=\"eae-grid-overlay-inner\">\n\t\t\t\t\t\t\t\t\t\t\t\t\t<div class=\"eae-icon-wrapper\">\n\t\t\t\t\t\t\t\t\t\t\t\t\t\t\t\t\t\t\t\t\t\t\t\t\t\t\t<\/div>\n\t\t\t\t\t\t\t\t\t\t\t\t\t\t\t\t\t\t\t\t\t\t\t\t\t<\/div>\n\t\t\t\t\t\t\t\t\t\t<\/div>\n\t\t\t\t\t\t\t\t\t\t\t\t\t\t\t\t\t\t\t<\/a>\n\t\t\t\t\t\t\t\t<\/div>\n\t\t\t\t\t\t\t<\/div>\n\t\t\t\t\t\t\t\t\t\t\t\t\t\t<div class=\"eae-gallery-item bar-et-salon\">\n\t\t\t\t\t\t\t\t<div class=\"eae-gallery-item-inner\">\n\t\t\t\t\t\t\t\t\t<a href=\"https:\/\/www.villa-berlioz-hotel-lyon.com\/wp-content\/uploads\/2024\/07\/bar-a-cocktail-lyon-centre.jpg\" data-elementor-open-lightbox=\"yes\" data-elementor-lightbox-slideshow=\"eae-fg-gallery-60552\" data-elementor-lightbox-title=\"bar-a-cocktail-lyon-centre\" data-elementor-lightbox-description=\"Gros plan sur un cocktail bleu lumineux au kiwi, symbole de l\u2019ambiance raffin\u00e9e du bar de la Villa Berlioz.\" data-e-action-hash=\"#elementor-action%3Aaction%3Dlightbox%26settings%3DeyJpZCI6ODk3MCwidXJsIjoiaHR0cHM6XC9cL3d3dy52aWxsYS1iZXJsaW96LWhvdGVsLWx5b24uY29tXC93cC1jb250ZW50XC91cGxvYWRzXC8yMDI0XC8wN1wvYmFyLWEtY29ja3RhaWwtbHlvbi1jZW50cmUuanBnIn0%3D\">\n\t\t\t\t\t\t\t\t\t\t\t\t\t\t\t\t\t\t\t\t\t<img loading=\"lazy\" decoding=\"async\" width=\"800\" height=\"1067\" src=\"https:\/\/www.villa-berlioz-hotel-lyon.com\/wp-content\/uploads\/2024\/07\/bar-a-cocktail-lyon-centre.jpg\" class=\"attachment-full size-full\" alt=\"\" srcset=\"https:\/\/www.villa-berlioz-hotel-lyon.com\/wp-content\/uploads\/2024\/07\/bar-a-cocktail-lyon-centre.jpg 800w, https:\/\/www.villa-berlioz-hotel-lyon.com\/wp-content\/uploads\/2024\/07\/bar-a-cocktail-lyon-centre-225x300.jpg 225w, https:\/\/www.villa-berlioz-hotel-lyon.com\/wp-content\/uploads\/2024\/07\/bar-a-cocktail-lyon-centre-768x1024.jpg 768w\" sizes=\"(max-width: 800px) 100vw, 800px\" \/>\t\t\t\t\t\t\t\t\t\t\t\t\t\t\t\t\t\t\t\t\t\t\t\t\t\t\t\t\t\t\t\t<div class=\"eae-grid-overlay fadeIn\">\n\t\t\t\t\t\t\t\t\t\t\t\t<div class=\"eae-grid-overlay-inner\">\n\t\t\t\t\t\t\t\t\t\t\t\t\t<div class=\"eae-icon-wrapper\">\n\t\t\t\t\t\t\t\t\t\t\t\t\t\t\t\t\t\t\t\t\t\t\t\t\t\t\t<\/div>\n\t\t\t\t\t\t\t\t\t\t\t\t\t\t\t\t\t\t\t\t\t\t\t\t\t<\/div>\n\t\t\t\t\t\t\t\t\t\t<\/div>\n\t\t\t\t\t\t\t\t\t\t\t\t\t\t\t\t\t\t\t<\/a>\n\t\t\t\t\t\t\t\t<\/div>\n\t\t\t\t\t\t\t<\/div>\n\t\t\t\t\t\t\t\t\t\t\t\t\t\t<div class=\"eae-gallery-item bar-et-salon\">\n\t\t\t\t\t\t\t\t<div class=\"eae-gallery-item-inner\">\n\t\t\t\t\t\t\t\t\t<a href=\"https:\/\/www.villa-berlioz-hotel-lyon.com\/wp-content\/uploads\/2023\/01\/bar-hotel-lyon.jpg\" data-elementor-open-lightbox=\"yes\" data-elementor-lightbox-slideshow=\"eae-fg-gallery-60552\" data-elementor-lightbox-title=\"bar-hotel-lyon\" data-elementor-lightbox-description=\"Gros plan sur un cocktail bleu lumineux au kiwi, symbole de l\u2019ambiance raffin\u00e9e du bar de la Villa Berlioz.\" data-e-action-hash=\"#elementor-action%3Aaction%3Dlightbox%26settings%3DeyJpZCI6NzcxMCwidXJsIjoiaHR0cHM6XC9cL3d3dy52aWxsYS1iZXJsaW96LWhvdGVsLWx5b24uY29tXC93cC1jb250ZW50XC91cGxvYWRzXC8yMDIzXC8wMVwvYmFyLWhvdGVsLWx5b24uanBnIn0%3D\">\n\t\t\t\t\t\t\t\t\t\t\t\t\t\t\t\t\t\t\t\t\t<img loading=\"lazy\" decoding=\"async\" width=\"1520\" height=\"1013\" src=\"https:\/\/www.villa-berlioz-hotel-lyon.com\/wp-content\/uploads\/2023\/01\/bar-hotel-lyon.jpg\" class=\"attachment-full size-full\" alt=\"bar h\u00f4tel au coeur de lyon\" srcset=\"https:\/\/www.villa-berlioz-hotel-lyon.com\/wp-content\/uploads\/2023\/01\/bar-hotel-lyon.jpg 1520w, https:\/\/www.villa-berlioz-hotel-lyon.com\/wp-content\/uploads\/2023\/01\/bar-hotel-lyon-300x200.jpg 300w, https:\/\/www.villa-berlioz-hotel-lyon.com\/wp-content\/uploads\/2023\/01\/bar-hotel-lyon-1024x682.jpg 1024w, https:\/\/www.villa-berlioz-hotel-lyon.com\/wp-content\/uploads\/2023\/01\/bar-hotel-lyon-768x512.jpg 768w\" sizes=\"(max-width: 1520px) 100vw, 1520px\" \/>\t\t\t\t\t\t\t\t\t\t\t\t\t\t\t\t\t\t\t\t\t\t\t\t\t\t\t\t\t\t\t\t<div class=\"eae-grid-overlay fadeIn\">\n\t\t\t\t\t\t\t\t\t\t\t\t<div class=\"eae-grid-overlay-inner\">\n\t\t\t\t\t\t\t\t\t\t\t\t\t<div class=\"eae-icon-wrapper\">\n\t\t\t\t\t\t\t\t\t\t\t\t\t\t\t\t\t\t\t\t\t\t\t\t\t\t\t<\/div>\n\t\t\t\t\t\t\t\t\t\t\t\t\t\t\t\t\t\t\t\t\t\t\t\t\t<\/div>\n\t\t\t\t\t\t\t\t\t\t<\/div>\n\t\t\t\t\t\t\t\t\t\t\t\t\t\t\t\t\t\t\t<\/a>\n\t\t\t\t\t\t\t\t<\/div>\n\t\t\t\t\t\t\t<\/div>\n\t\t\t\t\t\t\t\t\t\t\t\t\t\t<div class=\"eae-gallery-item bar-et-salon\">\n\t\t\t\t\t\t\t\t<div class=\"eae-gallery-item-inner\">\n\t\t\t\t\t\t\t\t\t<a href=\"https:\/\/www.villa-berlioz-hotel-lyon.com\/wp-content\/uploads\/2024\/07\/bar-a-cocktail-lyon.jpg\" data-elementor-open-lightbox=\"yes\" data-elementor-lightbox-slideshow=\"eae-fg-gallery-60552\" data-elementor-lightbox-title=\"bar-a-cocktail-lyon\" data-elementor-lightbox-description=\"Gros plan sur un cocktail bleu lumineux au kiwi, symbole de l\u2019ambiance raffin\u00e9e du bar de la Villa Berlioz.\" data-e-action-hash=\"#elementor-action%3Aaction%3Dlightbox%26settings%3DeyJpZCI6ODk2OCwidXJsIjoiaHR0cHM6XC9cL3d3dy52aWxsYS1iZXJsaW96LWhvdGVsLWx5b24uY29tXC93cC1jb250ZW50XC91cGxvYWRzXC8yMDI0XC8wN1wvYmFyLWEtY29ja3RhaWwtbHlvbi5qcGcifQ%3D%3D\">\n\t\t\t\t\t\t\t\t\t\t\t\t\t\t\t\t\t\t\t\t\t<img loading=\"lazy\" decoding=\"async\" width=\"800\" height=\"1067\" src=\"https:\/\/www.villa-berlioz-hotel-lyon.com\/wp-content\/uploads\/2024\/07\/bar-a-cocktail-lyon.jpg\" class=\"attachment-full size-full\" alt=\"Bar h\u00f4tel Villa Berlioz Lyon\" srcset=\"https:\/\/www.villa-berlioz-hotel-lyon.com\/wp-content\/uploads\/2024\/07\/bar-a-cocktail-lyon.jpg 800w, https:\/\/www.villa-berlioz-hotel-lyon.com\/wp-content\/uploads\/2024\/07\/bar-a-cocktail-lyon-225x300.jpg 225w, https:\/\/www.villa-berlioz-hotel-lyon.com\/wp-content\/uploads\/2024\/07\/bar-a-cocktail-lyon-768x1024.jpg 768w\" sizes=\"(max-width: 800px) 100vw, 800px\" \/>\t\t\t\t\t\t\t\t\t\t\t\t\t\t\t\t\t\t\t\t\t\t\t\t\t\t\t\t\t\t\t\t<div class=\"eae-grid-overlay fadeIn\">\n\t\t\t\t\t\t\t\t\t\t\t\t<div class=\"eae-grid-overlay-inner\">\n\t\t\t\t\t\t\t\t\t\t\t\t\t<div class=\"eae-icon-wrapper\">\n\t\t\t\t\t\t\t\t\t\t\t\t\t\t\t\t\t\t\t\t\t\t\t\t\t\t\t<\/div>\n\t\t\t\t\t\t\t\t\t\t\t\t\t\t\t\t\t\t\t\t\t\t\t\t\t<\/div>\n\t\t\t\t\t\t\t\t\t\t<\/div>\n\t\t\t\t\t\t\t\t\t\t\t\t\t\t\t\t\t\t\t<\/a>\n\t\t\t\t\t\t\t\t<\/div>\n\t\t\t\t\t\t\t<\/div>\n\t\t\t\t\t\t\t\t\t\t\t\t\t\t<div class=\"eae-gallery-item bar-et-salon\">\n\t\t\t\t\t\t\t\t<div class=\"eae-gallery-item-inner\">\n\t\t\t\t\t\t\t\t\t<a href=\"https:\/\/www.villa-berlioz-hotel-lyon.com\/wp-content\/uploads\/2024\/08\/hotel-villa-berlioz-lyon-0789.webp\" data-elementor-open-lightbox=\"yes\" data-elementor-lightbox-slideshow=\"eae-fg-gallery-60552\" data-elementor-lightbox-title=\"hotel-villa-berlioz-lyon-0789\" data-elementor-lightbox-description=\"Gros plan sur un cocktail bleu lumineux au kiwi, symbole de l\u2019ambiance raffin\u00e9e du bar de la Villa Berlioz.\" data-e-action-hash=\"#elementor-action%3Aaction%3Dlightbox%26settings%3DeyJpZCI6OTE3OSwidXJsIjoiaHR0cHM6XC9cL3d3dy52aWxsYS1iZXJsaW96LWhvdGVsLWx5b24uY29tXC93cC1jb250ZW50XC91cGxvYWRzXC8yMDI0XC8wOFwvaG90ZWwtdmlsbGEtYmVybGlvei1seW9uLTA3ODkud2VicCJ9\">\n\t\t\t\t\t\t\t\t\t\t\t\t\t\t\t\t\t\t\t\t\t<img loading=\"lazy\" decoding=\"async\" width=\"1500\" height=\"2000\" src=\"https:\/\/www.villa-berlioz-hotel-lyon.com\/wp-content\/uploads\/2024\/08\/hotel-villa-berlioz-lyon-0789.webp\" class=\"attachment-full size-full\" alt=\"Bar h\u00f4tel Villa Berlioz Lyon\" srcset=\"https:\/\/www.villa-berlioz-hotel-lyon.com\/wp-content\/uploads\/2024\/08\/hotel-villa-berlioz-lyon-0789.webp 1500w, https:\/\/www.villa-berlioz-hotel-lyon.com\/wp-content\/uploads\/2024\/08\/hotel-villa-berlioz-lyon-0789-225x300.webp 225w, https:\/\/www.villa-berlioz-hotel-lyon.com\/wp-content\/uploads\/2024\/08\/hotel-villa-berlioz-lyon-0789-768x1024.webp 768w, https:\/\/www.villa-berlioz-hotel-lyon.com\/wp-content\/uploads\/2024\/08\/hotel-villa-berlioz-lyon-0789-1152x1536.webp 1152w\" sizes=\"(max-width: 1500px) 100vw, 1500px\" \/>\t\t\t\t\t\t\t\t\t\t\t\t\t\t\t\t\t\t\t\t\t\t\t\t\t\t\t\t\t\t\t\t<div class=\"eae-grid-overlay fadeIn\">\n\t\t\t\t\t\t\t\t\t\t\t\t<div class=\"eae-grid-overlay-inner\">\n\t\t\t\t\t\t\t\t\t\t\t\t\t<div class=\"eae-icon-wrapper\">\n\t\t\t\t\t\t\t\t\t\t\t\t\t\t\t\t\t\t\t\t\t\t\t\t\t\t\t<\/div>\n\t\t\t\t\t\t\t\t\t\t\t\t\t\t\t\t\t\t\t\t\t\t\t\t\t<\/div>\n\t\t\t\t\t\t\t\t\t\t<\/div>\n\t\t\t\t\t\t\t\t\t\t\t\t\t\t\t\t\t\t\t<\/a>\n\t\t\t\t\t\t\t\t<\/div>\n\t\t\t\t\t\t\t<\/div>\n\t\t\t\t\t\t\t\t\t\t\t\t\t\t<div class=\"eae-gallery-item bar-et-salon\">\n\t\t\t\t\t\t\t\t<div class=\"eae-gallery-item-inner\">\n\t\t\t\t\t\t\t\t\t<a href=\"https:\/\/www.villa-berlioz-hotel-lyon.com\/wp-content\/uploads\/2024\/08\/hotel-villa-berlioz-lyon-0780.webp\" data-elementor-open-lightbox=\"yes\" data-elementor-lightbox-slideshow=\"eae-fg-gallery-60552\" data-elementor-lightbox-title=\"Bar h\u00f4tel Villa Berlioz Lyon\" data-elementor-lightbox-description=\"Gros plan sur un cocktail bleu lumineux au kiwi, symbole de l\u2019ambiance raffin\u00e9e du bar de la Villa Berlioz.\" data-e-action-hash=\"#elementor-action%3Aaction%3Dlightbox%26settings%3DeyJpZCI6OTE4MSwidXJsIjoiaHR0cHM6XC9cL3d3dy52aWxsYS1iZXJsaW96LWhvdGVsLWx5b24uY29tXC93cC1jb250ZW50XC91cGxvYWRzXC8yMDI0XC8wOFwvaG90ZWwtdmlsbGEtYmVybGlvei1seW9uLTA3ODAud2VicCJ9\">\n\t\t\t\t\t\t\t\t\t\t\t\t\t\t\t\t\t\t\t\t\t<img loading=\"lazy\" decoding=\"async\" width=\"2000\" height=\"1500\" src=\"https:\/\/www.villa-berlioz-hotel-lyon.com\/wp-content\/uploads\/2024\/08\/hotel-villa-berlioz-lyon-0780.webp\" class=\"attachment-full size-full\" alt=\"Bar h\u00f4tel Villa Berlioz Lyon\" srcset=\"https:\/\/www.villa-berlioz-hotel-lyon.com\/wp-content\/uploads\/2024\/08\/hotel-villa-berlioz-lyon-0780.webp 2000w, https:\/\/www.villa-berlioz-hotel-lyon.com\/wp-content\/uploads\/2024\/08\/hotel-villa-berlioz-lyon-0780-300x225.webp 300w, https:\/\/www.villa-berlioz-hotel-lyon.com\/wp-content\/uploads\/2024\/08\/hotel-villa-berlioz-lyon-0780-1024x768.webp 1024w, https:\/\/www.villa-berlioz-hotel-lyon.com\/wp-content\/uploads\/2024\/08\/hotel-villa-berlioz-lyon-0780-768x576.webp 768w, https:\/\/www.villa-berlioz-hotel-lyon.com\/wp-content\/uploads\/2024\/08\/hotel-villa-berlioz-lyon-0780-1536x1152.webp 1536w\" sizes=\"(max-width: 2000px) 100vw, 2000px\" \/>\t\t\t\t\t\t\t\t\t\t\t\t\t\t\t\t\t\t\t\t\t\t\t\t\t\t\t\t\t\t\t\t<div class=\"eae-grid-overlay fadeIn\">\n\t\t\t\t\t\t\t\t\t\t\t\t<div class=\"eae-grid-overlay-inner\">\n\t\t\t\t\t\t\t\t\t\t\t\t\t<div class=\"eae-icon-wrapper\">\n\t\t\t\t\t\t\t\t\t\t\t\t\t\t\t\t\t\t\t\t\t\t\t\t\t\t\t<\/div>\n\t\t\t\t\t\t\t\t\t\t\t\t\t\t\t\t\t\t\t\t\t\t\t\t\t<\/div>\n\t\t\t\t\t\t\t\t\t\t<\/div>\n\t\t\t\t\t\t\t\t\t\t\t\t\t\t\t\t\t\t\t<\/a>\n\t\t\t\t\t\t\t\t<\/div>\n\t\t\t\t\t\t\t<\/div>\n\t\t\t\t\t\t\t\t\t\t\t\t\t\t<div class=\"eae-gallery-item bar-et-salon\">\n\t\t\t\t\t\t\t\t<div class=\"eae-gallery-item-inner\">\n\t\t\t\t\t\t\t\t\t<a href=\"https:\/\/www.villa-berlioz-hotel-lyon.com\/wp-content\/uploads\/galerie\/hotel-villa-berlioz-hotel-lyon-bar-cocktail.webp\" data-elementor-open-lightbox=\"yes\" data-elementor-lightbox-slideshow=\"eae-fg-gallery-60552\" data-elementor-lightbox-title=\"hotel-villa-berlioz-hotel-lyon-bar-cocktail\" data-elementor-lightbox-description=\"Gros plan sur un cocktail bleu lumineux au kiwi, symbole de l\u2019ambiance raffin\u00e9e du bar de la Villa Berlioz.\" data-e-action-hash=\"#elementor-action%3Aaction%3Dlightbox%26settings%3DeyJpZCI6OTQ1OCwidXJsIjoiaHR0cHM6XC9cL3d3dy52aWxsYS1iZXJsaW96LWhvdGVsLWx5b24uY29tXC93cC1jb250ZW50XC91cGxvYWRzXC9nYWxlcmllXC9ob3RlbC12aWxsYS1iZXJsaW96LWhvdGVsLWx5b24tYmFyLWNvY2t0YWlsLndlYnAifQ%3D%3D\">\n\t\t\t\t\t\t\t\t\t\t\t\t\t\t\t\t\t\t\t\t\t<img loading=\"lazy\" decoding=\"async\" width=\"920\" height=\"1227\" src=\"https:\/\/www.villa-berlioz-hotel-lyon.com\/wp-content\/uploads\/galerie\/hotel-villa-berlioz-hotel-lyon-bar-cocktail.webp\" class=\"attachment-full size-full\" alt=\"\" srcset=\"https:\/\/www.villa-berlioz-hotel-lyon.com\/wp-content\/uploads\/galerie\/hotel-villa-berlioz-hotel-lyon-bar-cocktail.webp 920w, https:\/\/www.villa-berlioz-hotel-lyon.com\/wp-content\/uploads\/galerie\/hotel-villa-berlioz-hotel-lyon-bar-cocktail-225x300.webp 225w, https:\/\/www.villa-berlioz-hotel-lyon.com\/wp-content\/uploads\/galerie\/hotel-villa-berlioz-hotel-lyon-bar-cocktail-768x1024.webp 768w\" sizes=\"(max-width: 920px) 100vw, 920px\" \/>\t\t\t\t\t\t\t\t\t\t\t\t\t\t\t\t\t\t\t\t\t\t\t\t\t\t\t\t\t\t\t\t<div class=\"eae-grid-overlay fadeIn\">\n\t\t\t\t\t\t\t\t\t\t\t\t<div class=\"eae-grid-overlay-inner\">\n\t\t\t\t\t\t\t\t\t\t\t\t\t<div class=\"eae-icon-wrapper\">\n\t\t\t\t\t\t\t\t\t\t\t\t\t\t\t\t\t\t\t\t\t\t\t\t\t\t\t<\/div>\n\t\t\t\t\t\t\t\t\t\t\t\t\t\t\t\t\t\t\t\t\t\t\t\t\t<\/div>\n\t\t\t\t\t\t\t\t\t\t<\/div>\n\t\t\t\t\t\t\t\t\t\t\t\t\t\t\t\t\t\t\t<\/a>\n\t\t\t\t\t\t\t\t<\/div>\n\t\t\t\t\t\t\t<\/div>\n\t\t\t\t\t\t\t\t\t\t\t\t\t\t<div class=\"eae-gallery-item bar-et-salon\">\n\t\t\t\t\t\t\t\t<div class=\"eae-gallery-item-inner\">\n\t\t\t\t\t\t\t\t\t<a href=\"https:\/\/www.villa-berlioz-hotel-lyon.com\/wp-content\/uploads\/galerie\/hotel-villa-berlioz-hotel-lyon-nos-cocktails.webp\" data-elementor-open-lightbox=\"yes\" data-elementor-lightbox-slideshow=\"eae-fg-gallery-60552\" data-elementor-lightbox-title=\"hotel-villa-berlioz-hotel-lyon-nos-cocktails\" data-elementor-lightbox-description=\"Gros plan sur un cocktail bleu lumineux au kiwi, symbole de l\u2019ambiance raffin\u00e9e du bar de la Villa Berlioz.\" data-e-action-hash=\"#elementor-action%3Aaction%3Dlightbox%26settings%3DeyJpZCI6OTQ2MCwidXJsIjoiaHR0cHM6XC9cL3d3dy52aWxsYS1iZXJsaW96LWhvdGVsLWx5b24uY29tXC93cC1jb250ZW50XC91cGxvYWRzXC9nYWxlcmllXC9ob3RlbC12aWxsYS1iZXJsaW96LWhvdGVsLWx5b24tbm9zLWNvY2t0YWlscy53ZWJwIn0%3D\">\n\t\t\t\t\t\t\t\t\t\t\t\t\t\t\t\t\t\t\t\t\t<img loading=\"lazy\" decoding=\"async\" width=\"920\" height=\"1227\" src=\"https:\/\/www.villa-berlioz-hotel-lyon.com\/wp-content\/uploads\/galerie\/hotel-villa-berlioz-hotel-lyon-nos-cocktails.webp\" class=\"attachment-full size-full\" alt=\"\" srcset=\"https:\/\/www.villa-berlioz-hotel-lyon.com\/wp-content\/uploads\/galerie\/hotel-villa-berlioz-hotel-lyon-nos-cocktails.webp 920w, https:\/\/www.villa-berlioz-hotel-lyon.com\/wp-content\/uploads\/galerie\/hotel-villa-berlioz-hotel-lyon-nos-cocktails-225x300.webp 225w, https:\/\/www.villa-berlioz-hotel-lyon.com\/wp-content\/uploads\/galerie\/hotel-villa-berlioz-hotel-lyon-nos-cocktails-768x1024.webp 768w\" sizes=\"(max-width: 920px) 100vw, 920px\" \/>\t\t\t\t\t\t\t\t\t\t\t\t\t\t\t\t\t\t\t\t\t\t\t\t\t\t\t\t\t\t\t\t<div class=\"eae-grid-overlay fadeIn\">\n\t\t\t\t\t\t\t\t\t\t\t\t<div class=\"eae-grid-overlay-inner\">\n\t\t\t\t\t\t\t\t\t\t\t\t\t<div class=\"eae-icon-wrapper\">\n\t\t\t\t\t\t\t\t\t\t\t\t\t\t\t\t\t\t\t\t\t\t\t\t\t\t\t<\/div>\n\t\t\t\t\t\t\t\t\t\t\t\t\t\t\t\t\t\t\t\t\t\t\t\t\t<\/div>\n\t\t\t\t\t\t\t\t\t\t<\/div>\n\t\t\t\t\t\t\t\t\t\t\t\t\t\t\t\t\t\t\t<\/a>\n\t\t\t\t\t\t\t\t<\/div>\n\t\t\t\t\t\t\t<\/div>\n\t\t\t\t\t\t\t\t\t\t\t\t\t\t<div class=\"eae-gallery-item bar-et-salon\">\n\t\t\t\t\t\t\t\t<div class=\"eae-gallery-item-inner\">\n\t\t\t\t\t\t\t\t\t<a href=\"https:\/\/www.villa-berlioz-hotel-lyon.com\/wp-content\/uploads\/galerie\/hotel-villa-berlioz-hotel-lyon-cocktails.webp\" data-elementor-open-lightbox=\"yes\" data-elementor-lightbox-slideshow=\"eae-fg-gallery-60552\" data-elementor-lightbox-title=\"hotel-villa-berlioz-hotel-lyon-cocktails\" data-elementor-lightbox-description=\"Gros plan sur un cocktail bleu lumineux au kiwi, symbole de l\u2019ambiance raffin\u00e9e du bar de la Villa Berlioz.\" data-e-action-hash=\"#elementor-action%3Aaction%3Dlightbox%26settings%3DeyJpZCI6OTQ2MiwidXJsIjoiaHR0cHM6XC9cL3d3dy52aWxsYS1iZXJsaW96LWhvdGVsLWx5b24uY29tXC93cC1jb250ZW50XC91cGxvYWRzXC9nYWxlcmllXC9ob3RlbC12aWxsYS1iZXJsaW96LWhvdGVsLWx5b24tY29ja3RhaWxzLndlYnAifQ%3D%3D\">\n\t\t\t\t\t\t\t\t\t\t\t\t\t\t\t\t\t\t\t\t\t<img loading=\"lazy\" decoding=\"async\" width=\"920\" height=\"1227\" src=\"https:\/\/www.villa-berlioz-hotel-lyon.com\/wp-content\/uploads\/galerie\/hotel-villa-berlioz-hotel-lyon-cocktails.webp\" class=\"attachment-full size-full\" alt=\"\" srcset=\"https:\/\/www.villa-berlioz-hotel-lyon.com\/wp-content\/uploads\/galerie\/hotel-villa-berlioz-hotel-lyon-cocktails.webp 920w, https:\/\/www.villa-berlioz-hotel-lyon.com\/wp-content\/uploads\/galerie\/hotel-villa-berlioz-hotel-lyon-cocktails-225x300.webp 225w, https:\/\/www.villa-berlioz-hotel-lyon.com\/wp-content\/uploads\/galerie\/hotel-villa-berlioz-hotel-lyon-cocktails-768x1024.webp 768w\" sizes=\"(max-width: 920px) 100vw, 920px\" \/>\t\t\t\t\t\t\t\t\t\t\t\t\t\t\t\t\t\t\t\t\t\t\t\t\t\t\t\t\t\t\t\t<div class=\"eae-grid-overlay fadeIn\">\n\t\t\t\t\t\t\t\t\t\t\t\t<div class=\"eae-grid-overlay-inner\">\n\t\t\t\t\t\t\t\t\t\t\t\t\t<div class=\"eae-icon-wrapper\">\n\t\t\t\t\t\t\t\t\t\t\t\t\t\t\t\t\t\t\t\t\t\t\t\t\t\t\t<\/div>\n\t\t\t\t\t\t\t\t\t\t\t\t\t\t\t\t\t\t\t\t\t\t\t\t\t<\/div>\n\t\t\t\t\t\t\t\t\t\t<\/div>\n\t\t\t\t\t\t\t\t\t\t\t\t\t\t\t\t\t\t\t<\/a>\n\t\t\t\t\t\t\t\t<\/div>\n\t\t\t\t\t\t\t<\/div>\n\t\t\t\t\t\t\t\t\t\t\t\t\t\t<div class=\"eae-gallery-item bar-et-salon\">\n\t\t\t\t\t\t\t\t<div class=\"eae-gallery-item-inner\">\n\t\t\t\t\t\t\t\t\t<a href=\"https:\/\/www.villa-berlioz-hotel-lyon.com\/wp-content\/uploads\/galerie\/hotel-villa-berlioz-hotel-lyon-cocktail.webp\" data-elementor-open-lightbox=\"yes\" data-elementor-lightbox-slideshow=\"eae-fg-gallery-60552\" data-elementor-lightbox-title=\"hotel-villa-berlioz-hotel-lyon-cocktail\" data-elementor-lightbox-description=\"Gros plan sur un cocktail bleu lumineux au kiwi, symbole de l\u2019ambiance raffin\u00e9e du bar de la Villa Berlioz.\" data-e-action-hash=\"#elementor-action%3Aaction%3Dlightbox%26settings%3DeyJpZCI6OTQ2NCwidXJsIjoiaHR0cHM6XC9cL3d3dy52aWxsYS1iZXJsaW96LWhvdGVsLWx5b24uY29tXC93cC1jb250ZW50XC91cGxvYWRzXC9nYWxlcmllXC9ob3RlbC12aWxsYS1iZXJsaW96LWhvdGVsLWx5b24tY29ja3RhaWwud2VicCJ9\">\n\t\t\t\t\t\t\t\t\t\t\t\t\t\t\t\t\t\t\t\t\t<img loading=\"lazy\" decoding=\"async\" width=\"920\" height=\"1227\" src=\"https:\/\/www.villa-berlioz-hotel-lyon.com\/wp-content\/uploads\/galerie\/hotel-villa-berlioz-hotel-lyon-cocktail.webp\" class=\"attachment-full size-full\" alt=\"\" srcset=\"https:\/\/www.villa-berlioz-hotel-lyon.com\/wp-content\/uploads\/galerie\/hotel-villa-berlioz-hotel-lyon-cocktail.webp 920w, https:\/\/www.villa-berlioz-hotel-lyon.com\/wp-content\/uploads\/galerie\/hotel-villa-berlioz-hotel-lyon-cocktail-225x300.webp 225w, https:\/\/www.villa-berlioz-hotel-lyon.com\/wp-content\/uploads\/galerie\/hotel-villa-berlioz-hotel-lyon-cocktail-768x1024.webp 768w\" sizes=\"(max-width: 920px) 100vw, 920px\" \/>\t\t\t\t\t\t\t\t\t\t\t\t\t\t\t\t\t\t\t\t\t\t\t\t\t\t\t\t\t\t\t\t<div class=\"eae-grid-overlay fadeIn\">\n\t\t\t\t\t\t\t\t\t\t\t\t<div class=\"eae-grid-overlay-inner\">\n\t\t\t\t\t\t\t\t\t\t\t\t\t<div class=\"eae-icon-wrapper\">\n\t\t\t\t\t\t\t\t\t\t\t\t\t\t\t\t\t\t\t\t\t\t\t\t\t\t\t<\/div>\n\t\t\t\t\t\t\t\t\t\t\t\t\t\t\t\t\t\t\t\t\t\t\t\t\t<\/div>\n\t\t\t\t\t\t\t\t\t\t<\/div>\n\t\t\t\t\t\t\t\t\t\t\t\t\t\t\t\t\t\t\t<\/a>\n\t\t\t\t\t\t\t\t<\/div>\n\t\t\t\t\t\t\t<\/div>\n\t\t\t\t\t\t\t\t\t\t\t\t\t\t<div class=\"eae-gallery-item bar-et-salon\">\n\t\t\t\t\t\t\t\t<div class=\"eae-gallery-item-inner\">\n\t\t\t\t\t\t\t\t\t<a href=\"https:\/\/www.villa-berlioz-hotel-lyon.com\/wp-content\/uploads\/galerie\/hotel-villa-berlioz-hotel-lyon-bar.webp\" data-elementor-open-lightbox=\"yes\" data-elementor-lightbox-slideshow=\"eae-fg-gallery-60552\" data-elementor-lightbox-title=\"hotel-villa-berlioz-hotel-lyon-bar\" data-elementor-lightbox-description=\"Gros plan sur un cocktail bleu lumineux au kiwi, symbole de l\u2019ambiance raffin\u00e9e du bar de la Villa Berlioz.\" data-e-action-hash=\"#elementor-action%3Aaction%3Dlightbox%26settings%3DeyJpZCI6OTQ3NCwidXJsIjoiaHR0cHM6XC9cL3d3dy52aWxsYS1iZXJsaW96LWhvdGVsLWx5b24uY29tXC93cC1jb250ZW50XC91cGxvYWRzXC9nYWxlcmllXC9ob3RlbC12aWxsYS1iZXJsaW96LWhvdGVsLWx5b24tYmFyLndlYnAifQ%3D%3D\">\n\t\t\t\t\t\t\t\t\t\t\t\t\t\t\t\t\t\t\t\t\t<img loading=\"lazy\" decoding=\"async\" width=\"920\" height=\"1227\" src=\"https:\/\/www.villa-berlioz-hotel-lyon.com\/wp-content\/uploads\/galerie\/hotel-villa-berlioz-hotel-lyon-bar.webp\" class=\"attachment-full size-full\" alt=\"\" srcset=\"https:\/\/www.villa-berlioz-hotel-lyon.com\/wp-content\/uploads\/galerie\/hotel-villa-berlioz-hotel-lyon-bar.webp 920w, https:\/\/www.villa-berlioz-hotel-lyon.com\/wp-content\/uploads\/galerie\/hotel-villa-berlioz-hotel-lyon-bar-225x300.webp 225w, https:\/\/www.villa-berlioz-hotel-lyon.com\/wp-content\/uploads\/galerie\/hotel-villa-berlioz-hotel-lyon-bar-768x1024.webp 768w\" sizes=\"(max-width: 920px) 100vw, 920px\" \/>\t\t\t\t\t\t\t\t\t\t\t\t\t\t\t\t\t\t\t\t\t\t\t\t\t\t\t\t\t\t\t\t<div class=\"eae-grid-overlay fadeIn\">\n\t\t\t\t\t\t\t\t\t\t\t\t<div class=\"eae-grid-overlay-inner\">\n\t\t\t\t\t\t\t\t\t\t\t\t\t<div class=\"eae-icon-wrapper\">\n\t\t\t\t\t\t\t\t\t\t\t\t\t\t\t\t\t\t\t\t\t\t\t\t\t\t\t<\/div>\n\t\t\t\t\t\t\t\t\t\t\t\t\t\t\t\t\t\t\t\t\t\t\t\t\t<\/div>\n\t\t\t\t\t\t\t\t\t\t<\/div>\n\t\t\t\t\t\t\t\t\t\t\t\t\t\t\t\t\t\t\t<\/a>\n\t\t\t\t\t\t\t\t<\/div>\n\t\t\t\t\t\t\t<\/div>\n\t\t\t\t\t\t\t\t\t\t\t\t\t\t<div class=\"eae-gallery-item bar-et-salon\">\n\t\t\t\t\t\t\t\t<div class=\"eae-gallery-item-inner\">\n\t\t\t\t\t\t\t\t\t<a href=\"https:\/\/www.villa-berlioz-hotel-lyon.com\/wp-content\/uploads\/galerie\/hotel-villa-berlioz-hotel-lyon-les-cocktails.webp\" data-elementor-open-lightbox=\"yes\" data-elementor-lightbox-slideshow=\"eae-fg-gallery-60552\" data-elementor-lightbox-title=\"hotel-villa-berlioz-hotel-lyon-les-cocktails\" data-elementor-lightbox-description=\"Gros plan sur un cocktail bleu lumineux au kiwi, symbole de l\u2019ambiance raffin\u00e9e du bar de la Villa Berlioz.\" data-e-action-hash=\"#elementor-action%3Aaction%3Dlightbox%26settings%3DeyJpZCI6OTQ3NiwidXJsIjoiaHR0cHM6XC9cL3d3dy52aWxsYS1iZXJsaW96LWhvdGVsLWx5b24uY29tXC93cC1jb250ZW50XC91cGxvYWRzXC9nYWxlcmllXC9ob3RlbC12aWxsYS1iZXJsaW96LWhvdGVsLWx5b24tbGVzLWNvY2t0YWlscy53ZWJwIn0%3D\">\n\t\t\t\t\t\t\t\t\t\t\t\t\t\t\t\t\t\t\t\t\t<img loading=\"lazy\" decoding=\"async\" width=\"920\" height=\"1227\" src=\"https:\/\/www.villa-berlioz-hotel-lyon.com\/wp-content\/uploads\/galerie\/hotel-villa-berlioz-hotel-lyon-les-cocktails.webp\" class=\"attachment-full size-full\" alt=\"\" srcset=\"https:\/\/www.villa-berlioz-hotel-lyon.com\/wp-content\/uploads\/galerie\/hotel-villa-berlioz-hotel-lyon-les-cocktails.webp 920w, https:\/\/www.villa-berlioz-hotel-lyon.com\/wp-content\/uploads\/galerie\/hotel-villa-berlioz-hotel-lyon-les-cocktails-225x300.webp 225w, https:\/\/www.villa-berlioz-hotel-lyon.com\/wp-content\/uploads\/galerie\/hotel-villa-berlioz-hotel-lyon-les-cocktails-768x1024.webp 768w\" sizes=\"(max-width: 920px) 100vw, 920px\" \/>\t\t\t\t\t\t\t\t\t\t\t\t\t\t\t\t\t\t\t\t\t\t\t\t\t\t\t\t\t\t\t\t<div class=\"eae-grid-overlay fadeIn\">\n\t\t\t\t\t\t\t\t\t\t\t\t<div class=\"eae-grid-overlay-inner\">\n\t\t\t\t\t\t\t\t\t\t\t\t\t<div class=\"eae-icon-wrapper\">\n\t\t\t\t\t\t\t\t\t\t\t\t\t\t\t\t\t\t\t\t\t\t\t\t\t\t\t<\/div>\n\t\t\t\t\t\t\t\t\t\t\t\t\t\t\t\t\t\t\t\t\t\t\t\t\t<\/div>\n\t\t\t\t\t\t\t\t\t\t<\/div>\n\t\t\t\t\t\t\t\t\t\t\t\t\t\t\t\t\t\t\t<\/a>\n\t\t\t\t\t\t\t\t<\/div>\n\t\t\t\t\t\t\t<\/div>\n\t\t\t\t\t\t\t\t\t\t\t\t\t\t<div class=\"eae-gallery-item extrieur\">\n\t\t\t\t\t\t\t\t<div class=\"eae-gallery-item-inner\">\n\t\t\t\t\t\t\t\t\t<a href=\"https:\/\/www.villa-berlioz-hotel-lyon.com\/wp-content\/uploads\/terrasse-design-et-coloree---villa-berlioz-lyon.jpg\" data-elementor-open-lightbox=\"yes\" data-elementor-lightbox-slideshow=\"eae-fg-gallery-60552\" data-elementor-lightbox-title=\"Terrasse design et color\u00e9e \u2013 Villa Berlioz Lyon\" data-elementor-lightbox-description=\"Espace ext\u00e9rieur lumineux et convivial aux couleurs vives, id\u00e9al pour se d\u00e9tendre \u00e0 l\u2019H\u00f4tel Villa Berlioz \u00e0 Lyon.\" data-e-action-hash=\"#elementor-action%3Aaction%3Dlightbox%26settings%3DeyJpZCI6OTkzNCwidXJsIjoiaHR0cHM6XC9cL3d3dy52aWxsYS1iZXJsaW96LWhvdGVsLWx5b24uY29tXC93cC1jb250ZW50XC91cGxvYWRzXC90ZXJyYXNzZS1kZXNpZ24tZXQtY29sb3JlZS0tLXZpbGxhLWJlcmxpb3otbHlvbi5qcGcifQ%3D%3D\">\n\t\t\t\t\t\t\t\t\t\t\t\t\t\t\t\t\t\t\t\t\t<img loading=\"lazy\" decoding=\"async\" width=\"1200\" height=\"800\" src=\"https:\/\/www.villa-berlioz-hotel-lyon.com\/wp-content\/uploads\/terrasse-design-et-coloree---villa-berlioz-lyon.jpg\" class=\"attachment-full size-full\" alt=\"Terrasse color\u00e9e avec mobilier design \u2013 H\u00f4tel Villa Berlioz Lyon\" srcset=\"https:\/\/www.villa-berlioz-hotel-lyon.com\/wp-content\/uploads\/terrasse-design-et-coloree---villa-berlioz-lyon.jpg 1200w, https:\/\/www.villa-berlioz-hotel-lyon.com\/wp-content\/uploads\/terrasse-design-et-coloree---villa-berlioz-lyon-300x200.jpg 300w, https:\/\/www.villa-berlioz-hotel-lyon.com\/wp-content\/uploads\/terrasse-design-et-coloree---villa-berlioz-lyon-1024x683.jpg 1024w, https:\/\/www.villa-berlioz-hotel-lyon.com\/wp-content\/uploads\/terrasse-design-et-coloree---villa-berlioz-lyon-768x512.jpg 768w\" sizes=\"(max-width: 1200px) 100vw, 1200px\" \/>\t\t\t\t\t\t\t\t\t\t\t\t\t\t\t\t\t\t\t\t\t\t\t\t\t\t\t\t\t\t\t\t<div class=\"eae-grid-overlay fadeIn\">\n\t\t\t\t\t\t\t\t\t\t\t\t<div class=\"eae-grid-overlay-inner\">\n\t\t\t\t\t\t\t\t\t\t\t\t\t<div class=\"eae-icon-wrapper\">\n\t\t\t\t\t\t\t\t\t\t\t\t\t\t\t\t\t\t\t\t\t\t\t\t\t\t\t<\/div>\n\t\t\t\t\t\t\t\t\t\t\t\t\t\t\t\t\t\t\t\t\t\t\t\t\t<\/div>\n\t\t\t\t\t\t\t\t\t\t<\/div>\n\t\t\t\t\t\t\t\t\t\t\t\t\t\t\t\t\t\t\t<\/a>\n\t\t\t\t\t\t\t\t<\/div>\n\t\t\t\t\t\t\t<\/div>\n\t\t\t\t\t\t\t\t\t\t\t\t\t\t<div class=\"eae-gallery-item extrieur\">\n\t\t\t\t\t\t\t\t<div class=\"eae-gallery-item-inner\">\n\t\t\t\t\t\t\t\t\t<a href=\"https:\/\/www.villa-berlioz-hotel-lyon.com\/wp-content\/uploads\/patio-et-espace-detente---hotel-villa-berlioz-lyon.jpg\" data-elementor-open-lightbox=\"yes\" data-elementor-lightbox-slideshow=\"eae-fg-gallery-60552\" data-elementor-lightbox-title=\"Patio et espace d\u00e9tente \u2013 H\u00f4tel Villa Berlioz Lyon\" data-elementor-lightbox-description=\"Terrasse paisible entour\u00e9e de verdure, parfaite pour un moment de calme au c\u0153ur de Lyon \u00e0 la Villa Berlioz.\" data-e-action-hash=\"#elementor-action%3Aaction%3Dlightbox%26settings%3DeyJpZCI6OTkyNCwidXJsIjoiaHR0cHM6XC9cL3d3dy52aWxsYS1iZXJsaW96LWhvdGVsLWx5b24uY29tXC93cC1jb250ZW50XC91cGxvYWRzXC9wYXRpby1ldC1lc3BhY2UtZGV0ZW50ZS0tLWhvdGVsLXZpbGxhLWJlcmxpb3otbHlvbi5qcGcifQ%3D%3D\">\n\t\t\t\t\t\t\t\t\t\t\t\t\t\t\t\t\t\t\t\t\t<img loading=\"lazy\" decoding=\"async\" width=\"1200\" height=\"800\" src=\"https:\/\/www.villa-berlioz-hotel-lyon.com\/wp-content\/uploads\/patio-et-espace-detente---hotel-villa-berlioz-lyon.jpg\" class=\"attachment-full size-full\" alt=\"Patio v\u00e9g\u00e9talis\u00e9 et coin d\u00e9tente \u2013 H\u00f4tel Villa Berlioz Lyon\" srcset=\"https:\/\/www.villa-berlioz-hotel-lyon.com\/wp-content\/uploads\/patio-et-espace-detente---hotel-villa-berlioz-lyon.jpg 1200w, https:\/\/www.villa-berlioz-hotel-lyon.com\/wp-content\/uploads\/patio-et-espace-detente---hotel-villa-berlioz-lyon-300x200.jpg 300w, https:\/\/www.villa-berlioz-hotel-lyon.com\/wp-content\/uploads\/patio-et-espace-detente---hotel-villa-berlioz-lyon-1024x683.jpg 1024w, https:\/\/www.villa-berlioz-hotel-lyon.com\/wp-content\/uploads\/patio-et-espace-detente---hotel-villa-berlioz-lyon-768x512.jpg 768w\" sizes=\"(max-width: 1200px) 100vw, 1200px\" \/>\t\t\t\t\t\t\t\t\t\t\t\t\t\t\t\t\t\t\t\t\t\t\t\t\t\t\t\t\t\t\t\t<div class=\"eae-grid-overlay fadeIn\">\n\t\t\t\t\t\t\t\t\t\t\t\t<div class=\"eae-grid-overlay-inner\">\n\t\t\t\t\t\t\t\t\t\t\t\t\t<div class=\"eae-icon-wrapper\">\n\t\t\t\t\t\t\t\t\t\t\t\t\t\t\t\t\t\t\t\t\t\t\t\t\t\t\t<\/div>\n\t\t\t\t\t\t\t\t\t\t\t\t\t\t\t\t\t\t\t\t\t\t\t\t\t<\/div>\n\t\t\t\t\t\t\t\t\t\t<\/div>\n\t\t\t\t\t\t\t\t\t\t\t\t\t\t\t\t\t\t\t<\/a>\n\t\t\t\t\t\t\t\t<\/div>\n\t\t\t\t\t\t\t<\/div>\n\t\t\t\t\t\t\t\t\t\t\t\t\t\t<div class=\"eae-gallery-item extrieur\">\n\t\t\t\t\t\t\t\t<div class=\"eae-gallery-item-inner\">\n\t\t\t\t\t\t\t\t\t<a href=\"https:\/\/www.villa-berlioz-hotel-lyon.com\/wp-content\/uploads\/2023\/07\/terrasse-villa-berlioz.jpg\" data-elementor-open-lightbox=\"yes\" data-elementor-lightbox-slideshow=\"eae-fg-gallery-60552\" data-elementor-lightbox-title=\"terrasse-villa-berlioz-lyon\" data-elementor-lightbox-description=\"Terrasse paisible entour\u00e9e de verdure, parfaite pour un moment de calme au c\u0153ur de Lyon \u00e0 la Villa Berlioz.\" data-e-action-hash=\"#elementor-action%3Aaction%3Dlightbox%26settings%3DeyJpZCI6ODExNCwidXJsIjoiaHR0cHM6XC9cL3d3dy52aWxsYS1iZXJsaW96LWhvdGVsLWx5b24uY29tXC93cC1jb250ZW50XC91cGxvYWRzXC8yMDIzXC8wN1wvdGVycmFzc2UtdmlsbGEtYmVybGlvei5qcGcifQ%3D%3D\">\n\t\t\t\t\t\t\t\t\t\t\t\t\t\t\t\t\t\t\t\t\t<img loading=\"lazy\" decoding=\"async\" width=\"1025\" height=\"711\" src=\"https:\/\/www.villa-berlioz-hotel-lyon.com\/wp-content\/uploads\/2023\/07\/terrasse-villa-berlioz.jpg\" class=\"attachment-full size-full\" alt=\"h\u00f4tel avec terrasse \u00e0 lyon\" srcset=\"https:\/\/www.villa-berlioz-hotel-lyon.com\/wp-content\/uploads\/2023\/07\/terrasse-villa-berlioz.jpg 1025w, https:\/\/www.villa-berlioz-hotel-lyon.com\/wp-content\/uploads\/2023\/07\/terrasse-villa-berlioz-300x208.jpg 300w, https:\/\/www.villa-berlioz-hotel-lyon.com\/wp-content\/uploads\/2023\/07\/terrasse-villa-berlioz-768x533.jpg 768w\" sizes=\"(max-width: 1025px) 100vw, 1025px\" \/>\t\t\t\t\t\t\t\t\t\t\t\t\t\t\t\t\t\t\t\t\t\t\t\t\t\t\t\t\t\t\t\t<div class=\"eae-grid-overlay fadeIn\">\n\t\t\t\t\t\t\t\t\t\t\t\t<div class=\"eae-grid-overlay-inner\">\n\t\t\t\t\t\t\t\t\t\t\t\t\t<div class=\"eae-icon-wrapper\">\n\t\t\t\t\t\t\t\t\t\t\t\t\t\t\t\t\t\t\t\t\t\t\t\t\t\t\t<\/div>\n\t\t\t\t\t\t\t\t\t\t\t\t\t\t\t\t\t\t\t\t\t\t\t\t\t<\/div>\n\t\t\t\t\t\t\t\t\t\t<\/div>\n\t\t\t\t\t\t\t\t\t\t\t\t\t\t\t\t\t\t\t<\/a>\n\t\t\t\t\t\t\t\t<\/div>\n\t\t\t\t\t\t\t<\/div>\n\t\t\t\t\t\t\t\t\t\t\t\t\t\t<div class=\"eae-gallery-item extrieur\">\n\t\t\t\t\t\t\t\t<div class=\"eae-gallery-item-inner\">\n\t\t\t\t\t\t\t\t\t<a href=\"https:\/\/www.villa-berlioz-hotel-lyon.com\/wp-content\/uploads\/2023\/07\/terrasse-villa-berlioz-2-min.jpg\" data-elementor-open-lightbox=\"yes\" data-elementor-lightbox-slideshow=\"eae-fg-gallery-60552\" data-elementor-lightbox-title=\"terrasse-villa-berlioz\" data-elementor-lightbox-description=\"Terrasse paisible entour\u00e9e de verdure, parfaite pour un moment de calme au c\u0153ur de Lyon \u00e0 la Villa Berlioz.\" data-e-action-hash=\"#elementor-action%3Aaction%3Dlightbox%26settings%3DeyJpZCI6ODEyMSwidXJsIjoiaHR0cHM6XC9cL3d3dy52aWxsYS1iZXJsaW96LWhvdGVsLWx5b24uY29tXC93cC1jb250ZW50XC91cGxvYWRzXC8yMDIzXC8wN1wvdGVycmFzc2UtdmlsbGEtYmVybGlvei0yLW1pbi5qcGcifQ%3D%3D\">\n\t\t\t\t\t\t\t\t\t\t\t\t\t\t\t\t\t\t\t\t\t<img loading=\"lazy\" decoding=\"async\" width=\"1200\" height=\"1335\" src=\"https:\/\/www.villa-berlioz-hotel-lyon.com\/wp-content\/uploads\/2023\/07\/terrasse-villa-berlioz-2-min.jpg\" class=\"attachment-full size-full\" alt=\"H\u00f4tel avec terrasse lyon centre\" srcset=\"https:\/\/www.villa-berlioz-hotel-lyon.com\/wp-content\/uploads\/2023\/07\/terrasse-villa-berlioz-2-min.jpg 1200w, https:\/\/www.villa-berlioz-hotel-lyon.com\/wp-content\/uploads\/2023\/07\/terrasse-villa-berlioz-2-min-270x300.jpg 270w, https:\/\/www.villa-berlioz-hotel-lyon.com\/wp-content\/uploads\/2023\/07\/terrasse-villa-berlioz-2-min-920x1024.jpg 920w, https:\/\/www.villa-berlioz-hotel-lyon.com\/wp-content\/uploads\/2023\/07\/terrasse-villa-berlioz-2-min-768x854.jpg 768w\" sizes=\"(max-width: 1200px) 100vw, 1200px\" \/>\t\t\t\t\t\t\t\t\t\t\t\t\t\t\t\t\t\t\t\t\t\t\t\t\t\t\t\t\t\t\t\t<div class=\"eae-grid-overlay fadeIn\">\n\t\t\t\t\t\t\t\t\t\t\t\t<div class=\"eae-grid-overlay-inner\">\n\t\t\t\t\t\t\t\t\t\t\t\t\t<div class=\"eae-icon-wrapper\">\n\t\t\t\t\t\t\t\t\t\t\t\t\t\t\t\t\t\t\t\t\t\t\t\t\t\t\t<\/div>\n\t\t\t\t\t\t\t\t\t\t\t\t\t\t\t\t\t\t\t\t\t\t\t\t\t<\/div>\n\t\t\t\t\t\t\t\t\t\t<\/div>\n\t\t\t\t\t\t\t\t\t\t\t\t\t\t\t\t\t\t\t<\/a>\n\t\t\t\t\t\t\t\t<\/div>\n\t\t\t\t\t\t\t<\/div>\n\t\t\t\t\t\t\t\t\t\t\t\t\t\t<div class=\"eae-gallery-item extrieur\">\n\t\t\t\t\t\t\t\t<div class=\"eae-gallery-item-inner\">\n\t\t\t\t\t\t\t\t\t<a href=\"https:\/\/www.villa-berlioz-hotel-lyon.com\/wp-content\/uploads\/2022\/04\/Villa-Berlioz-Ville-de-Lyon-4.jpg\" data-elementor-open-lightbox=\"yes\" data-elementor-lightbox-slideshow=\"eae-fg-gallery-60552\" data-elementor-lightbox-title=\"Villa Berlioz-Ville de Lyon (4)\" data-elementor-lightbox-description=\"Terrasse paisible entour\u00e9e de verdure, parfaite pour un moment de calme au c\u0153ur de Lyon \u00e0 la Villa Berlioz.\" data-e-action-hash=\"#elementor-action%3Aaction%3Dlightbox%26settings%3DeyJpZCI6NzA5NSwidXJsIjoiaHR0cHM6XC9cL3d3dy52aWxsYS1iZXJsaW96LWhvdGVsLWx5b24uY29tXC93cC1jb250ZW50XC91cGxvYWRzXC8yMDIyXC8wNFwvVmlsbGEtQmVybGlvei1WaWxsZS1kZS1MeW9uLTQuanBnIn0%3D\">\n\t\t\t\t\t\t\t\t\t\t\t\t\t\t\t\t\t\t\t\t\t<img loading=\"lazy\" decoding=\"async\" width=\"1200\" height=\"800\" src=\"https:\/\/www.villa-berlioz-hotel-lyon.com\/wp-content\/uploads\/2022\/04\/Villa-Berlioz-Ville-de-Lyon-4.jpg\" class=\"attachment-full size-full\" alt=\"\" srcset=\"https:\/\/www.villa-berlioz-hotel-lyon.com\/wp-content\/uploads\/2022\/04\/Villa-Berlioz-Ville-de-Lyon-4.jpg 1200w, https:\/\/www.villa-berlioz-hotel-lyon.com\/wp-content\/uploads\/2022\/04\/Villa-Berlioz-Ville-de-Lyon-4-300x200.jpg 300w, https:\/\/www.villa-berlioz-hotel-lyon.com\/wp-content\/uploads\/2022\/04\/Villa-Berlioz-Ville-de-Lyon-4-1024x683.jpg 1024w, https:\/\/www.villa-berlioz-hotel-lyon.com\/wp-content\/uploads\/2022\/04\/Villa-Berlioz-Ville-de-Lyon-4-768x512.jpg 768w\" sizes=\"(max-width: 1200px) 100vw, 1200px\" \/>\t\t\t\t\t\t\t\t\t\t\t\t\t\t\t\t\t\t\t\t\t\t\t\t\t\t\t\t\t\t\t\t<div class=\"eae-grid-overlay fadeIn\">\n\t\t\t\t\t\t\t\t\t\t\t\t<div class=\"eae-grid-overlay-inner\">\n\t\t\t\t\t\t\t\t\t\t\t\t\t<div class=\"eae-icon-wrapper\">\n\t\t\t\t\t\t\t\t\t\t\t\t\t\t\t\t\t\t\t\t\t\t\t\t\t\t\t<\/div>\n\t\t\t\t\t\t\t\t\t\t\t\t\t\t\t\t\t\t\t\t\t\t\t\t\t<\/div>\n\t\t\t\t\t\t\t\t\t\t<\/div>\n\t\t\t\t\t\t\t\t\t\t\t\t\t\t\t\t\t\t\t<\/a>\n\t\t\t\t\t\t\t\t<\/div>\n\t\t\t\t\t\t\t<\/div>\n\t\t\t\t\t\t\t\t\t\t\t\t\t\t<div class=\"eae-gallery-item petit-djeuner\">\n\t\t\t\t\t\t\t\t<div class=\"eae-gallery-item-inner\">\n\t\t\t\t\t\t\t\t\t<a href=\"https:\/\/www.villa-berlioz-hotel-lyon.com\/wp-content\/uploads\/2023\/01\/petit-dejeuner-villa-berlioz-lyon-12.jpg\" data-elementor-open-lightbox=\"yes\" data-elementor-lightbox-slideshow=\"eae-fg-gallery-60552\" data-elementor-lightbox-title=\"petit-dejeuner-villa-berlioz\" data-elementor-lightbox-description=\"Terrasse paisible entour\u00e9e de verdure, parfaite pour un moment de calme au c\u0153ur de Lyon \u00e0 la Villa Berlioz.\" data-e-action-hash=\"#elementor-action%3Aaction%3Dlightbox%26settings%3DeyJpZCI6NzY4NywidXJsIjoiaHR0cHM6XC9cL3d3dy52aWxsYS1iZXJsaW96LWhvdGVsLWx5b24uY29tXC93cC1jb250ZW50XC91cGxvYWRzXC8yMDIzXC8wMVwvcGV0aXQtZGVqZXVuZXItdmlsbGEtYmVybGlvei1seW9uLTEyLmpwZyJ9\">\n\t\t\t\t\t\t\t\t\t\t\t\t\t\t\t\t\t\t\t\t\t<img loading=\"lazy\" decoding=\"async\" width=\"1240\" height=\"828\" src=\"https:\/\/www.villa-berlioz-hotel-lyon.com\/wp-content\/uploads\/2023\/01\/petit-dejeuner-villa-berlioz-lyon-12.jpg\" class=\"attachment-full size-full\" alt=\"petit d\u00e9jeuner h\u00f4tel 3 \u00e9toiles lyon\" srcset=\"https:\/\/www.villa-berlioz-hotel-lyon.com\/wp-content\/uploads\/2023\/01\/petit-dejeuner-villa-berlioz-lyon-12.jpg 1240w, https:\/\/www.villa-berlioz-hotel-lyon.com\/wp-content\/uploads\/2023\/01\/petit-dejeuner-villa-berlioz-lyon-12-300x200.jpg 300w, https:\/\/www.villa-berlioz-hotel-lyon.com\/wp-content\/uploads\/2023\/01\/petit-dejeuner-villa-berlioz-lyon-12-1024x684.jpg 1024w, https:\/\/www.villa-berlioz-hotel-lyon.com\/wp-content\/uploads\/2023\/01\/petit-dejeuner-villa-berlioz-lyon-12-768x513.jpg 768w\" sizes=\"(max-width: 1240px) 100vw, 1240px\" \/>\t\t\t\t\t\t\t\t\t\t\t\t\t\t\t\t\t\t\t\t\t\t\t\t\t\t\t\t\t\t\t\t<div class=\"eae-grid-overlay fadeIn\">\n\t\t\t\t\t\t\t\t\t\t\t\t<div class=\"eae-grid-overlay-inner\">\n\t\t\t\t\t\t\t\t\t\t\t\t\t<div class=\"eae-icon-wrapper\">\n\t\t\t\t\t\t\t\t\t\t\t\t\t\t\t\t\t\t\t\t\t\t\t\t\t\t\t<\/div>\n\t\t\t\t\t\t\t\t\t\t\t\t\t\t\t\t\t\t\t\t\t\t\t\t\t<\/div>\n\t\t\t\t\t\t\t\t\t\t<\/div>\n\t\t\t\t\t\t\t\t\t\t\t\t\t\t\t\t\t\t\t<\/a>\n\t\t\t\t\t\t\t\t<\/div>\n\t\t\t\t\t\t\t<\/div>\n\t\t\t\t\t\t\t\t\t\t\t\t\t\t<div class=\"eae-gallery-item petit-djeuner\">\n\t\t\t\t\t\t\t\t<div class=\"eae-gallery-item-inner\">\n\t\t\t\t\t\t\t\t\t<a href=\"https:\/\/www.villa-berlioz-hotel-lyon.com\/wp-content\/uploads\/2023\/01\/petit-dejeuner-villa-berlioz-lyon-11.jpg\" data-elementor-open-lightbox=\"yes\" data-elementor-lightbox-slideshow=\"eae-fg-gallery-60552\" data-elementor-lightbox-title=\"petit-dejeuner-villa-berlioz-lyon\" data-elementor-lightbox-description=\"Terrasse paisible entour\u00e9e de verdure, parfaite pour un moment de calme au c\u0153ur de Lyon \u00e0 la Villa Berlioz.\" data-e-action-hash=\"#elementor-action%3Aaction%3Dlightbox%26settings%3DeyJpZCI6NzY4NSwidXJsIjoiaHR0cHM6XC9cL3d3dy52aWxsYS1iZXJsaW96LWhvdGVsLWx5b24uY29tXC93cC1jb250ZW50XC91cGxvYWRzXC8yMDIzXC8wMVwvcGV0aXQtZGVqZXVuZXItdmlsbGEtYmVybGlvei1seW9uLTExLmpwZyJ9\">\n\t\t\t\t\t\t\t\t\t\t\t\t\t\t\t\t\t\t\t\t\t<img loading=\"lazy\" decoding=\"async\" width=\"1520\" height=\"905\" src=\"https:\/\/www.villa-berlioz-hotel-lyon.com\/wp-content\/uploads\/2023\/01\/petit-dejeuner-villa-berlioz-lyon-11.jpg\" class=\"attachment-full size-full\" alt=\"petit d\u00e9jeuner h\u00f4tel 3 \u00e9toiles lyon\" srcset=\"https:\/\/www.villa-berlioz-hotel-lyon.com\/wp-content\/uploads\/2023\/01\/petit-dejeuner-villa-berlioz-lyon-11.jpg 1520w, https:\/\/www.villa-berlioz-hotel-lyon.com\/wp-content\/uploads\/2023\/01\/petit-dejeuner-villa-berlioz-lyon-11-300x179.jpg 300w, https:\/\/www.villa-berlioz-hotel-lyon.com\/wp-content\/uploads\/2023\/01\/petit-dejeuner-villa-berlioz-lyon-11-1024x610.jpg 1024w, https:\/\/www.villa-berlioz-hotel-lyon.com\/wp-content\/uploads\/2023\/01\/petit-dejeuner-villa-berlioz-lyon-11-768x457.jpg 768w\" sizes=\"(max-width: 1520px) 100vw, 1520px\" \/>\t\t\t\t\t\t\t\t\t\t\t\t\t\t\t\t\t\t\t\t\t\t\t\t\t\t\t\t\t\t\t\t<div class=\"eae-grid-overlay fadeIn\">\n\t\t\t\t\t\t\t\t\t\t\t\t<div class=\"eae-grid-overlay-inner\">\n\t\t\t\t\t\t\t\t\t\t\t\t\t<div class=\"eae-icon-wrapper\">\n\t\t\t\t\t\t\t\t\t\t\t\t\t\t\t\t\t\t\t\t\t\t\t\t\t\t\t<\/div>\n\t\t\t\t\t\t\t\t\t\t\t\t\t\t\t\t\t\t\t\t\t\t\t\t\t<\/div>\n\t\t\t\t\t\t\t\t\t\t<\/div>\n\t\t\t\t\t\t\t\t\t\t\t\t\t\t\t\t\t\t\t<\/a>\n\t\t\t\t\t\t\t\t<\/div>\n\t\t\t\t\t\t\t<\/div>\n\t\t\t\t\t\t\t\t\t\t\t\t\t\t<div class=\"eae-gallery-item petit-djeuner\">\n\t\t\t\t\t\t\t\t<div class=\"eae-gallery-item-inner\">\n\t\t\t\t\t\t\t\t\t<a href=\"https:\/\/www.villa-berlioz-hotel-lyon.com\/wp-content\/uploads\/selection-de-fruits-secs---hotel-villa-berlioz-lyon.jpg\" data-elementor-open-lightbox=\"yes\" data-elementor-lightbox-slideshow=\"eae-fg-gallery-60552\" data-elementor-lightbox-title=\"S\u00e9lection de fruits secs \u2013 H\u00f4tel Villa Berlioz Lyon\" data-elementor-lightbox-description=\"Fruits secs vari\u00e9s, riches en \u00e9nergie, servis au petit-d\u00e9jeuner de la Villa Berlioz \u00e0 Lyon.\" data-e-action-hash=\"#elementor-action%3Aaction%3Dlightbox%26settings%3DeyJpZCI6OTkzMiwidXJsIjoiaHR0cHM6XC9cL3d3dy52aWxsYS1iZXJsaW96LWhvdGVsLWx5b24uY29tXC93cC1jb250ZW50XC91cGxvYWRzXC9zZWxlY3Rpb24tZGUtZnJ1aXRzLXNlY3MtLS1ob3RlbC12aWxsYS1iZXJsaW96LWx5b24uanBnIn0%3D\">\n\t\t\t\t\t\t\t\t\t\t\t\t\t\t\t\t\t\t\t\t\t<img loading=\"lazy\" decoding=\"async\" width=\"1200\" height=\"800\" src=\"https:\/\/www.villa-berlioz-hotel-lyon.com\/wp-content\/uploads\/selection-de-fruits-secs---hotel-villa-berlioz-lyon.jpg\" class=\"attachment-full size-full\" alt=\"Dattes, pruneaux et raisins secs au buffet du petit-d\u00e9jeuner \u2013 H\u00f4tel Villa Berlioz Lyon\" srcset=\"https:\/\/www.villa-berlioz-hotel-lyon.com\/wp-content\/uploads\/selection-de-fruits-secs---hotel-villa-berlioz-lyon.jpg 1200w, https:\/\/www.villa-berlioz-hotel-lyon.com\/wp-content\/uploads\/selection-de-fruits-secs---hotel-villa-berlioz-lyon-300x200.jpg 300w, https:\/\/www.villa-berlioz-hotel-lyon.com\/wp-content\/uploads\/selection-de-fruits-secs---hotel-villa-berlioz-lyon-1024x683.jpg 1024w, https:\/\/www.villa-berlioz-hotel-lyon.com\/wp-content\/uploads\/selection-de-fruits-secs---hotel-villa-berlioz-lyon-768x512.jpg 768w\" sizes=\"(max-width: 1200px) 100vw, 1200px\" \/>\t\t\t\t\t\t\t\t\t\t\t\t\t\t\t\t\t\t\t\t\t\t\t\t\t\t\t\t\t\t\t\t<div class=\"eae-grid-overlay fadeIn\">\n\t\t\t\t\t\t\t\t\t\t\t\t<div class=\"eae-grid-overlay-inner\">\n\t\t\t\t\t\t\t\t\t\t\t\t\t<div class=\"eae-icon-wrapper\">\n\t\t\t\t\t\t\t\t\t\t\t\t\t\t\t\t\t\t\t\t\t\t\t\t\t\t\t<\/div>\n\t\t\t\t\t\t\t\t\t\t\t\t\t\t\t\t\t\t\t\t\t\t\t\t\t<\/div>\n\t\t\t\t\t\t\t\t\t\t<\/div>\n\t\t\t\t\t\t\t\t\t\t\t\t\t\t\t\t\t\t\t<\/a>\n\t\t\t\t\t\t\t\t<\/div>\n\t\t\t\t\t\t\t<\/div>\n\t\t\t\t\t\t\t\t\t\t\t\t\t\t<div class=\"eae-gallery-item petit-djeuner\">\n\t\t\t\t\t\t\t\t<div class=\"eae-gallery-item-inner\">\n\t\t\t\t\t\t\t\t\t<a href=\"https:\/\/www.villa-berlioz-hotel-lyon.com\/wp-content\/uploads\/brioche-artisanale---petit-dejeuner-villa-berlioz.jpg\" data-elementor-open-lightbox=\"yes\" data-elementor-lightbox-slideshow=\"eae-fg-gallery-60552\" data-elementor-lightbox-title=\"Brioche artisanale \u2013 Petit-d\u00e9jeuner Villa Berlioz\" data-elementor-lightbox-description=\"D\u00e9licieuse brioche moelleuse servie chaque matin au buffet du petit-d\u00e9jeuner de l\u2019H\u00f4tel Villa Berlioz \u00e0 Lyon.\" data-e-action-hash=\"#elementor-action%3Aaction%3Dlightbox%26settings%3DeyJpZCI6OTg5NiwidXJsIjoiaHR0cHM6XC9cL3d3dy52aWxsYS1iZXJsaW96LWhvdGVsLWx5b24uY29tXC93cC1jb250ZW50XC91cGxvYWRzXC9icmlvY2hlLWFydGlzYW5hbGUtLS1wZXRpdC1kZWpldW5lci12aWxsYS1iZXJsaW96LmpwZyJ9\">\n\t\t\t\t\t\t\t\t\t\t\t\t\t\t\t\t\t\t\t\t\t<img loading=\"lazy\" decoding=\"async\" width=\"1200\" height=\"800\" src=\"https:\/\/www.villa-berlioz-hotel-lyon.com\/wp-content\/uploads\/brioche-artisanale---petit-dejeuner-villa-berlioz.jpg\" class=\"attachment-full size-full\" alt=\"Brioche dor\u00e9e servie au petit-d\u00e9jeuner \u2013 H\u00f4tel Villa Berlioz Lyon\" srcset=\"https:\/\/www.villa-berlioz-hotel-lyon.com\/wp-content\/uploads\/brioche-artisanale---petit-dejeuner-villa-berlioz.jpg 1200w, https:\/\/www.villa-berlioz-hotel-lyon.com\/wp-content\/uploads\/brioche-artisanale---petit-dejeuner-villa-berlioz-300x200.jpg 300w, https:\/\/www.villa-berlioz-hotel-lyon.com\/wp-content\/uploads\/brioche-artisanale---petit-dejeuner-villa-berlioz-1024x683.jpg 1024w, https:\/\/www.villa-berlioz-hotel-lyon.com\/wp-content\/uploads\/brioche-artisanale---petit-dejeuner-villa-berlioz-768x512.jpg 768w\" sizes=\"(max-width: 1200px) 100vw, 1200px\" \/>\t\t\t\t\t\t\t\t\t\t\t\t\t\t\t\t\t\t\t\t\t\t\t\t\t\t\t\t\t\t\t\t<div class=\"eae-grid-overlay fadeIn\">\n\t\t\t\t\t\t\t\t\t\t\t\t<div class=\"eae-grid-overlay-inner\">\n\t\t\t\t\t\t\t\t\t\t\t\t\t<div class=\"eae-icon-wrapper\">\n\t\t\t\t\t\t\t\t\t\t\t\t\t\t\t\t\t\t\t\t\t\t\t\t\t\t\t<\/div>\n\t\t\t\t\t\t\t\t\t\t\t\t\t\t\t\t\t\t\t\t\t\t\t\t\t<\/div>\n\t\t\t\t\t\t\t\t\t\t<\/div>\n\t\t\t\t\t\t\t\t\t\t\t\t\t\t\t\t\t\t\t<\/a>\n\t\t\t\t\t\t\t\t<\/div>\n\t\t\t\t\t\t\t<\/div>\n\t\t\t\t\t\t\t\t\t\t\t\t\t\t<div class=\"eae-gallery-item petit-djeuner\">\n\t\t\t\t\t\t\t\t<div class=\"eae-gallery-item-inner\">\n\t\t\t\t\t\t\t\t\t<a href=\"https:\/\/www.villa-berlioz-hotel-lyon.com\/wp-content\/uploads\/salade-de-fruits-frais---hotel-villa-berlioz-lyon.jpg\" data-elementor-open-lightbox=\"yes\" data-elementor-lightbox-slideshow=\"eae-fg-gallery-60552\" data-elementor-lightbox-title=\"Salade de fruits frais \u2013 H\u00f4tel Villa Berlioz Lyon\" data-elementor-lightbox-description=\"M\u00e9lange color\u00e9 de fruits frais, propos\u00e9 au buffet du petit-d\u00e9jeuner de la Villa Berlioz.\" data-e-action-hash=\"#elementor-action%3Aaction%3Dlightbox%26settings%3DeyJpZCI6OTkzMCwidXJsIjoiaHR0cHM6XC9cL3d3dy52aWxsYS1iZXJsaW96LWhvdGVsLWx5b24uY29tXC93cC1jb250ZW50XC91cGxvYWRzXC9zYWxhZGUtZGUtZnJ1aXRzLWZyYWlzLS0taG90ZWwtdmlsbGEtYmVybGlvei1seW9uLmpwZyJ9\">\n\t\t\t\t\t\t\t\t\t\t\t\t\t\t\t\t\t\t\t\t\t<img loading=\"lazy\" decoding=\"async\" width=\"1200\" height=\"800\" src=\"https:\/\/www.villa-berlioz-hotel-lyon.com\/wp-content\/uploads\/salade-de-fruits-frais---hotel-villa-berlioz-lyon.jpg\" class=\"attachment-full size-full\" alt=\"Bol de salade de fruits frais au petit-d\u00e9jeuner \u2013 H\u00f4tel Villa Berlioz Lyon\" srcset=\"https:\/\/www.villa-berlioz-hotel-lyon.com\/wp-content\/uploads\/salade-de-fruits-frais---hotel-villa-berlioz-lyon.jpg 1200w, https:\/\/www.villa-berlioz-hotel-lyon.com\/wp-content\/uploads\/salade-de-fruits-frais---hotel-villa-berlioz-lyon-300x200.jpg 300w, https:\/\/www.villa-berlioz-hotel-lyon.com\/wp-content\/uploads\/salade-de-fruits-frais---hotel-villa-berlioz-lyon-1024x683.jpg 1024w, https:\/\/www.villa-berlioz-hotel-lyon.com\/wp-content\/uploads\/salade-de-fruits-frais---hotel-villa-berlioz-lyon-768x512.jpg 768w\" sizes=\"(max-width: 1200px) 100vw, 1200px\" \/>\t\t\t\t\t\t\t\t\t\t\t\t\t\t\t\t\t\t\t\t\t\t\t\t\t\t\t\t\t\t\t\t<div class=\"eae-grid-overlay fadeIn\">\n\t\t\t\t\t\t\t\t\t\t\t\t<div class=\"eae-grid-overlay-inner\">\n\t\t\t\t\t\t\t\t\t\t\t\t\t<div class=\"eae-icon-wrapper\">\n\t\t\t\t\t\t\t\t\t\t\t\t\t\t\t\t\t\t\t\t\t\t\t\t\t\t\t<\/div>\n\t\t\t\t\t\t\t\t\t\t\t\t\t\t\t\t\t\t\t\t\t\t\t\t\t<\/div>\n\t\t\t\t\t\t\t\t\t\t<\/div>\n\t\t\t\t\t\t\t\t\t\t\t\t\t\t\t\t\t\t\t<\/a>\n\t\t\t\t\t\t\t\t<\/div>\n\t\t\t\t\t\t\t<\/div>\n\t\t\t\t\t\t\t\t\t\t\t\t\t\t<div class=\"eae-gallery-item petit-djeuner\">\n\t\t\t\t\t\t\t\t<div class=\"eae-gallery-item-inner\">\n\t\t\t\t\t\t\t\t\t<a href=\"https:\/\/www.villa-berlioz-hotel-lyon.com\/wp-content\/uploads\/petit-dejeuner-gourmand---hotel-villa-berlioz-lyon.jpg\" data-elementor-open-lightbox=\"yes\" data-elementor-lightbox-slideshow=\"eae-fg-gallery-60552\" data-elementor-lightbox-title=\"Petit-d\u00e9jeuner gourmand \u2013 H\u00f4tel Villa Berlioz Lyon\" data-elementor-lightbox-description=\"S\u00e9lection de produits sucr\u00e9s et sal\u00e9s pour le petit-d\u00e9jeuner \u00e0 l\u2019H\u00f4tel Villa Berlioz, en plein c\u0153ur de Lyon.\" data-e-action-hash=\"#elementor-action%3Aaction%3Dlightbox%26settings%3DeyJpZCI6OTkyNiwidXJsIjoiaHR0cHM6XC9cL3d3dy52aWxsYS1iZXJsaW96LWhvdGVsLWx5b24uY29tXC93cC1jb250ZW50XC91cGxvYWRzXC9wZXRpdC1kZWpldW5lci1nb3VybWFuZC0tLWhvdGVsLXZpbGxhLWJlcmxpb3otbHlvbi5qcGcifQ%3D%3D\">\n\t\t\t\t\t\t\t\t\t\t\t\t\t\t\t\t\t\t\t\t\t<img loading=\"lazy\" decoding=\"async\" width=\"1200\" height=\"800\" src=\"https:\/\/www.villa-berlioz-hotel-lyon.com\/wp-content\/uploads\/petit-dejeuner-gourmand---hotel-villa-berlioz-lyon.jpg\" class=\"attachment-full size-full\" alt=\"Buffet du petit-d\u00e9jeuner avec charcuterie, cr\u00eapes et confitures \u2013 H\u00f4tel Villa Berlioz Lyon\" srcset=\"https:\/\/www.villa-berlioz-hotel-lyon.com\/wp-content\/uploads\/petit-dejeuner-gourmand---hotel-villa-berlioz-lyon.jpg 1200w, https:\/\/www.villa-berlioz-hotel-lyon.com\/wp-content\/uploads\/petit-dejeuner-gourmand---hotel-villa-berlioz-lyon-300x200.jpg 300w, https:\/\/www.villa-berlioz-hotel-lyon.com\/wp-content\/uploads\/petit-dejeuner-gourmand---hotel-villa-berlioz-lyon-1024x683.jpg 1024w, https:\/\/www.villa-berlioz-hotel-lyon.com\/wp-content\/uploads\/petit-dejeuner-gourmand---hotel-villa-berlioz-lyon-768x512.jpg 768w\" sizes=\"(max-width: 1200px) 100vw, 1200px\" \/>\t\t\t\t\t\t\t\t\t\t\t\t\t\t\t\t\t\t\t\t\t\t\t\t\t\t\t\t\t\t\t\t<div class=\"eae-grid-overlay fadeIn\">\n\t\t\t\t\t\t\t\t\t\t\t\t<div class=\"eae-grid-overlay-inner\">\n\t\t\t\t\t\t\t\t\t\t\t\t\t<div class=\"eae-icon-wrapper\">\n\t\t\t\t\t\t\t\t\t\t\t\t\t\t\t\t\t\t\t\t\t\t\t\t\t\t\t<\/div>\n\t\t\t\t\t\t\t\t\t\t\t\t\t\t\t\t\t\t\t\t\t\t\t\t\t<\/div>\n\t\t\t\t\t\t\t\t\t\t<\/div>\n\t\t\t\t\t\t\t\t\t\t\t\t\t\t\t\t\t\t\t<\/a>\n\t\t\t\t\t\t\t\t<\/div>\n\t\t\t\t\t\t\t<\/div>\n\t\t\t\t\t\t\t\t\t\t\t\t\t\t<div class=\"eae-gallery-item petit-djeuner\">\n\t\t\t\t\t\t\t\t<div class=\"eae-gallery-item-inner\">\n\t\t\t\t\t\t\t\t\t<a href=\"https:\/\/www.villa-berlioz-hotel-lyon.com\/wp-content\/uploads\/yaourt-nature-cremeux---petit-dejeuner-villa-berlioz.jpg\" data-elementor-open-lightbox=\"yes\" data-elementor-lightbox-slideshow=\"eae-fg-gallery-60552\" data-elementor-lightbox-title=\"Yaourt nature cr\u00e9meux \u2013 Petit-d\u00e9jeuner Villa Berlioz\" data-elementor-lightbox-description=\"Yaourt onctueux disponible au buffet du petit-d\u00e9jeuner \u00e0 l\u2019H\u00f4tel Villa Berlioz, pour un repas \u00e9quilibr\u00e9.\" data-e-action-hash=\"#elementor-action%3Aaction%3Dlightbox%26settings%3DeyJpZCI6OTkzNiwidXJsIjoiaHR0cHM6XC9cL3d3dy52aWxsYS1iZXJsaW96LWhvdGVsLWx5b24uY29tXC93cC1jb250ZW50XC91cGxvYWRzXC95YW91cnQtbmF0dXJlLWNyZW1ldXgtLS1wZXRpdC1kZWpldW5lci12aWxsYS1iZXJsaW96LmpwZyJ9\">\n\t\t\t\t\t\t\t\t\t\t\t\t\t\t\t\t\t\t\t\t\t<img loading=\"lazy\" decoding=\"async\" width=\"1200\" height=\"800\" src=\"https:\/\/www.villa-berlioz-hotel-lyon.com\/wp-content\/uploads\/yaourt-nature-cremeux---petit-dejeuner-villa-berlioz.jpg\" class=\"attachment-full size-full\" alt=\"Bol de yaourt nature au buffet du petit-d\u00e9jeuner \u2013 H\u00f4tel Villa Berlioz Lyon\" srcset=\"https:\/\/www.villa-berlioz-hotel-lyon.com\/wp-content\/uploads\/yaourt-nature-cremeux---petit-dejeuner-villa-berlioz.jpg 1200w, https:\/\/www.villa-berlioz-hotel-lyon.com\/wp-content\/uploads\/yaourt-nature-cremeux---petit-dejeuner-villa-berlioz-300x200.jpg 300w, https:\/\/www.villa-berlioz-hotel-lyon.com\/wp-content\/uploads\/yaourt-nature-cremeux---petit-dejeuner-villa-berlioz-1024x683.jpg 1024w, https:\/\/www.villa-berlioz-hotel-lyon.com\/wp-content\/uploads\/yaourt-nature-cremeux---petit-dejeuner-villa-berlioz-768x512.jpg 768w\" sizes=\"(max-width: 1200px) 100vw, 1200px\" \/>\t\t\t\t\t\t\t\t\t\t\t\t\t\t\t\t\t\t\t\t\t\t\t\t\t\t\t\t\t\t\t\t<div class=\"eae-grid-overlay fadeIn\">\n\t\t\t\t\t\t\t\t\t\t\t\t<div class=\"eae-grid-overlay-inner\">\n\t\t\t\t\t\t\t\t\t\t\t\t\t<div class=\"eae-icon-wrapper\">\n\t\t\t\t\t\t\t\t\t\t\t\t\t\t\t\t\t\t\t\t\t\t\t\t\t\t\t<\/div>\n\t\t\t\t\t\t\t\t\t\t\t\t\t\t\t\t\t\t\t\t\t\t\t\t\t<\/div>\n\t\t\t\t\t\t\t\t\t\t<\/div>\n\t\t\t\t\t\t\t\t\t\t\t\t\t\t\t\t\t\t\t<\/a>\n\t\t\t\t\t\t\t\t<\/div>\n\t\t\t\t\t\t\t<\/div>\n\t\t\t\t\t\t\t\t\t\t\t\t\t\t<div class=\"eae-gallery-item petit-djeuner\">\n\t\t\t\t\t\t\t\t<div class=\"eae-gallery-item-inner\">\n\t\t\t\t\t\t\t\t\t<a href=\"https:\/\/www.villa-berlioz-hotel-lyon.com\/wp-content\/uploads\/fruits-confits---buffet-villa-berlioz-lyon.jpg\" data-elementor-open-lightbox=\"yes\" data-elementor-lightbox-slideshow=\"eae-fg-gallery-60552\" data-elementor-lightbox-title=\"Fruits confits \u2013 Buffet Villa Berlioz Lyon\" data-elementor-lightbox-description=\"S\u00e9lection de fruits confits pour accompagner les yaourts et c\u00e9r\u00e9ales au buffet de la Villa Berlioz.\" data-e-action-hash=\"#elementor-action%3Aaction%3Dlightbox%26settings%3DeyJpZCI6OTkxOCwidXJsIjoiaHR0cHM6XC9cL3d3dy52aWxsYS1iZXJsaW96LWhvdGVsLWx5b24uY29tXC93cC1jb250ZW50XC91cGxvYWRzXC9mcnVpdHMtY29uZml0cy0tLWJ1ZmZldC12aWxsYS1iZXJsaW96LWx5b24uanBnIn0%3D\">\n\t\t\t\t\t\t\t\t\t\t\t\t\t\t\t\t\t\t\t\t\t<img loading=\"lazy\" decoding=\"async\" width=\"1200\" height=\"800\" src=\"https:\/\/www.villa-berlioz-hotel-lyon.com\/wp-content\/uploads\/fruits-confits---buffet-villa-berlioz-lyon.jpg\" class=\"attachment-full size-full\" alt=\"Bol de fruits confits au buffet du petit-d\u00e9jeuner \u2013 H\u00f4tel Villa Berlioz Lyon\" srcset=\"https:\/\/www.villa-berlioz-hotel-lyon.com\/wp-content\/uploads\/fruits-confits---buffet-villa-berlioz-lyon.jpg 1200w, https:\/\/www.villa-berlioz-hotel-lyon.com\/wp-content\/uploads\/fruits-confits---buffet-villa-berlioz-lyon-300x200.jpg 300w, https:\/\/www.villa-berlioz-hotel-lyon.com\/wp-content\/uploads\/fruits-confits---buffet-villa-berlioz-lyon-1024x683.jpg 1024w, https:\/\/www.villa-berlioz-hotel-lyon.com\/wp-content\/uploads\/fruits-confits---buffet-villa-berlioz-lyon-768x512.jpg 768w\" sizes=\"(max-width: 1200px) 100vw, 1200px\" \/>\t\t\t\t\t\t\t\t\t\t\t\t\t\t\t\t\t\t\t\t\t\t\t\t\t\t\t\t\t\t\t\t<div class=\"eae-grid-overlay fadeIn\">\n\t\t\t\t\t\t\t\t\t\t\t\t<div class=\"eae-grid-overlay-inner\">\n\t\t\t\t\t\t\t\t\t\t\t\t\t<div class=\"eae-icon-wrapper\">\n\t\t\t\t\t\t\t\t\t\t\t\t\t\t\t\t\t\t\t\t\t\t\t\t\t\t\t<\/div>\n\t\t\t\t\t\t\t\t\t\t\t\t\t\t\t\t\t\t\t\t\t\t\t\t\t<\/div>\n\t\t\t\t\t\t\t\t\t\t<\/div>\n\t\t\t\t\t\t\t\t\t\t\t\t\t\t\t\t\t\t\t<\/a>\n\t\t\t\t\t\t\t\t<\/div>\n\t\t\t\t\t\t\t<\/div>\n\t\t\t\t\t\t\t\t\t\t\t\t\t\t<div class=\"eae-gallery-item petit-djeuner\">\n\t\t\t\t\t\t\t\t<div class=\"eae-gallery-item-inner\">\n\t\t\t\t\t\t\t\t\t<a href=\"https:\/\/www.villa-berlioz-hotel-lyon.com\/wp-content\/uploads\/2023\/01\/petit-dejeuner-villa-berlioz-lyon-10.jpg\" data-elementor-open-lightbox=\"yes\" data-elementor-lightbox-slideshow=\"eae-fg-gallery-60552\" data-elementor-lightbox-title=\"petit-dejeuner-hotel-lyon\" data-elementor-lightbox-description=\"S\u00e9lection de fruits confits pour accompagner les yaourts et c\u00e9r\u00e9ales au buffet de la Villa Berlioz.\" data-e-action-hash=\"#elementor-action%3Aaction%3Dlightbox%26settings%3DeyJpZCI6NzY4MywidXJsIjoiaHR0cHM6XC9cL3d3dy52aWxsYS1iZXJsaW96LWhvdGVsLWx5b24uY29tXC93cC1jb250ZW50XC91cGxvYWRzXC8yMDIzXC8wMVwvcGV0aXQtZGVqZXVuZXItdmlsbGEtYmVybGlvei1seW9uLTEwLmpwZyJ9\">\n\t\t\t\t\t\t\t\t\t\t\t\t\t\t\t\t\t\t\t\t\t<img loading=\"lazy\" decoding=\"async\" width=\"1416\" height=\"1880\" src=\"https:\/\/www.villa-berlioz-hotel-lyon.com\/wp-content\/uploads\/2023\/01\/petit-dejeuner-villa-berlioz-lyon-10.jpg\" class=\"attachment-full size-full\" alt=\"petit d\u00e9jeuner h\u00f4tel \u00e0 lyon\" srcset=\"https:\/\/www.villa-berlioz-hotel-lyon.com\/wp-content\/uploads\/2023\/01\/petit-dejeuner-villa-berlioz-lyon-10.jpg 1416w, https:\/\/www.villa-berlioz-hotel-lyon.com\/wp-content\/uploads\/2023\/01\/petit-dejeuner-villa-berlioz-lyon-10-226x300.jpg 226w, https:\/\/www.villa-berlioz-hotel-lyon.com\/wp-content\/uploads\/2023\/01\/petit-dejeuner-villa-berlioz-lyon-10-771x1024.jpg 771w, https:\/\/www.villa-berlioz-hotel-lyon.com\/wp-content\/uploads\/2023\/01\/petit-dejeuner-villa-berlioz-lyon-10-768x1020.jpg 768w, https:\/\/www.villa-berlioz-hotel-lyon.com\/wp-content\/uploads\/2023\/01\/petit-dejeuner-villa-berlioz-lyon-10-1157x1536.jpg 1157w\" sizes=\"(max-width: 1416px) 100vw, 1416px\" \/>\t\t\t\t\t\t\t\t\t\t\t\t\t\t\t\t\t\t\t\t\t\t\t\t\t\t\t\t\t\t\t\t<div class=\"eae-grid-overlay fadeIn\">\n\t\t\t\t\t\t\t\t\t\t\t\t<div class=\"eae-grid-overlay-inner\">\n\t\t\t\t\t\t\t\t\t\t\t\t\t<div class=\"eae-icon-wrapper\">\n\t\t\t\t\t\t\t\t\t\t\t\t\t\t\t\t\t\t\t\t\t\t\t\t\t\t\t<\/div>\n\t\t\t\t\t\t\t\t\t\t\t\t\t\t\t\t\t\t\t\t\t\t\t\t\t<\/div>\n\t\t\t\t\t\t\t\t\t\t<\/div>\n\t\t\t\t\t\t\t\t\t\t\t\t\t\t\t\t\t\t\t<\/a>\n\t\t\t\t\t\t\t\t<\/div>\n\t\t\t\t\t\t\t<\/div>\n\t\t\t\t\t\t\t\t\t\t\t\t\t\t<div class=\"eae-gallery-item petit-djeuner\">\n\t\t\t\t\t\t\t\t<div class=\"eae-gallery-item-inner\">\n\t\t\t\t\t\t\t\t\t<a href=\"https:\/\/www.villa-berlioz-hotel-lyon.com\/wp-content\/uploads\/oeufs-frais-pour-le-petit-dejeuner---villa-berlioz.jpg\" data-elementor-open-lightbox=\"yes\" data-elementor-lightbox-slideshow=\"eae-fg-gallery-60552\" data-elementor-lightbox-title=\"\u0152ufs frais pour le petit-d\u00e9jeuner \u2013 Villa Berlioz\" data-elementor-lightbox-description=\"S\u00e9lection d\u2019\u0153ufs frais disponibles au buffet matinal de l\u2019H\u00f4tel Villa Berlioz \u00e0 Lyon.\" data-e-action-hash=\"#elementor-action%3Aaction%3Dlightbox%26settings%3DeyJpZCI6OTkyMiwidXJsIjoiaHR0cHM6XC9cL3d3dy52aWxsYS1iZXJsaW96LWhvdGVsLWx5b24uY29tXC93cC1jb250ZW50XC91cGxvYWRzXC9vZXVmcy1mcmFpcy1wb3VyLWxlLXBldGl0LWRlamV1bmVyLS0tdmlsbGEtYmVybGlvei5qcGcifQ%3D%3D\">\n\t\t\t\t\t\t\t\t\t\t\t\t\t\t\t\t\t\t\t\t\t<img loading=\"lazy\" decoding=\"async\" width=\"1200\" height=\"800\" src=\"https:\/\/www.villa-berlioz-hotel-lyon.com\/wp-content\/uploads\/oeufs-frais-pour-le-petit-dejeuner---villa-berlioz.jpg\" class=\"attachment-full size-full\" alt=\"Corbeille d\u2019\u0153ufs frais au buffet du petit-d\u00e9jeuner \u2013 H\u00f4tel Villa Berlioz Lyon\" srcset=\"https:\/\/www.villa-berlioz-hotel-lyon.com\/wp-content\/uploads\/oeufs-frais-pour-le-petit-dejeuner---villa-berlioz.jpg 1200w, https:\/\/www.villa-berlioz-hotel-lyon.com\/wp-content\/uploads\/oeufs-frais-pour-le-petit-dejeuner---villa-berlioz-300x200.jpg 300w, https:\/\/www.villa-berlioz-hotel-lyon.com\/wp-content\/uploads\/oeufs-frais-pour-le-petit-dejeuner---villa-berlioz-1024x683.jpg 1024w, https:\/\/www.villa-berlioz-hotel-lyon.com\/wp-content\/uploads\/oeufs-frais-pour-le-petit-dejeuner---villa-berlioz-768x512.jpg 768w\" sizes=\"(max-width: 1200px) 100vw, 1200px\" \/>\t\t\t\t\t\t\t\t\t\t\t\t\t\t\t\t\t\t\t\t\t\t\t\t\t\t\t\t\t\t\t\t<div class=\"eae-grid-overlay fadeIn\">\n\t\t\t\t\t\t\t\t\t\t\t\t<div class=\"eae-grid-overlay-inner\">\n\t\t\t\t\t\t\t\t\t\t\t\t\t<div class=\"eae-icon-wrapper\">\n\t\t\t\t\t\t\t\t\t\t\t\t\t\t\t\t\t\t\t\t\t\t\t\t\t\t\t<\/div>\n\t\t\t\t\t\t\t\t\t\t\t\t\t\t\t\t\t\t\t\t\t\t\t\t\t<\/div>\n\t\t\t\t\t\t\t\t\t\t<\/div>\n\t\t\t\t\t\t\t\t\t\t\t\t\t\t\t\t\t\t\t<\/a>\n\t\t\t\t\t\t\t\t<\/div>\n\t\t\t\t\t\t\t<\/div>\n\t\t\t\t\t\t\t\t\t\t\t\t\t\t<div class=\"eae-gallery-item petit-djeuner\">\n\t\t\t\t\t\t\t\t<div class=\"eae-gallery-item-inner\">\n\t\t\t\t\t\t\t\t\t<a href=\"https:\/\/www.villa-berlioz-hotel-lyon.com\/wp-content\/uploads\/oeufs-brouilles-du-buffet---villa-berlioz.jpg\" data-elementor-open-lightbox=\"yes\" data-elementor-lightbox-slideshow=\"eae-fg-gallery-60552\" data-elementor-lightbox-title=\"\u0152ufs brouill\u00e9s du buffet \u2013 Villa Berlioz\" data-elementor-lightbox-description=\"\u0152ufs brouill\u00e9s pr\u00e9par\u00e9s chaque matin, servis chauds au buffet du petit-d\u00e9jeuner \u00e0 l\u2019H\u00f4tel Villa Berlioz \u00e0 Lyon.\" data-e-action-hash=\"#elementor-action%3Aaction%3Dlightbox%26settings%3DeyJpZCI6OTkyMCwidXJsIjoiaHR0cHM6XC9cL3d3dy52aWxsYS1iZXJsaW96LWhvdGVsLWx5b24uY29tXC93cC1jb250ZW50XC91cGxvYWRzXC9vZXVmcy1icm91aWxsZXMtZHUtYnVmZmV0LS0tdmlsbGEtYmVybGlvei5qcGcifQ%3D%3D\">\n\t\t\t\t\t\t\t\t\t\t\t\t\t\t\t\t\t\t\t\t\t<img loading=\"lazy\" decoding=\"async\" width=\"1200\" height=\"800\" src=\"https:\/\/www.villa-berlioz-hotel-lyon.com\/wp-content\/uploads\/oeufs-brouilles-du-buffet---villa-berlioz.jpg\" class=\"attachment-full size-full\" alt=\"Po\u00eale d\u2019\u0153ufs brouill\u00e9s chauds \u2013 Petit-d\u00e9jeuner H\u00f4tel Villa Berlioz Lyon\" srcset=\"https:\/\/www.villa-berlioz-hotel-lyon.com\/wp-content\/uploads\/oeufs-brouilles-du-buffet---villa-berlioz.jpg 1200w, https:\/\/www.villa-berlioz-hotel-lyon.com\/wp-content\/uploads\/oeufs-brouilles-du-buffet---villa-berlioz-300x200.jpg 300w, https:\/\/www.villa-berlioz-hotel-lyon.com\/wp-content\/uploads\/oeufs-brouilles-du-buffet---villa-berlioz-1024x683.jpg 1024w, https:\/\/www.villa-berlioz-hotel-lyon.com\/wp-content\/uploads\/oeufs-brouilles-du-buffet---villa-berlioz-768x512.jpg 768w\" sizes=\"(max-width: 1200px) 100vw, 1200px\" \/>\t\t\t\t\t\t\t\t\t\t\t\t\t\t\t\t\t\t\t\t\t\t\t\t\t\t\t\t\t\t\t\t<div class=\"eae-grid-overlay fadeIn\">\n\t\t\t\t\t\t\t\t\t\t\t\t<div class=\"eae-grid-overlay-inner\">\n\t\t\t\t\t\t\t\t\t\t\t\t\t<div class=\"eae-icon-wrapper\">\n\t\t\t\t\t\t\t\t\t\t\t\t\t\t\t\t\t\t\t\t\t\t\t\t\t\t\t<\/div>\n\t\t\t\t\t\t\t\t\t\t\t\t\t\t\t\t\t\t\t\t\t\t\t\t\t<\/div>\n\t\t\t\t\t\t\t\t\t\t<\/div>\n\t\t\t\t\t\t\t\t\t\t\t\t\t\t\t\t\t\t\t<\/a>\n\t\t\t\t\t\t\t\t<\/div>\n\t\t\t\t\t\t\t<\/div>\n\t\t\t\t\t\t\t\t\t\t\t\t\t\t<div class=\"eae-gallery-item petit-djeuner\">\n\t\t\t\t\t\t\t\t<div class=\"eae-gallery-item-inner\">\n\t\t\t\t\t\t\t\t\t<a href=\"https:\/\/www.villa-berlioz-hotel-lyon.com\/wp-content\/uploads\/2023\/01\/petit-dejeuner-villa-berlioz-lyon-7.jpg\" data-elementor-open-lightbox=\"yes\" data-elementor-lightbox-slideshow=\"eae-fg-gallery-60552\" data-elementor-lightbox-title=\"Petit d\u00e9jeuner - Villa Berlioz\" data-elementor-lightbox-description=\"\u0152ufs brouill\u00e9s pr\u00e9par\u00e9s chaque matin, servis chauds au buffet du petit-d\u00e9jeuner \u00e0 l\u2019H\u00f4tel Villa Berlioz \u00e0 Lyon.\" data-e-action-hash=\"#elementor-action%3Aaction%3Dlightbox%26settings%3DeyJpZCI6NzY3OSwidXJsIjoiaHR0cHM6XC9cL3d3dy52aWxsYS1iZXJsaW96LWhvdGVsLWx5b24uY29tXC93cC1jb250ZW50XC91cGxvYWRzXC8yMDIzXC8wMVwvcGV0aXQtZGVqZXVuZXItdmlsbGEtYmVybGlvei1seW9uLTcuanBnIn0%3D\">\n\t\t\t\t\t\t\t\t\t\t\t\t\t\t\t\t\t\t\t\t\t<img loading=\"lazy\" decoding=\"async\" width=\"1520\" height=\"1013\" src=\"https:\/\/www.villa-berlioz-hotel-lyon.com\/wp-content\/uploads\/2023\/01\/petit-dejeuner-villa-berlioz-lyon-7.jpg\" class=\"attachment-full size-full\" alt=\"Petit d\u00e9jeuner - Villa Berlioz\" srcset=\"https:\/\/www.villa-berlioz-hotel-lyon.com\/wp-content\/uploads\/2023\/01\/petit-dejeuner-villa-berlioz-lyon-7.jpg 1520w, https:\/\/www.villa-berlioz-hotel-lyon.com\/wp-content\/uploads\/2023\/01\/petit-dejeuner-villa-berlioz-lyon-7-300x200.jpg 300w, https:\/\/www.villa-berlioz-hotel-lyon.com\/wp-content\/uploads\/2023\/01\/petit-dejeuner-villa-berlioz-lyon-7-1024x682.jpg 1024w, https:\/\/www.villa-berlioz-hotel-lyon.com\/wp-content\/uploads\/2023\/01\/petit-dejeuner-villa-berlioz-lyon-7-768x512.jpg 768w\" sizes=\"(max-width: 1520px) 100vw, 1520px\" \/>\t\t\t\t\t\t\t\t\t\t\t\t\t\t\t\t\t\t\t\t\t\t\t\t\t\t\t\t\t\t\t\t<div class=\"eae-grid-overlay fadeIn\">\n\t\t\t\t\t\t\t\t\t\t\t\t<div class=\"eae-grid-overlay-inner\">\n\t\t\t\t\t\t\t\t\t\t\t\t\t<div class=\"eae-icon-wrapper\">\n\t\t\t\t\t\t\t\t\t\t\t\t\t\t\t\t\t\t\t\t\t\t\t\t\t\t\t<\/div>\n\t\t\t\t\t\t\t\t\t\t\t\t\t\t\t\t\t\t\t\t\t\t\t\t\t<\/div>\n\t\t\t\t\t\t\t\t\t\t<\/div>\n\t\t\t\t\t\t\t\t\t\t\t\t\t\t\t\t\t\t\t<\/a>\n\t\t\t\t\t\t\t\t<\/div>\n\t\t\t\t\t\t\t<\/div>\n\t\t\t\t\t\t\t\t\t\t\t\t\t\t<div class=\"eae-gallery-item petit-djeuner\">\n\t\t\t\t\t\t\t\t<div class=\"eae-gallery-item-inner\">\n\t\t\t\t\t\t\t\t\t<a href=\"https:\/\/www.villa-berlioz-hotel-lyon.com\/wp-content\/uploads\/2023\/01\/petit-dejeuner-villa-berlioz-lyon-5.jpg\" data-elementor-open-lightbox=\"yes\" data-elementor-lightbox-slideshow=\"eae-fg-gallery-60552\" data-elementor-lightbox-title=\"Petit d\u00e9jeuner - Villa Berlioz\" data-elementor-lightbox-description=\"\u0152ufs brouill\u00e9s pr\u00e9par\u00e9s chaque matin, servis chauds au buffet du petit-d\u00e9jeuner \u00e0 l\u2019H\u00f4tel Villa Berlioz \u00e0 Lyon.\" data-e-action-hash=\"#elementor-action%3Aaction%3Dlightbox%26settings%3DeyJpZCI6NzY3NywidXJsIjoiaHR0cHM6XC9cL3d3dy52aWxsYS1iZXJsaW96LWhvdGVsLWx5b24uY29tXC93cC1jb250ZW50XC91cGxvYWRzXC8yMDIzXC8wMVwvcGV0aXQtZGVqZXVuZXItdmlsbGEtYmVybGlvei1seW9uLTUuanBnIn0%3D\">\n\t\t\t\t\t\t\t\t\t\t\t\t\t\t\t\t\t\t\t\t\t<img loading=\"lazy\" decoding=\"async\" width=\"1520\" height=\"1013\" src=\"https:\/\/www.villa-berlioz-hotel-lyon.com\/wp-content\/uploads\/2023\/01\/petit-dejeuner-villa-berlioz-lyon-5.jpg\" class=\"attachment-full size-full\" alt=\"Petit d\u00e9jeuner - Villa Berlioz\" srcset=\"https:\/\/www.villa-berlioz-hotel-lyon.com\/wp-content\/uploads\/2023\/01\/petit-dejeuner-villa-berlioz-lyon-5.jpg 1520w, https:\/\/www.villa-berlioz-hotel-lyon.com\/wp-content\/uploads\/2023\/01\/petit-dejeuner-villa-berlioz-lyon-5-300x200.jpg 300w, https:\/\/www.villa-berlioz-hotel-lyon.com\/wp-content\/uploads\/2023\/01\/petit-dejeuner-villa-berlioz-lyon-5-1024x682.jpg 1024w, https:\/\/www.villa-berlioz-hotel-lyon.com\/wp-content\/uploads\/2023\/01\/petit-dejeuner-villa-berlioz-lyon-5-768x512.jpg 768w\" sizes=\"(max-width: 1520px) 100vw, 1520px\" \/>\t\t\t\t\t\t\t\t\t\t\t\t\t\t\t\t\t\t\t\t\t\t\t\t\t\t\t\t\t\t\t\t<div class=\"eae-grid-overlay fadeIn\">\n\t\t\t\t\t\t\t\t\t\t\t\t<div class=\"eae-grid-overlay-inner\">\n\t\t\t\t\t\t\t\t\t\t\t\t\t<div class=\"eae-icon-wrapper\">\n\t\t\t\t\t\t\t\t\t\t\t\t\t\t\t\t\t\t\t\t\t\t\t\t\t\t\t<\/div>\n\t\t\t\t\t\t\t\t\t\t\t\t\t\t\t\t\t\t\t\t\t\t\t\t\t<\/div>\n\t\t\t\t\t\t\t\t\t\t<\/div>\n\t\t\t\t\t\t\t\t\t\t\t\t\t\t\t\t\t\t\t<\/a>\n\t\t\t\t\t\t\t\t<\/div>\n\t\t\t\t\t\t\t<\/div>\n\t\t\t\t\t\t\t\t\t\t\t\t\t\t<div class=\"eae-gallery-item petit-djeuner\">\n\t\t\t\t\t\t\t\t<div class=\"eae-gallery-item-inner\">\n\t\t\t\t\t\t\t\t\t<a href=\"https:\/\/www.villa-berlioz-hotel-lyon.com\/wp-content\/uploads\/2023\/01\/petit-dejeuner-villa-berlioz-lyon.jpg\" data-elementor-open-lightbox=\"yes\" data-elementor-lightbox-slideshow=\"eae-fg-gallery-60552\" data-elementor-lightbox-title=\"petit-dejeuner-villa-berlioz\" data-elementor-lightbox-description=\"\u0152ufs brouill\u00e9s pr\u00e9par\u00e9s chaque matin, servis chauds au buffet du petit-d\u00e9jeuner \u00e0 l\u2019H\u00f4tel Villa Berlioz \u00e0 Lyon.\" data-e-action-hash=\"#elementor-action%3Aaction%3Dlightbox%26settings%3DeyJpZCI6NzY5MSwidXJsIjoiaHR0cHM6XC9cL3d3dy52aWxsYS1iZXJsaW96LWhvdGVsLWx5b24uY29tXC93cC1jb250ZW50XC91cGxvYWRzXC8yMDIzXC8wMVwvcGV0aXQtZGVqZXVuZXItdmlsbGEtYmVybGlvei1seW9uLmpwZyJ9\">\n\t\t\t\t\t\t\t\t\t\t\t\t\t\t\t\t\t\t\t\t\t<img loading=\"lazy\" decoding=\"async\" width=\"1520\" height=\"1013\" src=\"https:\/\/www.villa-berlioz-hotel-lyon.com\/wp-content\/uploads\/2023\/01\/petit-dejeuner-villa-berlioz-lyon.jpg\" class=\"attachment-full size-full\" alt=\"Petit d\u00e9jeuner h\u00f4tel lyon centre\" srcset=\"https:\/\/www.villa-berlioz-hotel-lyon.com\/wp-content\/uploads\/2023\/01\/petit-dejeuner-villa-berlioz-lyon.jpg 1520w, https:\/\/www.villa-berlioz-hotel-lyon.com\/wp-content\/uploads\/2023\/01\/petit-dejeuner-villa-berlioz-lyon-300x200.jpg 300w, https:\/\/www.villa-berlioz-hotel-lyon.com\/wp-content\/uploads\/2023\/01\/petit-dejeuner-villa-berlioz-lyon-1024x682.jpg 1024w, https:\/\/www.villa-berlioz-hotel-lyon.com\/wp-content\/uploads\/2023\/01\/petit-dejeuner-villa-berlioz-lyon-768x512.jpg 768w\" sizes=\"(max-width: 1520px) 100vw, 1520px\" \/>\t\t\t\t\t\t\t\t\t\t\t\t\t\t\t\t\t\t\t\t\t\t\t\t\t\t\t\t\t\t\t\t<div class=\"eae-grid-overlay fadeIn\">\n\t\t\t\t\t\t\t\t\t\t\t\t<div class=\"eae-grid-overlay-inner\">\n\t\t\t\t\t\t\t\t\t\t\t\t\t<div class=\"eae-icon-wrapper\">\n\t\t\t\t\t\t\t\t\t\t\t\t\t\t\t\t\t\t\t\t\t\t\t\t\t\t\t<\/div>\n\t\t\t\t\t\t\t\t\t\t\t\t\t\t\t\t\t\t\t\t\t\t\t\t\t<\/div>\n\t\t\t\t\t\t\t\t\t\t<\/div>\n\t\t\t\t\t\t\t\t\t\t\t\t\t\t\t\t\t\t\t<\/a>\n\t\t\t\t\t\t\t\t<\/div>\n\t\t\t\t\t\t\t<\/div>\n\t\t\t\t\t\t\t\t\t\t\t\t\t\t<div class=\"eae-gallery-item petit-djeuner\">\n\t\t\t\t\t\t\t\t<div class=\"eae-gallery-item-inner\">\n\t\t\t\t\t\t\t\t\t<a href=\"https:\/\/www.villa-berlioz-hotel-lyon.com\/wp-content\/uploads\/2021\/11\/petit-dejeuner.jpg\" data-elementor-open-lightbox=\"yes\" data-elementor-lightbox-slideshow=\"eae-fg-gallery-60552\" data-elementor-lightbox-title=\"Petit d\u00e9jeuner - Villa Berlioz\" data-elementor-lightbox-description=\"\u0152ufs brouill\u00e9s pr\u00e9par\u00e9s chaque matin, servis chauds au buffet du petit-d\u00e9jeuner \u00e0 l\u2019H\u00f4tel Villa Berlioz \u00e0 Lyon.\" data-e-action-hash=\"#elementor-action%3Aaction%3Dlightbox%26settings%3DeyJpZCI6NzYwNCwidXJsIjoiaHR0cHM6XC9cL3d3dy52aWxsYS1iZXJsaW96LWhvdGVsLWx5b24uY29tXC93cC1jb250ZW50XC91cGxvYWRzXC8yMDIxXC8xMVwvcGV0aXQtZGVqZXVuZXIuanBnIn0%3D\">\n\t\t\t\t\t\t\t\t\t\t\t\t\t\t\t\t\t\t\t\t\t<img loading=\"lazy\" decoding=\"async\" width=\"1200\" height=\"800\" src=\"https:\/\/www.villa-berlioz-hotel-lyon.com\/wp-content\/uploads\/2021\/11\/petit-dejeuner.jpg\" class=\"attachment-full size-full\" alt=\"Petit d\u00e9jeuner - Villa Berlioz\" srcset=\"https:\/\/www.villa-berlioz-hotel-lyon.com\/wp-content\/uploads\/2021\/11\/petit-dejeuner.jpg 1200w, https:\/\/www.villa-berlioz-hotel-lyon.com\/wp-content\/uploads\/2021\/11\/petit-dejeuner-300x200.jpg 300w, https:\/\/www.villa-berlioz-hotel-lyon.com\/wp-content\/uploads\/2021\/11\/petit-dejeuner-1024x683.jpg 1024w, https:\/\/www.villa-berlioz-hotel-lyon.com\/wp-content\/uploads\/2021\/11\/petit-dejeuner-768x512.jpg 768w\" sizes=\"(max-width: 1200px) 100vw, 1200px\" \/>\t\t\t\t\t\t\t\t\t\t\t\t\t\t\t\t\t\t\t\t\t\t\t\t\t\t\t\t\t\t\t\t<div class=\"eae-grid-overlay fadeIn\">\n\t\t\t\t\t\t\t\t\t\t\t\t<div class=\"eae-grid-overlay-inner\">\n\t\t\t\t\t\t\t\t\t\t\t\t\t<div class=\"eae-icon-wrapper\">\n\t\t\t\t\t\t\t\t\t\t\t\t\t\t\t\t\t\t\t\t\t\t\t\t\t\t\t<\/div>\n\t\t\t\t\t\t\t\t\t\t\t\t\t\t\t\t\t\t\t\t\t\t\t\t\t<\/div>\n\t\t\t\t\t\t\t\t\t\t<\/div>\n\t\t\t\t\t\t\t\t\t\t\t\t\t\t\t\t\t\t\t<\/a>\n\t\t\t\t\t\t\t\t<\/div>\n\t\t\t\t\t\t\t<\/div>\n\t\t\t\t\t\t\t\t\t\t\t\t\t\t<div class=\"eae-gallery-item petit-djeuner\">\n\t\t\t\t\t\t\t\t<div class=\"eae-gallery-item-inner\">\n\t\t\t\t\t\t\t\t\t<a href=\"https:\/\/www.villa-berlioz-hotel-lyon.com\/wp-content\/uploads\/2021\/11\/petit-dejeuner-hotel-lyon-15.webp\" data-elementor-open-lightbox=\"yes\" data-elementor-lightbox-slideshow=\"eae-fg-gallery-60552\" data-elementor-lightbox-title=\"Petit d\u00e9jeuner - H\u00f4tel Villa Berlioz Lyon\" data-elementor-lightbox-description=\"\u0152ufs brouill\u00e9s pr\u00e9par\u00e9s chaque matin, servis chauds au buffet du petit-d\u00e9jeuner \u00e0 l\u2019H\u00f4tel Villa Berlioz \u00e0 Lyon.\" data-e-action-hash=\"#elementor-action%3Aaction%3Dlightbox%26settings%3DeyJpZCI6OTAzMCwidXJsIjoiaHR0cHM6XC9cL3d3dy52aWxsYS1iZXJsaW96LWhvdGVsLWx5b24uY29tXC93cC1jb250ZW50XC91cGxvYWRzXC8yMDIxXC8xMVwvcGV0aXQtZGVqZXVuZXItaG90ZWwtbHlvbi0xNS53ZWJwIn0%3D\">\n\t\t\t\t\t\t\t\t\t\t\t\t\t\t\t\t\t\t\t\t\t<img loading=\"lazy\" decoding=\"async\" width=\"1200\" height=\"900\" src=\"https:\/\/www.villa-berlioz-hotel-lyon.com\/wp-content\/uploads\/2021\/11\/petit-dejeuner-hotel-lyon-15.webp\" class=\"attachment-full size-full\" alt=\"Petit d\u00e9jeuner - H\u00f4tel Villa Berlioz Lyon\" srcset=\"https:\/\/www.villa-berlioz-hotel-lyon.com\/wp-content\/uploads\/2021\/11\/petit-dejeuner-hotel-lyon-15.webp 1200w, https:\/\/www.villa-berlioz-hotel-lyon.com\/wp-content\/uploads\/2021\/11\/petit-dejeuner-hotel-lyon-15-300x225.webp 300w, https:\/\/www.villa-berlioz-hotel-lyon.com\/wp-content\/uploads\/2021\/11\/petit-dejeuner-hotel-lyon-15-1024x768.webp 1024w, https:\/\/www.villa-berlioz-hotel-lyon.com\/wp-content\/uploads\/2021\/11\/petit-dejeuner-hotel-lyon-15-768x576.webp 768w\" sizes=\"(max-width: 1200px) 100vw, 1200px\" \/>\t\t\t\t\t\t\t\t\t\t\t\t\t\t\t\t\t\t\t\t\t\t\t\t\t\t\t\t\t\t\t\t<div class=\"eae-grid-overlay fadeIn\">\n\t\t\t\t\t\t\t\t\t\t\t\t<div class=\"eae-grid-overlay-inner\">\n\t\t\t\t\t\t\t\t\t\t\t\t\t<div class=\"eae-icon-wrapper\">\n\t\t\t\t\t\t\t\t\t\t\t\t\t\t\t\t\t\t\t\t\t\t\t\t\t\t\t<\/div>\n\t\t\t\t\t\t\t\t\t\t\t\t\t\t\t\t\t\t\t\t\t\t\t\t\t<\/div>\n\t\t\t\t\t\t\t\t\t\t<\/div>\n\t\t\t\t\t\t\t\t\t\t\t\t\t\t\t\t\t\t\t<\/a>\n\t\t\t\t\t\t\t\t<\/div>\n\t\t\t\t\t\t\t<\/div>\n\t\t\t\t\t\t\t\t\t\t\t\t\t\t<div class=\"eae-gallery-item petit-djeuner\">\n\t\t\t\t\t\t\t\t<div class=\"eae-gallery-item-inner\">\n\t\t\t\t\t\t\t\t\t<a href=\"https:\/\/www.villa-berlioz-hotel-lyon.com\/wp-content\/uploads\/2021\/11\/petit-dejeuner-hotel-lyon-14.webp\" data-elementor-open-lightbox=\"yes\" data-elementor-lightbox-slideshow=\"eae-fg-gallery-60552\" data-elementor-lightbox-title=\"Petit d\u00e9jeuner - H\u00f4tel Villa Berlioz Lyon\" data-elementor-lightbox-description=\"\u0152ufs brouill\u00e9s pr\u00e9par\u00e9s chaque matin, servis chauds au buffet du petit-d\u00e9jeuner \u00e0 l\u2019H\u00f4tel Villa Berlioz \u00e0 Lyon.\" data-e-action-hash=\"#elementor-action%3Aaction%3Dlightbox%26settings%3DeyJpZCI6OTAyOCwidXJsIjoiaHR0cHM6XC9cL3d3dy52aWxsYS1iZXJsaW96LWhvdGVsLWx5b24uY29tXC93cC1jb250ZW50XC91cGxvYWRzXC8yMDIxXC8xMVwvcGV0aXQtZGVqZXVuZXItaG90ZWwtbHlvbi0xNC53ZWJwIn0%3D\">\n\t\t\t\t\t\t\t\t\t\t\t\t\t\t\t\t\t\t\t\t\t<img loading=\"lazy\" decoding=\"async\" width=\"800\" height=\"1067\" src=\"https:\/\/www.villa-berlioz-hotel-lyon.com\/wp-content\/uploads\/2021\/11\/petit-dejeuner-hotel-lyon-14.webp\" class=\"attachment-full size-full\" alt=\"Petit d\u00e9jeuner - H\u00f4tel Villa Berlioz Lyon\" srcset=\"https:\/\/www.villa-berlioz-hotel-lyon.com\/wp-content\/uploads\/2021\/11\/petit-dejeuner-hotel-lyon-14.webp 800w, https:\/\/www.villa-berlioz-hotel-lyon.com\/wp-content\/uploads\/2021\/11\/petit-dejeuner-hotel-lyon-14-225x300.webp 225w, https:\/\/www.villa-berlioz-hotel-lyon.com\/wp-content\/uploads\/2021\/11\/petit-dejeuner-hotel-lyon-14-768x1024.webp 768w\" sizes=\"(max-width: 800px) 100vw, 800px\" \/>\t\t\t\t\t\t\t\t\t\t\t\t\t\t\t\t\t\t\t\t\t\t\t\t\t\t\t\t\t\t\t\t<div class=\"eae-grid-overlay fadeIn\">\n\t\t\t\t\t\t\t\t\t\t\t\t<div class=\"eae-grid-overlay-inner\">\n\t\t\t\t\t\t\t\t\t\t\t\t\t<div class=\"eae-icon-wrapper\">\n\t\t\t\t\t\t\t\t\t\t\t\t\t\t\t\t\t\t\t\t\t\t\t\t\t\t\t<\/div>\n\t\t\t\t\t\t\t\t\t\t\t\t\t\t\t\t\t\t\t\t\t\t\t\t\t<\/div>\n\t\t\t\t\t\t\t\t\t\t<\/div>\n\t\t\t\t\t\t\t\t\t\t\t\t\t\t\t\t\t\t\t<\/a>\n\t\t\t\t\t\t\t\t<\/div>\n\t\t\t\t\t\t\t<\/div>\n\t\t\t\t\t\t\t\t\t\t\t\t\t\t<div class=\"eae-gallery-item petit-djeuner\">\n\t\t\t\t\t\t\t\t<div class=\"eae-gallery-item-inner\">\n\t\t\t\t\t\t\t\t\t<a href=\"https:\/\/www.villa-berlioz-hotel-lyon.com\/wp-content\/uploads\/2021\/11\/petit-dejeuner-hotel-lyon-13.webp\" data-elementor-open-lightbox=\"yes\" data-elementor-lightbox-slideshow=\"eae-fg-gallery-60552\" data-elementor-lightbox-title=\"Petit d\u00e9jeuner - H\u00f4tel Villa Berlioz Lyon\" data-elementor-lightbox-description=\"\u0152ufs brouill\u00e9s pr\u00e9par\u00e9s chaque matin, servis chauds au buffet du petit-d\u00e9jeuner \u00e0 l\u2019H\u00f4tel Villa Berlioz \u00e0 Lyon.\" data-e-action-hash=\"#elementor-action%3Aaction%3Dlightbox%26settings%3DeyJpZCI6OTAyNiwidXJsIjoiaHR0cHM6XC9cL3d3dy52aWxsYS1iZXJsaW96LWhvdGVsLWx5b24uY29tXC93cC1jb250ZW50XC91cGxvYWRzXC8yMDIxXC8xMVwvcGV0aXQtZGVqZXVuZXItaG90ZWwtbHlvbi0xMy53ZWJwIn0%3D\">\n\t\t\t\t\t\t\t\t\t\t\t\t\t\t\t\t\t\t\t\t\t<img loading=\"lazy\" decoding=\"async\" width=\"1200\" height=\"900\" src=\"https:\/\/www.villa-berlioz-hotel-lyon.com\/wp-content\/uploads\/2021\/11\/petit-dejeuner-hotel-lyon-13.webp\" class=\"attachment-full size-full\" alt=\"Petit d\u00e9jeuner - H\u00f4tel Villa Berlioz Lyon\" srcset=\"https:\/\/www.villa-berlioz-hotel-lyon.com\/wp-content\/uploads\/2021\/11\/petit-dejeuner-hotel-lyon-13.webp 1200w, https:\/\/www.villa-berlioz-hotel-lyon.com\/wp-content\/uploads\/2021\/11\/petit-dejeuner-hotel-lyon-13-300x225.webp 300w, https:\/\/www.villa-berlioz-hotel-lyon.com\/wp-content\/uploads\/2021\/11\/petit-dejeuner-hotel-lyon-13-1024x768.webp 1024w, https:\/\/www.villa-berlioz-hotel-lyon.com\/wp-content\/uploads\/2021\/11\/petit-dejeuner-hotel-lyon-13-768x576.webp 768w\" sizes=\"(max-width: 1200px) 100vw, 1200px\" \/>\t\t\t\t\t\t\t\t\t\t\t\t\t\t\t\t\t\t\t\t\t\t\t\t\t\t\t\t\t\t\t\t<div class=\"eae-grid-overlay fadeIn\">\n\t\t\t\t\t\t\t\t\t\t\t\t<div class=\"eae-grid-overlay-inner\">\n\t\t\t\t\t\t\t\t\t\t\t\t\t<div class=\"eae-icon-wrapper\">\n\t\t\t\t\t\t\t\t\t\t\t\t\t\t\t\t\t\t\t\t\t\t\t\t\t\t\t<\/div>\n\t\t\t\t\t\t\t\t\t\t\t\t\t\t\t\t\t\t\t\t\t\t\t\t\t<\/div>\n\t\t\t\t\t\t\t\t\t\t<\/div>\n\t\t\t\t\t\t\t\t\t\t\t\t\t\t\t\t\t\t\t<\/a>\n\t\t\t\t\t\t\t\t<\/div>\n\t\t\t\t\t\t\t<\/div>\n\t\t\t\t\t\t\t\t\t\t\t\t\t\t<div class=\"eae-gallery-item petit-djeuner\">\n\t\t\t\t\t\t\t\t<div class=\"eae-gallery-item-inner\">\n\t\t\t\t\t\t\t\t\t<a href=\"https:\/\/www.villa-berlioz-hotel-lyon.com\/wp-content\/uploads\/2021\/11\/petit-dejeuner-hotel-lyon-12.webp\" data-elementor-open-lightbox=\"yes\" data-elementor-lightbox-slideshow=\"eae-fg-gallery-60552\" data-elementor-lightbox-title=\"Petit d\u00e9jeuner - H\u00f4tel Villa Berlioz Lyon\" data-elementor-lightbox-description=\"\u0152ufs brouill\u00e9s pr\u00e9par\u00e9s chaque matin, servis chauds au buffet du petit-d\u00e9jeuner \u00e0 l\u2019H\u00f4tel Villa Berlioz \u00e0 Lyon.\" data-e-action-hash=\"#elementor-action%3Aaction%3Dlightbox%26settings%3DeyJpZCI6OTAyNCwidXJsIjoiaHR0cHM6XC9cL3d3dy52aWxsYS1iZXJsaW96LWhvdGVsLWx5b24uY29tXC93cC1jb250ZW50XC91cGxvYWRzXC8yMDIxXC8xMVwvcGV0aXQtZGVqZXVuZXItaG90ZWwtbHlvbi0xMi53ZWJwIn0%3D\">\n\t\t\t\t\t\t\t\t\t\t\t\t\t\t\t\t\t\t\t\t\t<img loading=\"lazy\" decoding=\"async\" width=\"1200\" height=\"900\" src=\"https:\/\/www.villa-berlioz-hotel-lyon.com\/wp-content\/uploads\/2021\/11\/petit-dejeuner-hotel-lyon-12.webp\" class=\"attachment-full size-full\" alt=\"Petit d\u00e9jeuner - H\u00f4tel Villa Berlioz Lyon\" srcset=\"https:\/\/www.villa-berlioz-hotel-lyon.com\/wp-content\/uploads\/2021\/11\/petit-dejeuner-hotel-lyon-12.webp 1200w, https:\/\/www.villa-berlioz-hotel-lyon.com\/wp-content\/uploads\/2021\/11\/petit-dejeuner-hotel-lyon-12-300x225.webp 300w, https:\/\/www.villa-berlioz-hotel-lyon.com\/wp-content\/uploads\/2021\/11\/petit-dejeuner-hotel-lyon-12-1024x768.webp 1024w, https:\/\/www.villa-berlioz-hotel-lyon.com\/wp-content\/uploads\/2021\/11\/petit-dejeuner-hotel-lyon-12-768x576.webp 768w\" sizes=\"(max-width: 1200px) 100vw, 1200px\" \/>\t\t\t\t\t\t\t\t\t\t\t\t\t\t\t\t\t\t\t\t\t\t\t\t\t\t\t\t\t\t\t\t<div class=\"eae-grid-overlay fadeIn\">\n\t\t\t\t\t\t\t\t\t\t\t\t<div class=\"eae-grid-overlay-inner\">\n\t\t\t\t\t\t\t\t\t\t\t\t\t<div class=\"eae-icon-wrapper\">\n\t\t\t\t\t\t\t\t\t\t\t\t\t\t\t\t\t\t\t\t\t\t\t\t\t\t\t<\/div>\n\t\t\t\t\t\t\t\t\t\t\t\t\t\t\t\t\t\t\t\t\t\t\t\t\t<\/div>\n\t\t\t\t\t\t\t\t\t\t<\/div>\n\t\t\t\t\t\t\t\t\t\t\t\t\t\t\t\t\t\t\t<\/a>\n\t\t\t\t\t\t\t\t<\/div>\n\t\t\t\t\t\t\t<\/div>\n\t\t\t\t\t\t\t\t\t\t\t\t\t\t<div class=\"eae-gallery-item petit-djeuner\">\n\t\t\t\t\t\t\t\t<div class=\"eae-gallery-item-inner\">\n\t\t\t\t\t\t\t\t\t<a href=\"https:\/\/www.villa-berlioz-hotel-lyon.com\/wp-content\/uploads\/2021\/11\/petit-dejeuner-hotel-lyon-11.webp\" data-elementor-open-lightbox=\"yes\" data-elementor-lightbox-slideshow=\"eae-fg-gallery-60552\" data-elementor-lightbox-title=\"Petit d\u00e9jeuner - H\u00f4tel Villa Berlioz Lyon\" data-elementor-lightbox-description=\"\u0152ufs brouill\u00e9s pr\u00e9par\u00e9s chaque matin, servis chauds au buffet du petit-d\u00e9jeuner \u00e0 l\u2019H\u00f4tel Villa Berlioz \u00e0 Lyon.\" data-e-action-hash=\"#elementor-action%3Aaction%3Dlightbox%26settings%3DeyJpZCI6OTAyMiwidXJsIjoiaHR0cHM6XC9cL3d3dy52aWxsYS1iZXJsaW96LWhvdGVsLWx5b24uY29tXC93cC1jb250ZW50XC91cGxvYWRzXC8yMDIxXC8xMVwvcGV0aXQtZGVqZXVuZXItaG90ZWwtbHlvbi0xMS53ZWJwIn0%3D\">\n\t\t\t\t\t\t\t\t\t\t\t\t\t\t\t\t\t\t\t\t\t<img loading=\"lazy\" decoding=\"async\" width=\"1200\" height=\"900\" src=\"https:\/\/www.villa-berlioz-hotel-lyon.com\/wp-content\/uploads\/2021\/11\/petit-dejeuner-hotel-lyon-11.webp\" class=\"attachment-full size-full\" alt=\"Petit d\u00e9jeuner - H\u00f4tel Villa Berlioz Lyon\" srcset=\"https:\/\/www.villa-berlioz-hotel-lyon.com\/wp-content\/uploads\/2021\/11\/petit-dejeuner-hotel-lyon-11.webp 1200w, https:\/\/www.villa-berlioz-hotel-lyon.com\/wp-content\/uploads\/2021\/11\/petit-dejeuner-hotel-lyon-11-300x225.webp 300w, https:\/\/www.villa-berlioz-hotel-lyon.com\/wp-content\/uploads\/2021\/11\/petit-dejeuner-hotel-lyon-11-1024x768.webp 1024w, https:\/\/www.villa-berlioz-hotel-lyon.com\/wp-content\/uploads\/2021\/11\/petit-dejeuner-hotel-lyon-11-768x576.webp 768w\" sizes=\"(max-width: 1200px) 100vw, 1200px\" \/>\t\t\t\t\t\t\t\t\t\t\t\t\t\t\t\t\t\t\t\t\t\t\t\t\t\t\t\t\t\t\t\t<div class=\"eae-grid-overlay fadeIn\">\n\t\t\t\t\t\t\t\t\t\t\t\t<div class=\"eae-grid-overlay-inner\">\n\t\t\t\t\t\t\t\t\t\t\t\t\t<div class=\"eae-icon-wrapper\">\n\t\t\t\t\t\t\t\t\t\t\t\t\t\t\t\t\t\t\t\t\t\t\t\t\t\t\t<\/div>\n\t\t\t\t\t\t\t\t\t\t\t\t\t\t\t\t\t\t\t\t\t\t\t\t\t<\/div>\n\t\t\t\t\t\t\t\t\t\t<\/div>\n\t\t\t\t\t\t\t\t\t\t\t\t\t\t\t\t\t\t\t<\/a>\n\t\t\t\t\t\t\t\t<\/div>\n\t\t\t\t\t\t\t<\/div>\n\t\t\t\t\t\t\t\t\t\t\t\t\t\t<div class=\"eae-gallery-item petit-djeuner\">\n\t\t\t\t\t\t\t\t<div class=\"eae-gallery-item-inner\">\n\t\t\t\t\t\t\t\t\t<a href=\"https:\/\/www.villa-berlioz-hotel-lyon.com\/wp-content\/uploads\/2021\/11\/petit-dejeuner-hotel-lyon-10.webp\" data-elementor-open-lightbox=\"yes\" data-elementor-lightbox-slideshow=\"eae-fg-gallery-60552\" data-elementor-lightbox-title=\"Petit d\u00e9jeuner - H\u00f4tel Villa Berlioz Lyon\" data-elementor-lightbox-description=\"\u0152ufs brouill\u00e9s pr\u00e9par\u00e9s chaque matin, servis chauds au buffet du petit-d\u00e9jeuner \u00e0 l\u2019H\u00f4tel Villa Berlioz \u00e0 Lyon.\" data-e-action-hash=\"#elementor-action%3Aaction%3Dlightbox%26settings%3DeyJpZCI6OTAyMCwidXJsIjoiaHR0cHM6XC9cL3d3dy52aWxsYS1iZXJsaW96LWhvdGVsLWx5b24uY29tXC93cC1jb250ZW50XC91cGxvYWRzXC8yMDIxXC8xMVwvcGV0aXQtZGVqZXVuZXItaG90ZWwtbHlvbi0xMC53ZWJwIn0%3D\">\n\t\t\t\t\t\t\t\t\t\t\t\t\t\t\t\t\t\t\t\t\t<img loading=\"lazy\" decoding=\"async\" width=\"1200\" height=\"900\" src=\"https:\/\/www.villa-berlioz-hotel-lyon.com\/wp-content\/uploads\/2021\/11\/petit-dejeuner-hotel-lyon-10.webp\" class=\"attachment-full size-full\" alt=\"Petit d\u00e9jeuner - H\u00f4tel Villa Berlioz Lyon\" srcset=\"https:\/\/www.villa-berlioz-hotel-lyon.com\/wp-content\/uploads\/2021\/11\/petit-dejeuner-hotel-lyon-10.webp 1200w, https:\/\/www.villa-berlioz-hotel-lyon.com\/wp-content\/uploads\/2021\/11\/petit-dejeuner-hotel-lyon-10-300x225.webp 300w, https:\/\/www.villa-berlioz-hotel-lyon.com\/wp-content\/uploads\/2021\/11\/petit-dejeuner-hotel-lyon-10-1024x768.webp 1024w, https:\/\/www.villa-berlioz-hotel-lyon.com\/wp-content\/uploads\/2021\/11\/petit-dejeuner-hotel-lyon-10-768x576.webp 768w\" sizes=\"(max-width: 1200px) 100vw, 1200px\" \/>\t\t\t\t\t\t\t\t\t\t\t\t\t\t\t\t\t\t\t\t\t\t\t\t\t\t\t\t\t\t\t\t<div class=\"eae-grid-overlay fadeIn\">\n\t\t\t\t\t\t\t\t\t\t\t\t<div class=\"eae-grid-overlay-inner\">\n\t\t\t\t\t\t\t\t\t\t\t\t\t<div class=\"eae-icon-wrapper\">\n\t\t\t\t\t\t\t\t\t\t\t\t\t\t\t\t\t\t\t\t\t\t\t\t\t\t\t<\/div>\n\t\t\t\t\t\t\t\t\t\t\t\t\t\t\t\t\t\t\t\t\t\t\t\t\t<\/div>\n\t\t\t\t\t\t\t\t\t\t<\/div>\n\t\t\t\t\t\t\t\t\t\t\t\t\t\t\t\t\t\t\t<\/a>\n\t\t\t\t\t\t\t\t<\/div>\n\t\t\t\t\t\t\t<\/div>\n\t\t\t\t\t\t\t\t\t\t\t\t\t\t<div class=\"eae-gallery-item petit-djeuner\">\n\t\t\t\t\t\t\t\t<div class=\"eae-gallery-item-inner\">\n\t\t\t\t\t\t\t\t\t<a href=\"https:\/\/www.villa-berlioz-hotel-lyon.com\/wp-content\/uploads\/2021\/11\/petit-dejeuner-hotel-lyon-9.webp\" data-elementor-open-lightbox=\"yes\" data-elementor-lightbox-slideshow=\"eae-fg-gallery-60552\" data-elementor-lightbox-title=\"Petit d\u00e9jeuner - H\u00f4tel Villa Berlioz Lyon\" data-elementor-lightbox-description=\"\u0152ufs brouill\u00e9s pr\u00e9par\u00e9s chaque matin, servis chauds au buffet du petit-d\u00e9jeuner \u00e0 l\u2019H\u00f4tel Villa Berlioz \u00e0 Lyon.\" data-e-action-hash=\"#elementor-action%3Aaction%3Dlightbox%26settings%3DeyJpZCI6OTAxOCwidXJsIjoiaHR0cHM6XC9cL3d3dy52aWxsYS1iZXJsaW96LWhvdGVsLWx5b24uY29tXC93cC1jb250ZW50XC91cGxvYWRzXC8yMDIxXC8xMVwvcGV0aXQtZGVqZXVuZXItaG90ZWwtbHlvbi05LndlYnAifQ%3D%3D\">\n\t\t\t\t\t\t\t\t\t\t\t\t\t\t\t\t\t\t\t\t\t<img loading=\"lazy\" decoding=\"async\" width=\"1200\" height=\"900\" src=\"https:\/\/www.villa-berlioz-hotel-lyon.com\/wp-content\/uploads\/2021\/11\/petit-dejeuner-hotel-lyon-9.webp\" class=\"attachment-full size-full\" alt=\"Petit d\u00e9jeuner - H\u00f4tel Villa Berlioz Lyon\" srcset=\"https:\/\/www.villa-berlioz-hotel-lyon.com\/wp-content\/uploads\/2021\/11\/petit-dejeuner-hotel-lyon-9.webp 1200w, https:\/\/www.villa-berlioz-hotel-lyon.com\/wp-content\/uploads\/2021\/11\/petit-dejeuner-hotel-lyon-9-300x225.webp 300w, https:\/\/www.villa-berlioz-hotel-lyon.com\/wp-content\/uploads\/2021\/11\/petit-dejeuner-hotel-lyon-9-1024x768.webp 1024w, https:\/\/www.villa-berlioz-hotel-lyon.com\/wp-content\/uploads\/2021\/11\/petit-dejeuner-hotel-lyon-9-768x576.webp 768w\" sizes=\"(max-width: 1200px) 100vw, 1200px\" \/>\t\t\t\t\t\t\t\t\t\t\t\t\t\t\t\t\t\t\t\t\t\t\t\t\t\t\t\t\t\t\t\t<div class=\"eae-grid-overlay fadeIn\">\n\t\t\t\t\t\t\t\t\t\t\t\t<div class=\"eae-grid-overlay-inner\">\n\t\t\t\t\t\t\t\t\t\t\t\t\t<div class=\"eae-icon-wrapper\">\n\t\t\t\t\t\t\t\t\t\t\t\t\t\t\t\t\t\t\t\t\t\t\t\t\t\t\t<\/div>\n\t\t\t\t\t\t\t\t\t\t\t\t\t\t\t\t\t\t\t\t\t\t\t\t\t<\/div>\n\t\t\t\t\t\t\t\t\t\t<\/div>\n\t\t\t\t\t\t\t\t\t\t\t\t\t\t\t\t\t\t\t<\/a>\n\t\t\t\t\t\t\t\t<\/div>\n\t\t\t\t\t\t\t<\/div>\n\t\t\t\t\t\t\t\t\t\t\t\t\t\t<div class=\"eae-gallery-item petit-djeuner\">\n\t\t\t\t\t\t\t\t<div class=\"eae-gallery-item-inner\">\n\t\t\t\t\t\t\t\t\t<a href=\"https:\/\/www.villa-berlioz-hotel-lyon.com\/wp-content\/uploads\/2021\/11\/petit-dejeuner-hotel-lyon-8.webp\" data-elementor-open-lightbox=\"yes\" data-elementor-lightbox-slideshow=\"eae-fg-gallery-60552\" data-elementor-lightbox-title=\"Petit d\u00e9jeuner - H\u00f4tel Villa Berlioz Lyon\" data-elementor-lightbox-description=\"\u0152ufs brouill\u00e9s pr\u00e9par\u00e9s chaque matin, servis chauds au buffet du petit-d\u00e9jeuner \u00e0 l\u2019H\u00f4tel Villa Berlioz \u00e0 Lyon.\" data-e-action-hash=\"#elementor-action%3Aaction%3Dlightbox%26settings%3DeyJpZCI6OTAxNiwidXJsIjoiaHR0cHM6XC9cL3d3dy52aWxsYS1iZXJsaW96LWhvdGVsLWx5b24uY29tXC93cC1jb250ZW50XC91cGxvYWRzXC8yMDIxXC8xMVwvcGV0aXQtZGVqZXVuZXItaG90ZWwtbHlvbi04LndlYnAifQ%3D%3D\">\n\t\t\t\t\t\t\t\t\t\t\t\t\t\t\t\t\t\t\t\t\t<img loading=\"lazy\" decoding=\"async\" width=\"1200\" height=\"900\" src=\"https:\/\/www.villa-berlioz-hotel-lyon.com\/wp-content\/uploads\/2021\/11\/petit-dejeuner-hotel-lyon-8.webp\" class=\"attachment-full size-full\" alt=\"Petit d\u00e9jeuner - H\u00f4tel Villa Berlioz Lyon\" srcset=\"https:\/\/www.villa-berlioz-hotel-lyon.com\/wp-content\/uploads\/2021\/11\/petit-dejeuner-hotel-lyon-8.webp 1200w, https:\/\/www.villa-berlioz-hotel-lyon.com\/wp-content\/uploads\/2021\/11\/petit-dejeuner-hotel-lyon-8-300x225.webp 300w, https:\/\/www.villa-berlioz-hotel-lyon.com\/wp-content\/uploads\/2021\/11\/petit-dejeuner-hotel-lyon-8-1024x768.webp 1024w, https:\/\/www.villa-berlioz-hotel-lyon.com\/wp-content\/uploads\/2021\/11\/petit-dejeuner-hotel-lyon-8-768x576.webp 768w\" sizes=\"(max-width: 1200px) 100vw, 1200px\" \/>\t\t\t\t\t\t\t\t\t\t\t\t\t\t\t\t\t\t\t\t\t\t\t\t\t\t\t\t\t\t\t\t<div class=\"eae-grid-overlay fadeIn\">\n\t\t\t\t\t\t\t\t\t\t\t\t<div class=\"eae-grid-overlay-inner\">\n\t\t\t\t\t\t\t\t\t\t\t\t\t<div class=\"eae-icon-wrapper\">\n\t\t\t\t\t\t\t\t\t\t\t\t\t\t\t\t\t\t\t\t\t\t\t\t\t\t\t<\/div>\n\t\t\t\t\t\t\t\t\t\t\t\t\t\t\t\t\t\t\t\t\t\t\t\t\t<\/div>\n\t\t\t\t\t\t\t\t\t\t<\/div>\n\t\t\t\t\t\t\t\t\t\t\t\t\t\t\t\t\t\t\t<\/a>\n\t\t\t\t\t\t\t\t<\/div>\n\t\t\t\t\t\t\t<\/div>\n\t\t\t\t\t\t\t\t\t\t\t\t\t\t<div class=\"eae-gallery-item petit-djeuner\">\n\t\t\t\t\t\t\t\t<div class=\"eae-gallery-item-inner\">\n\t\t\t\t\t\t\t\t\t<a href=\"https:\/\/www.villa-berlioz-hotel-lyon.com\/wp-content\/uploads\/2021\/11\/petit-dejeuner-hotel-lyon-7.webp\" data-elementor-open-lightbox=\"yes\" data-elementor-lightbox-slideshow=\"eae-fg-gallery-60552\" data-elementor-lightbox-title=\"Petit d\u00e9jeuner - H\u00f4tel Villa Berlioz Lyon\" data-elementor-lightbox-description=\"\u0152ufs brouill\u00e9s pr\u00e9par\u00e9s chaque matin, servis chauds au buffet du petit-d\u00e9jeuner \u00e0 l\u2019H\u00f4tel Villa Berlioz \u00e0 Lyon.\" data-e-action-hash=\"#elementor-action%3Aaction%3Dlightbox%26settings%3DeyJpZCI6OTAxNCwidXJsIjoiaHR0cHM6XC9cL3d3dy52aWxsYS1iZXJsaW96LWhvdGVsLWx5b24uY29tXC93cC1jb250ZW50XC91cGxvYWRzXC8yMDIxXC8xMVwvcGV0aXQtZGVqZXVuZXItaG90ZWwtbHlvbi03LndlYnAifQ%3D%3D\">\n\t\t\t\t\t\t\t\t\t\t\t\t\t\t\t\t\t\t\t\t\t<img loading=\"lazy\" decoding=\"async\" width=\"1200\" height=\"900\" src=\"https:\/\/www.villa-berlioz-hotel-lyon.com\/wp-content\/uploads\/2021\/11\/petit-dejeuner-hotel-lyon-7.webp\" class=\"attachment-full size-full\" alt=\"Petit d\u00e9jeuner - H\u00f4tel Villa Berlioz Lyon\" srcset=\"https:\/\/www.villa-berlioz-hotel-lyon.com\/wp-content\/uploads\/2021\/11\/petit-dejeuner-hotel-lyon-7.webp 1200w, https:\/\/www.villa-berlioz-hotel-lyon.com\/wp-content\/uploads\/2021\/11\/petit-dejeuner-hotel-lyon-7-300x225.webp 300w, https:\/\/www.villa-berlioz-hotel-lyon.com\/wp-content\/uploads\/2021\/11\/petit-dejeuner-hotel-lyon-7-1024x768.webp 1024w, https:\/\/www.villa-berlioz-hotel-lyon.com\/wp-content\/uploads\/2021\/11\/petit-dejeuner-hotel-lyon-7-768x576.webp 768w\" sizes=\"(max-width: 1200px) 100vw, 1200px\" \/>\t\t\t\t\t\t\t\t\t\t\t\t\t\t\t\t\t\t\t\t\t\t\t\t\t\t\t\t\t\t\t\t<div class=\"eae-grid-overlay fadeIn\">\n\t\t\t\t\t\t\t\t\t\t\t\t<div class=\"eae-grid-overlay-inner\">\n\t\t\t\t\t\t\t\t\t\t\t\t\t<div class=\"eae-icon-wrapper\">\n\t\t\t\t\t\t\t\t\t\t\t\t\t\t\t\t\t\t\t\t\t\t\t\t\t\t\t<\/div>\n\t\t\t\t\t\t\t\t\t\t\t\t\t\t\t\t\t\t\t\t\t\t\t\t\t<\/div>\n\t\t\t\t\t\t\t\t\t\t<\/div>\n\t\t\t\t\t\t\t\t\t\t\t\t\t\t\t\t\t\t\t<\/a>\n\t\t\t\t\t\t\t\t<\/div>\n\t\t\t\t\t\t\t<\/div>\n\t\t\t\t\t\t\t\t\t\t\t\t\t\t<div class=\"eae-gallery-item petit-djeuner\">\n\t\t\t\t\t\t\t\t<div class=\"eae-gallery-item-inner\">\n\t\t\t\t\t\t\t\t\t<a href=\"https:\/\/www.villa-berlioz-hotel-lyon.com\/wp-content\/uploads\/2021\/11\/petit-dejeuner-hotel-lyon-6.webp\" data-elementor-open-lightbox=\"yes\" data-elementor-lightbox-slideshow=\"eae-fg-gallery-60552\" data-elementor-lightbox-title=\"Petit d\u00e9jeuner - H\u00f4tel Villa Berlioz Lyon\" data-elementor-lightbox-description=\"\u0152ufs brouill\u00e9s pr\u00e9par\u00e9s chaque matin, servis chauds au buffet du petit-d\u00e9jeuner \u00e0 l\u2019H\u00f4tel Villa Berlioz \u00e0 Lyon.\" data-e-action-hash=\"#elementor-action%3Aaction%3Dlightbox%26settings%3DeyJpZCI6ODk5OCwidXJsIjoiaHR0cHM6XC9cL3d3dy52aWxsYS1iZXJsaW96LWhvdGVsLWx5b24uY29tXC93cC1jb250ZW50XC91cGxvYWRzXC8yMDIxXC8xMVwvcGV0aXQtZGVqZXVuZXItaG90ZWwtbHlvbi02LndlYnAifQ%3D%3D\">\n\t\t\t\t\t\t\t\t\t\t\t\t\t\t\t\t\t\t\t\t\t<img loading=\"lazy\" decoding=\"async\" width=\"1200\" height=\"900\" src=\"https:\/\/www.villa-berlioz-hotel-lyon.com\/wp-content\/uploads\/2021\/11\/petit-dejeuner-hotel-lyon-6.webp\" class=\"attachment-full size-full\" alt=\"Petit d\u00e9jeuner - H\u00f4tel Villa Berlioz Lyon\" srcset=\"https:\/\/www.villa-berlioz-hotel-lyon.com\/wp-content\/uploads\/2021\/11\/petit-dejeuner-hotel-lyon-6.webp 1200w, https:\/\/www.villa-berlioz-hotel-lyon.com\/wp-content\/uploads\/2021\/11\/petit-dejeuner-hotel-lyon-6-300x225.webp 300w, https:\/\/www.villa-berlioz-hotel-lyon.com\/wp-content\/uploads\/2021\/11\/petit-dejeuner-hotel-lyon-6-1024x768.webp 1024w, https:\/\/www.villa-berlioz-hotel-lyon.com\/wp-content\/uploads\/2021\/11\/petit-dejeuner-hotel-lyon-6-768x576.webp 768w\" sizes=\"(max-width: 1200px) 100vw, 1200px\" \/>\t\t\t\t\t\t\t\t\t\t\t\t\t\t\t\t\t\t\t\t\t\t\t\t\t\t\t\t\t\t\t\t<div class=\"eae-grid-overlay fadeIn\">\n\t\t\t\t\t\t\t\t\t\t\t\t<div class=\"eae-grid-overlay-inner\">\n\t\t\t\t\t\t\t\t\t\t\t\t\t<div class=\"eae-icon-wrapper\">\n\t\t\t\t\t\t\t\t\t\t\t\t\t\t\t\t\t\t\t\t\t\t\t\t\t\t\t<\/div>\n\t\t\t\t\t\t\t\t\t\t\t\t\t\t\t\t\t\t\t\t\t\t\t\t\t<\/div>\n\t\t\t\t\t\t\t\t\t\t<\/div>\n\t\t\t\t\t\t\t\t\t\t\t\t\t\t\t\t\t\t\t<\/a>\n\t\t\t\t\t\t\t\t<\/div>\n\t\t\t\t\t\t\t<\/div>\n\t\t\t\t\t\t\t\t\t\t\t\t\t\t<div class=\"eae-gallery-item petit-djeuner\">\n\t\t\t\t\t\t\t\t<div class=\"eae-gallery-item-inner\">\n\t\t\t\t\t\t\t\t\t<a href=\"https:\/\/www.villa-berlioz-hotel-lyon.com\/wp-content\/uploads\/galerie\/hotel-villa-berlioz-hotel-lyon-petit-dejeuner.webp\" data-elementor-open-lightbox=\"yes\" data-elementor-lightbox-slideshow=\"eae-fg-gallery-60552\" data-elementor-lightbox-title=\"hotel-villa-berlioz-hotel-lyon-petit-dejeuner\" data-elementor-lightbox-description=\"\u0152ufs brouill\u00e9s pr\u00e9par\u00e9s chaque matin, servis chauds au buffet du petit-d\u00e9jeuner \u00e0 l\u2019H\u00f4tel Villa Berlioz \u00e0 Lyon.\" data-e-action-hash=\"#elementor-action%3Aaction%3Dlightbox%26settings%3DeyJpZCI6OTQ3MCwidXJsIjoiaHR0cHM6XC9cL3d3dy52aWxsYS1iZXJsaW96LWhvdGVsLWx5b24uY29tXC93cC1jb250ZW50XC91cGxvYWRzXC9nYWxlcmllXC9ob3RlbC12aWxsYS1iZXJsaW96LWhvdGVsLWx5b24tcGV0aXQtZGVqZXVuZXIud2VicCJ9\">\n\t\t\t\t\t\t\t\t\t\t\t\t\t\t\t\t\t\t\t\t\t<img loading=\"lazy\" decoding=\"async\" width=\"920\" height=\"1227\" src=\"https:\/\/www.villa-berlioz-hotel-lyon.com\/wp-content\/uploads\/galerie\/hotel-villa-berlioz-hotel-lyon-petit-dejeuner.webp\" class=\"attachment-full size-full\" alt=\"\" srcset=\"https:\/\/www.villa-berlioz-hotel-lyon.com\/wp-content\/uploads\/galerie\/hotel-villa-berlioz-hotel-lyon-petit-dejeuner.webp 920w, https:\/\/www.villa-berlioz-hotel-lyon.com\/wp-content\/uploads\/galerie\/hotel-villa-berlioz-hotel-lyon-petit-dejeuner-225x300.webp 225w, https:\/\/www.villa-berlioz-hotel-lyon.com\/wp-content\/uploads\/galerie\/hotel-villa-berlioz-hotel-lyon-petit-dejeuner-768x1024.webp 768w\" sizes=\"(max-width: 920px) 100vw, 920px\" \/>\t\t\t\t\t\t\t\t\t\t\t\t\t\t\t\t\t\t\t\t\t\t\t\t\t\t\t\t\t\t\t\t<div class=\"eae-grid-overlay fadeIn\">\n\t\t\t\t\t\t\t\t\t\t\t\t<div class=\"eae-grid-overlay-inner\">\n\t\t\t\t\t\t\t\t\t\t\t\t\t<div class=\"eae-icon-wrapper\">\n\t\t\t\t\t\t\t\t\t\t\t\t\t\t\t\t\t\t\t\t\t\t\t\t\t\t\t<\/div>\n\t\t\t\t\t\t\t\t\t\t\t\t\t\t\t\t\t\t\t\t\t\t\t\t\t<\/div>\n\t\t\t\t\t\t\t\t\t\t<\/div>\n\t\t\t\t\t\t\t\t\t\t\t\t\t\t\t\t\t\t\t<\/a>\n\t\t\t\t\t\t\t\t<\/div>\n\t\t\t\t\t\t\t<\/div>\n\t\t\t\t\t\t\t\t\t\t\t\t\t\t<div class=\"eae-gallery-item petit-djeuner\">\n\t\t\t\t\t\t\t\t<div class=\"eae-gallery-item-inner\">\n\t\t\t\t\t\t\t\t\t<a href=\"https:\/\/www.villa-berlioz-hotel-lyon.com\/wp-content\/uploads\/2021\/11\/petit-dejeuner-hotel-berlioz-lyon-1.webp\" data-elementor-open-lightbox=\"yes\" data-elementor-lightbox-slideshow=\"eae-fg-gallery-60552\" data-elementor-lightbox-title=\"Petit d\u00e9jeuner - H\u00f4tel Villa Berlioz Lyon\" data-elementor-lightbox-description=\"\u0152ufs brouill\u00e9s pr\u00e9par\u00e9s chaque matin, servis chauds au buffet du petit-d\u00e9jeuner \u00e0 l\u2019H\u00f4tel Villa Berlioz \u00e0 Lyon.\" data-e-action-hash=\"#elementor-action%3Aaction%3Dlightbox%26settings%3DeyJpZCI6OTAwMCwidXJsIjoiaHR0cHM6XC9cL3d3dy52aWxsYS1iZXJsaW96LWhvdGVsLWx5b24uY29tXC93cC1jb250ZW50XC91cGxvYWRzXC8yMDIxXC8xMVwvcGV0aXQtZGVqZXVuZXItaG90ZWwtYmVybGlvei1seW9uLTEud2VicCJ9\">\n\t\t\t\t\t\t\t\t\t\t\t\t\t\t\t\t\t\t\t\t\t<img loading=\"lazy\" decoding=\"async\" width=\"1200\" height=\"900\" src=\"https:\/\/www.villa-berlioz-hotel-lyon.com\/wp-content\/uploads\/2021\/11\/petit-dejeuner-hotel-berlioz-lyon-1.webp\" class=\"attachment-full size-full\" alt=\"Petit d\u00e9jeuner - H\u00f4tel Villa Berlioz Lyon\" srcset=\"https:\/\/www.villa-berlioz-hotel-lyon.com\/wp-content\/uploads\/2021\/11\/petit-dejeuner-hotel-berlioz-lyon-1.webp 1200w, https:\/\/www.villa-berlioz-hotel-lyon.com\/wp-content\/uploads\/2021\/11\/petit-dejeuner-hotel-berlioz-lyon-1-300x225.webp 300w, https:\/\/www.villa-berlioz-hotel-lyon.com\/wp-content\/uploads\/2021\/11\/petit-dejeuner-hotel-berlioz-lyon-1-1024x768.webp 1024w, https:\/\/www.villa-berlioz-hotel-lyon.com\/wp-content\/uploads\/2021\/11\/petit-dejeuner-hotel-berlioz-lyon-1-768x576.webp 768w\" sizes=\"(max-width: 1200px) 100vw, 1200px\" \/>\t\t\t\t\t\t\t\t\t\t\t\t\t\t\t\t\t\t\t\t\t\t\t\t\t\t\t\t\t\t\t\t<div class=\"eae-grid-overlay fadeIn\">\n\t\t\t\t\t\t\t\t\t\t\t\t<div class=\"eae-grid-overlay-inner\">\n\t\t\t\t\t\t\t\t\t\t\t\t\t<div class=\"eae-icon-wrapper\">\n\t\t\t\t\t\t\t\t\t\t\t\t\t\t\t\t\t\t\t\t\t\t\t\t\t\t\t<\/div>\n\t\t\t\t\t\t\t\t\t\t\t\t\t\t\t\t\t\t\t\t\t\t\t\t\t<\/div>\n\t\t\t\t\t\t\t\t\t\t<\/div>\n\t\t\t\t\t\t\t\t\t\t\t\t\t\t\t\t\t\t\t<\/a>\n\t\t\t\t\t\t\t\t<\/div>\n\t\t\t\t\t\t\t<\/div>\n\t\t\t\t\t\t\t\t\t\t\t\t\t\t<div class=\"eae-gallery-item petit-djeuner\">\n\t\t\t\t\t\t\t\t<div class=\"eae-gallery-item-inner\">\n\t\t\t\t\t\t\t\t\t<a href=\"https:\/\/www.villa-berlioz-hotel-lyon.com\/wp-content\/uploads\/2021\/11\/petit-dejeuner-hotel-lyon.webp\" data-elementor-open-lightbox=\"yes\" data-elementor-lightbox-slideshow=\"eae-fg-gallery-60552\" data-elementor-lightbox-title=\"Petit d\u00e9jeuner - H\u00f4tel Villa Berlioz Lyon\" data-elementor-lightbox-description=\"\u0152ufs brouill\u00e9s pr\u00e9par\u00e9s chaque matin, servis chauds au buffet du petit-d\u00e9jeuner \u00e0 l\u2019H\u00f4tel Villa Berlioz \u00e0 Lyon.\" data-e-action-hash=\"#elementor-action%3Aaction%3Dlightbox%26settings%3DeyJpZCI6OTAwMiwidXJsIjoiaHR0cHM6XC9cL3d3dy52aWxsYS1iZXJsaW96LWhvdGVsLWx5b24uY29tXC93cC1jb250ZW50XC91cGxvYWRzXC8yMDIxXC8xMVwvcGV0aXQtZGVqZXVuZXItaG90ZWwtbHlvbi53ZWJwIn0%3D\">\n\t\t\t\t\t\t\t\t\t\t\t\t\t\t\t\t\t\t\t\t\t<img loading=\"lazy\" decoding=\"async\" width=\"1200\" height=\"900\" src=\"https:\/\/www.villa-berlioz-hotel-lyon.com\/wp-content\/uploads\/2021\/11\/petit-dejeuner-hotel-lyon.webp\" class=\"attachment-full size-full\" alt=\"Petit d\u00e9jeuner - H\u00f4tel Villa Berlioz Lyon\" srcset=\"https:\/\/www.villa-berlioz-hotel-lyon.com\/wp-content\/uploads\/2021\/11\/petit-dejeuner-hotel-lyon.webp 1200w, https:\/\/www.villa-berlioz-hotel-lyon.com\/wp-content\/uploads\/2021\/11\/petit-dejeuner-hotel-lyon-300x225.webp 300w, https:\/\/www.villa-berlioz-hotel-lyon.com\/wp-content\/uploads\/2021\/11\/petit-dejeuner-hotel-lyon-1024x768.webp 1024w, https:\/\/www.villa-berlioz-hotel-lyon.com\/wp-content\/uploads\/2021\/11\/petit-dejeuner-hotel-lyon-768x576.webp 768w\" sizes=\"(max-width: 1200px) 100vw, 1200px\" \/>\t\t\t\t\t\t\t\t\t\t\t\t\t\t\t\t\t\t\t\t\t\t\t\t\t\t\t\t\t\t\t\t<div class=\"eae-grid-overlay fadeIn\">\n\t\t\t\t\t\t\t\t\t\t\t\t<div class=\"eae-grid-overlay-inner\">\n\t\t\t\t\t\t\t\t\t\t\t\t\t<div class=\"eae-icon-wrapper\">\n\t\t\t\t\t\t\t\t\t\t\t\t\t\t\t\t\t\t\t\t\t\t\t\t\t\t\t<\/div>\n\t\t\t\t\t\t\t\t\t\t\t\t\t\t\t\t\t\t\t\t\t\t\t\t\t<\/div>\n\t\t\t\t\t\t\t\t\t\t<\/div>\n\t\t\t\t\t\t\t\t\t\t\t\t\t\t\t\t\t\t\t<\/a>\n\t\t\t\t\t\t\t\t<\/div>\n\t\t\t\t\t\t\t<\/div>\n\t\t\t\t\t\t\t\t\t\t\t\t\t\t<div class=\"eae-gallery-item petit-djeuner\">\n\t\t\t\t\t\t\t\t<div class=\"eae-gallery-item-inner\">\n\t\t\t\t\t\t\t\t\t<a href=\"https:\/\/www.villa-berlioz-hotel-lyon.com\/wp-content\/uploads\/2021\/11\/petit-dejeuner-hotel-lyon-3.webp\" data-elementor-open-lightbox=\"yes\" data-elementor-lightbox-slideshow=\"eae-fg-gallery-60552\" data-elementor-lightbox-title=\"Petit d\u00e9jeuner - H\u00f4tel Villa Berlioz Lyon\" data-elementor-lightbox-description=\"\u0152ufs brouill\u00e9s pr\u00e9par\u00e9s chaque matin, servis chauds au buffet du petit-d\u00e9jeuner \u00e0 l\u2019H\u00f4tel Villa Berlioz \u00e0 Lyon.\" data-e-action-hash=\"#elementor-action%3Aaction%3Dlightbox%26settings%3DeyJpZCI6OTAwNiwidXJsIjoiaHR0cHM6XC9cL3d3dy52aWxsYS1iZXJsaW96LWhvdGVsLWx5b24uY29tXC93cC1jb250ZW50XC91cGxvYWRzXC8yMDIxXC8xMVwvcGV0aXQtZGVqZXVuZXItaG90ZWwtbHlvbi0zLndlYnAifQ%3D%3D\">\n\t\t\t\t\t\t\t\t\t\t\t\t\t\t\t\t\t\t\t\t\t<img loading=\"lazy\" decoding=\"async\" width=\"1200\" height=\"743\" src=\"https:\/\/www.villa-berlioz-hotel-lyon.com\/wp-content\/uploads\/2021\/11\/petit-dejeuner-hotel-lyon-3.webp\" class=\"attachment-full size-full\" alt=\"Petit d\u00e9jeuner - H\u00f4tel Villa Berlioz Lyon\" srcset=\"https:\/\/www.villa-berlioz-hotel-lyon.com\/wp-content\/uploads\/2021\/11\/petit-dejeuner-hotel-lyon-3.webp 1200w, https:\/\/www.villa-berlioz-hotel-lyon.com\/wp-content\/uploads\/2021\/11\/petit-dejeuner-hotel-lyon-3-300x186.webp 300w, https:\/\/www.villa-berlioz-hotel-lyon.com\/wp-content\/uploads\/2021\/11\/petit-dejeuner-hotel-lyon-3-1024x634.webp 1024w, https:\/\/www.villa-berlioz-hotel-lyon.com\/wp-content\/uploads\/2021\/11\/petit-dejeuner-hotel-lyon-3-768x476.webp 768w\" sizes=\"(max-width: 1200px) 100vw, 1200px\" \/>\t\t\t\t\t\t\t\t\t\t\t\t\t\t\t\t\t\t\t\t\t\t\t\t\t\t\t\t\t\t\t\t<div class=\"eae-grid-overlay fadeIn\">\n\t\t\t\t\t\t\t\t\t\t\t\t<div class=\"eae-grid-overlay-inner\">\n\t\t\t\t\t\t\t\t\t\t\t\t\t<div class=\"eae-icon-wrapper\">\n\t\t\t\t\t\t\t\t\t\t\t\t\t\t\t\t\t\t\t\t\t\t\t\t\t\t\t<\/div>\n\t\t\t\t\t\t\t\t\t\t\t\t\t\t\t\t\t\t\t\t\t\t\t\t\t<\/div>\n\t\t\t\t\t\t\t\t\t\t<\/div>\n\t\t\t\t\t\t\t\t\t\t\t\t\t\t\t\t\t\t\t<\/a>\n\t\t\t\t\t\t\t\t<\/div>\n\t\t\t\t\t\t\t<\/div>\n\t\t\t\t\t\t\t\t\t\t\t\t\t\t<div class=\"eae-gallery-item petit-djeuner\">\n\t\t\t\t\t\t\t\t<div class=\"eae-gallery-item-inner\">\n\t\t\t\t\t\t\t\t\t<a href=\"https:\/\/www.villa-berlioz-hotel-lyon.com\/wp-content\/uploads\/2021\/11\/petit-dejeuner-hotel-lyon-2.webp\" data-elementor-open-lightbox=\"yes\" data-elementor-lightbox-slideshow=\"eae-fg-gallery-60552\" data-elementor-lightbox-title=\"Petit d\u00e9jeuner - H\u00f4tel Villa Berlioz Lyon\" data-elementor-lightbox-description=\"\u0152ufs brouill\u00e9s pr\u00e9par\u00e9s chaque matin, servis chauds au buffet du petit-d\u00e9jeuner \u00e0 l\u2019H\u00f4tel Villa Berlioz \u00e0 Lyon.\" data-e-action-hash=\"#elementor-action%3Aaction%3Dlightbox%26settings%3DeyJpZCI6OTAwNCwidXJsIjoiaHR0cHM6XC9cL3d3dy52aWxsYS1iZXJsaW96LWhvdGVsLWx5b24uY29tXC93cC1jb250ZW50XC91cGxvYWRzXC8yMDIxXC8xMVwvcGV0aXQtZGVqZXVuZXItaG90ZWwtbHlvbi0yLndlYnAifQ%3D%3D\">\n\t\t\t\t\t\t\t\t\t\t\t\t\t\t\t\t\t\t\t\t\t<img loading=\"lazy\" decoding=\"async\" width=\"1200\" height=\"900\" src=\"https:\/\/www.villa-berlioz-hotel-lyon.com\/wp-content\/uploads\/2021\/11\/petit-dejeuner-hotel-lyon-2.webp\" class=\"attachment-full size-full\" alt=\"Petit d\u00e9jeuner - H\u00f4tel Villa Berlioz Lyon\" srcset=\"https:\/\/www.villa-berlioz-hotel-lyon.com\/wp-content\/uploads\/2021\/11\/petit-dejeuner-hotel-lyon-2.webp 1200w, https:\/\/www.villa-berlioz-hotel-lyon.com\/wp-content\/uploads\/2021\/11\/petit-dejeuner-hotel-lyon-2-300x225.webp 300w, https:\/\/www.villa-berlioz-hotel-lyon.com\/wp-content\/uploads\/2021\/11\/petit-dejeuner-hotel-lyon-2-1024x768.webp 1024w, https:\/\/www.villa-berlioz-hotel-lyon.com\/wp-content\/uploads\/2021\/11\/petit-dejeuner-hotel-lyon-2-768x576.webp 768w\" sizes=\"(max-width: 1200px) 100vw, 1200px\" \/>\t\t\t\t\t\t\t\t\t\t\t\t\t\t\t\t\t\t\t\t\t\t\t\t\t\t\t\t\t\t\t\t<div class=\"eae-grid-overlay fadeIn\">\n\t\t\t\t\t\t\t\t\t\t\t\t<div class=\"eae-grid-overlay-inner\">\n\t\t\t\t\t\t\t\t\t\t\t\t\t<div class=\"eae-icon-wrapper\">\n\t\t\t\t\t\t\t\t\t\t\t\t\t\t\t\t\t\t\t\t\t\t\t\t\t\t\t<\/div>\n\t\t\t\t\t\t\t\t\t\t\t\t\t\t\t\t\t\t\t\t\t\t\t\t\t<\/div>\n\t\t\t\t\t\t\t\t\t\t<\/div>\n\t\t\t\t\t\t\t\t\t\t\t\t\t\t\t\t\t\t\t<\/a>\n\t\t\t\t\t\t\t\t<\/div>\n\t\t\t\t\t\t\t<\/div>\n\t\t\t\t\t\t\t\t\t\t\t\t\t\t<div class=\"eae-gallery-item petit-djeuner\">\n\t\t\t\t\t\t\t\t<div class=\"eae-gallery-item-inner\">\n\t\t\t\t\t\t\t\t\t<a href=\"https:\/\/www.villa-berlioz-hotel-lyon.com\/wp-content\/uploads\/2021\/11\/petit-dejeuner-hotel-lyon-4.webp\" data-elementor-open-lightbox=\"yes\" data-elementor-lightbox-slideshow=\"eae-fg-gallery-60552\" data-elementor-lightbox-title=\"Petit d\u00e9jeuner - H\u00f4tel Villa Berlioz Lyon\" data-elementor-lightbox-description=\"\u0152ufs brouill\u00e9s pr\u00e9par\u00e9s chaque matin, servis chauds au buffet du petit-d\u00e9jeuner \u00e0 l\u2019H\u00f4tel Villa Berlioz \u00e0 Lyon.\" data-e-action-hash=\"#elementor-action%3Aaction%3Dlightbox%26settings%3DeyJpZCI6OTAwOCwidXJsIjoiaHR0cHM6XC9cL3d3dy52aWxsYS1iZXJsaW96LWhvdGVsLWx5b24uY29tXC93cC1jb250ZW50XC91cGxvYWRzXC8yMDIxXC8xMVwvcGV0aXQtZGVqZXVuZXItaG90ZWwtbHlvbi00LndlYnAifQ%3D%3D\">\n\t\t\t\t\t\t\t\t\t\t\t\t\t\t\t\t\t\t\t\t\t<img loading=\"lazy\" decoding=\"async\" width=\"1200\" height=\"900\" src=\"https:\/\/www.villa-berlioz-hotel-lyon.com\/wp-content\/uploads\/2021\/11\/petit-dejeuner-hotel-lyon-4.webp\" class=\"attachment-full size-full\" alt=\"Petit d\u00e9jeuner - H\u00f4tel Villa Berlioz Lyon\" srcset=\"https:\/\/www.villa-berlioz-hotel-lyon.com\/wp-content\/uploads\/2021\/11\/petit-dejeuner-hotel-lyon-4.webp 1200w, https:\/\/www.villa-berlioz-hotel-lyon.com\/wp-content\/uploads\/2021\/11\/petit-dejeuner-hotel-lyon-4-300x225.webp 300w, https:\/\/www.villa-berlioz-hotel-lyon.com\/wp-content\/uploads\/2021\/11\/petit-dejeuner-hotel-lyon-4-1024x768.webp 1024w, https:\/\/www.villa-berlioz-hotel-lyon.com\/wp-content\/uploads\/2021\/11\/petit-dejeuner-hotel-lyon-4-768x576.webp 768w\" sizes=\"(max-width: 1200px) 100vw, 1200px\" \/>\t\t\t\t\t\t\t\t\t\t\t\t\t\t\t\t\t\t\t\t\t\t\t\t\t\t\t\t\t\t\t\t<div class=\"eae-grid-overlay fadeIn\">\n\t\t\t\t\t\t\t\t\t\t\t\t<div class=\"eae-grid-overlay-inner\">\n\t\t\t\t\t\t\t\t\t\t\t\t\t<div class=\"eae-icon-wrapper\">\n\t\t\t\t\t\t\t\t\t\t\t\t\t\t\t\t\t\t\t\t\t\t\t\t\t\t\t<\/div>\n\t\t\t\t\t\t\t\t\t\t\t\t\t\t\t\t\t\t\t\t\t\t\t\t\t<\/div>\n\t\t\t\t\t\t\t\t\t\t<\/div>\n\t\t\t\t\t\t\t\t\t\t\t\t\t\t\t\t\t\t\t<\/a>\n\t\t\t\t\t\t\t\t<\/div>\n\t\t\t\t\t\t\t<\/div>\n\t\t\t\t\t\t\t\t\t\t\t\t\t\t<div class=\"eae-gallery-item petit-djeuner\">\n\t\t\t\t\t\t\t\t<div class=\"eae-gallery-item-inner\">\n\t\t\t\t\t\t\t\t\t<a href=\"https:\/\/www.villa-berlioz-hotel-lyon.com\/wp-content\/uploads\/2021\/11\/petit-dejeuner-hotel-lyon-5.webp\" data-elementor-open-lightbox=\"yes\" data-elementor-lightbox-slideshow=\"eae-fg-gallery-60552\" data-elementor-lightbox-title=\"Petit d\u00e9jeuner - H\u00f4tel Villa Berlioz Lyon\" data-elementor-lightbox-description=\"\u0152ufs brouill\u00e9s pr\u00e9par\u00e9s chaque matin, servis chauds au buffet du petit-d\u00e9jeuner \u00e0 l\u2019H\u00f4tel Villa Berlioz \u00e0 Lyon.\" data-e-action-hash=\"#elementor-action%3Aaction%3Dlightbox%26settings%3DeyJpZCI6OTAxMCwidXJsIjoiaHR0cHM6XC9cL3d3dy52aWxsYS1iZXJsaW96LWhvdGVsLWx5b24uY29tXC93cC1jb250ZW50XC91cGxvYWRzXC8yMDIxXC8xMVwvcGV0aXQtZGVqZXVuZXItaG90ZWwtbHlvbi01LndlYnAifQ%3D%3D\">\n\t\t\t\t\t\t\t\t\t\t\t\t\t\t\t\t\t\t\t\t\t<img loading=\"lazy\" decoding=\"async\" width=\"1200\" height=\"900\" src=\"https:\/\/www.villa-berlioz-hotel-lyon.com\/wp-content\/uploads\/2021\/11\/petit-dejeuner-hotel-lyon-5.webp\" class=\"attachment-full size-full\" alt=\"Petit d\u00e9jeuner - H\u00f4tel Villa Berlioz Lyon\" srcset=\"https:\/\/www.villa-berlioz-hotel-lyon.com\/wp-content\/uploads\/2021\/11\/petit-dejeuner-hotel-lyon-5.webp 1200w, https:\/\/www.villa-berlioz-hotel-lyon.com\/wp-content\/uploads\/2021\/11\/petit-dejeuner-hotel-lyon-5-300x225.webp 300w, https:\/\/www.villa-berlioz-hotel-lyon.com\/wp-content\/uploads\/2021\/11\/petit-dejeuner-hotel-lyon-5-1024x768.webp 1024w, https:\/\/www.villa-berlioz-hotel-lyon.com\/wp-content\/uploads\/2021\/11\/petit-dejeuner-hotel-lyon-5-768x576.webp 768w\" sizes=\"(max-width: 1200px) 100vw, 1200px\" \/>\t\t\t\t\t\t\t\t\t\t\t\t\t\t\t\t\t\t\t\t\t\t\t\t\t\t\t\t\t\t\t\t<div class=\"eae-grid-overlay fadeIn\">\n\t\t\t\t\t\t\t\t\t\t\t\t<div class=\"eae-grid-overlay-inner\">\n\t\t\t\t\t\t\t\t\t\t\t\t\t<div class=\"eae-icon-wrapper\">\n\t\t\t\t\t\t\t\t\t\t\t\t\t\t\t\t\t\t\t\t\t\t\t\t\t\t\t<\/div>\n\t\t\t\t\t\t\t\t\t\t\t\t\t\t\t\t\t\t\t\t\t\t\t\t\t<\/div>\n\t\t\t\t\t\t\t\t\t\t<\/div>\n\t\t\t\t\t\t\t\t\t\t\t\t\t\t\t\t\t\t\t<\/a>\n\t\t\t\t\t\t\t\t<\/div>\n\t\t\t\t\t\t\t<\/div>\n\t\t\t\t\t\t\t\t\t\t\t\t\t\t<div class=\"eae-gallery-item petit-djeuner\">\n\t\t\t\t\t\t\t\t<div class=\"eae-gallery-item-inner\">\n\t\t\t\t\t\t\t\t\t<a href=\"https:\/\/www.villa-berlioz-hotel-lyon.com\/wp-content\/uploads\/2021\/11\/petit-dejeuner-hotel-lyon-6-1.webp\" data-elementor-open-lightbox=\"yes\" data-elementor-lightbox-slideshow=\"eae-fg-gallery-60552\" data-elementor-lightbox-title=\"Petit d\u00e9jeuner - H\u00f4tel Villa Berlioz Lyon\" data-elementor-lightbox-description=\"\u0152ufs brouill\u00e9s pr\u00e9par\u00e9s chaque matin, servis chauds au buffet du petit-d\u00e9jeuner \u00e0 l\u2019H\u00f4tel Villa Berlioz \u00e0 Lyon.\" data-e-action-hash=\"#elementor-action%3Aaction%3Dlightbox%26settings%3DeyJpZCI6OTAxMiwidXJsIjoiaHR0cHM6XC9cL3d3dy52aWxsYS1iZXJsaW96LWhvdGVsLWx5b24uY29tXC93cC1jb250ZW50XC91cGxvYWRzXC8yMDIxXC8xMVwvcGV0aXQtZGVqZXVuZXItaG90ZWwtbHlvbi02LTEud2VicCJ9\">\n\t\t\t\t\t\t\t\t\t\t\t\t\t\t\t\t\t\t\t\t\t<img loading=\"lazy\" decoding=\"async\" width=\"1200\" height=\"900\" src=\"https:\/\/www.villa-berlioz-hotel-lyon.com\/wp-content\/uploads\/2021\/11\/petit-dejeuner-hotel-lyon-6-1.webp\" class=\"attachment-full size-full\" alt=\"Petit d\u00e9jeuner - H\u00f4tel Villa Berlioz Lyon\" srcset=\"https:\/\/www.villa-berlioz-hotel-lyon.com\/wp-content\/uploads\/2021\/11\/petit-dejeuner-hotel-lyon-6-1.webp 1200w, https:\/\/www.villa-berlioz-hotel-lyon.com\/wp-content\/uploads\/2021\/11\/petit-dejeuner-hotel-lyon-6-1-300x225.webp 300w, https:\/\/www.villa-berlioz-hotel-lyon.com\/wp-content\/uploads\/2021\/11\/petit-dejeuner-hotel-lyon-6-1-1024x768.webp 1024w, https:\/\/www.villa-berlioz-hotel-lyon.com\/wp-content\/uploads\/2021\/11\/petit-dejeuner-hotel-lyon-6-1-768x576.webp 768w\" sizes=\"(max-width: 1200px) 100vw, 1200px\" \/>\t\t\t\t\t\t\t\t\t\t\t\t\t\t\t\t\t\t\t\t\t\t\t\t\t\t\t\t\t\t\t\t<div class=\"eae-grid-overlay fadeIn\">\n\t\t\t\t\t\t\t\t\t\t\t\t<div class=\"eae-grid-overlay-inner\">\n\t\t\t\t\t\t\t\t\t\t\t\t\t<div class=\"eae-icon-wrapper\">\n\t\t\t\t\t\t\t\t\t\t\t\t\t\t\t\t\t\t\t\t\t\t\t\t\t\t\t<\/div>\n\t\t\t\t\t\t\t\t\t\t\t\t\t\t\t\t\t\t\t\t\t\t\t\t\t<\/div>\n\t\t\t\t\t\t\t\t\t\t<\/div>\n\t\t\t\t\t\t\t\t\t\t\t\t\t\t\t\t\t\t\t<\/a>\n\t\t\t\t\t\t\t\t<\/div>\n\t\t\t\t\t\t\t<\/div>\n\t\t\t\t\t\t\t\t\t\t\t\t\t\t<div class=\"eae-gallery-item petit-djeuner\">\n\t\t\t\t\t\t\t\t<div class=\"eae-gallery-item-inner\">\n\t\t\t\t\t\t\t\t\t<a href=\"https:\/\/www.villa-berlioz-hotel-lyon.com\/wp-content\/uploads\/2024\/08\/hotel-villa-berlioz-lyon-013.webp\" data-elementor-open-lightbox=\"yes\" data-elementor-lightbox-slideshow=\"eae-fg-gallery-60552\" data-elementor-lightbox-title=\"Petit d\u00e9jeuner - H\u00f4tel Villa Berlioz Lyon\" data-elementor-lightbox-description=\"\u0152ufs brouill\u00e9s pr\u00e9par\u00e9s chaque matin, servis chauds au buffet du petit-d\u00e9jeuner \u00e0 l\u2019H\u00f4tel Villa Berlioz \u00e0 Lyon.\" data-e-action-hash=\"#elementor-action%3Aaction%3Dlightbox%26settings%3DeyJpZCI6OTE2NywidXJsIjoiaHR0cHM6XC9cL3d3dy52aWxsYS1iZXJsaW96LWhvdGVsLWx5b24uY29tXC93cC1jb250ZW50XC91cGxvYWRzXC8yMDI0XC8wOFwvaG90ZWwtdmlsbGEtYmVybGlvei1seW9uLTAxMy53ZWJwIn0%3D\">\n\t\t\t\t\t\t\t\t\t\t\t\t\t\t\t\t\t\t\t\t\t<img loading=\"lazy\" decoding=\"async\" width=\"2000\" height=\"1500\" src=\"https:\/\/www.villa-berlioz-hotel-lyon.com\/wp-content\/uploads\/2024\/08\/hotel-villa-berlioz-lyon-013.webp\" class=\"attachment-full size-full\" alt=\"Petit d\u00e9jeuner - H\u00f4tel Villa Berlioz Lyon\" srcset=\"https:\/\/www.villa-berlioz-hotel-lyon.com\/wp-content\/uploads\/2024\/08\/hotel-villa-berlioz-lyon-013.webp 2000w, https:\/\/www.villa-berlioz-hotel-lyon.com\/wp-content\/uploads\/2024\/08\/hotel-villa-berlioz-lyon-013-300x225.webp 300w, https:\/\/www.villa-berlioz-hotel-lyon.com\/wp-content\/uploads\/2024\/08\/hotel-villa-berlioz-lyon-013-1024x768.webp 1024w, https:\/\/www.villa-berlioz-hotel-lyon.com\/wp-content\/uploads\/2024\/08\/hotel-villa-berlioz-lyon-013-768x576.webp 768w, https:\/\/www.villa-berlioz-hotel-lyon.com\/wp-content\/uploads\/2024\/08\/hotel-villa-berlioz-lyon-013-1536x1152.webp 1536w\" sizes=\"(max-width: 2000px) 100vw, 2000px\" \/>\t\t\t\t\t\t\t\t\t\t\t\t\t\t\t\t\t\t\t\t\t\t\t\t\t\t\t\t\t\t\t\t<div class=\"eae-grid-overlay fadeIn\">\n\t\t\t\t\t\t\t\t\t\t\t\t<div class=\"eae-grid-overlay-inner\">\n\t\t\t\t\t\t\t\t\t\t\t\t\t<div class=\"eae-icon-wrapper\">\n\t\t\t\t\t\t\t\t\t\t\t\t\t\t\t\t\t\t\t\t\t\t\t\t\t\t\t<\/div>\n\t\t\t\t\t\t\t\t\t\t\t\t\t\t\t\t\t\t\t\t\t\t\t\t\t<\/div>\n\t\t\t\t\t\t\t\t\t\t<\/div>\n\t\t\t\t\t\t\t\t\t\t\t\t\t\t\t\t\t\t\t<\/a>\n\t\t\t\t\t\t\t\t<\/div>\n\t\t\t\t\t\t\t<\/div>\n\t\t\t\t\t\t\t\t\t\t\t\t\t\t<div class=\"eae-gallery-item petit-djeuner\">\n\t\t\t\t\t\t\t\t<div class=\"eae-gallery-item-inner\">\n\t\t\t\t\t\t\t\t\t<a href=\"https:\/\/www.villa-berlioz-hotel-lyon.com\/wp-content\/uploads\/2024\/08\/hotel-villa-berlioz-lyon-021.webp\" data-elementor-open-lightbox=\"yes\" data-elementor-lightbox-slideshow=\"eae-fg-gallery-60552\" data-elementor-lightbox-title=\"Petit d\u00e9jeuner - H\u00f4tel Villa Berlioz Lyon\" data-elementor-lightbox-description=\"\u0152ufs brouill\u00e9s pr\u00e9par\u00e9s chaque matin, servis chauds au buffet du petit-d\u00e9jeuner \u00e0 l\u2019H\u00f4tel Villa Berlioz \u00e0 Lyon.\" data-e-action-hash=\"#elementor-action%3Aaction%3Dlightbox%26settings%3DeyJpZCI6OTE2OSwidXJsIjoiaHR0cHM6XC9cL3d3dy52aWxsYS1iZXJsaW96LWhvdGVsLWx5b24uY29tXC93cC1jb250ZW50XC91cGxvYWRzXC8yMDI0XC8wOFwvaG90ZWwtdmlsbGEtYmVybGlvei1seW9uLTAyMS53ZWJwIn0%3D\">\n\t\t\t\t\t\t\t\t\t\t\t\t\t\t\t\t\t\t\t\t\t<img loading=\"lazy\" decoding=\"async\" width=\"2000\" height=\"1500\" src=\"https:\/\/www.villa-berlioz-hotel-lyon.com\/wp-content\/uploads\/2024\/08\/hotel-villa-berlioz-lyon-021.webp\" class=\"attachment-full size-full\" alt=\"Petit d\u00e9jeuner - H\u00f4tel Villa Berlioz Lyon\" srcset=\"https:\/\/www.villa-berlioz-hotel-lyon.com\/wp-content\/uploads\/2024\/08\/hotel-villa-berlioz-lyon-021.webp 2000w, https:\/\/www.villa-berlioz-hotel-lyon.com\/wp-content\/uploads\/2024\/08\/hotel-villa-berlioz-lyon-021-300x225.webp 300w, https:\/\/www.villa-berlioz-hotel-lyon.com\/wp-content\/uploads\/2024\/08\/hotel-villa-berlioz-lyon-021-1024x768.webp 1024w, https:\/\/www.villa-berlioz-hotel-lyon.com\/wp-content\/uploads\/2024\/08\/hotel-villa-berlioz-lyon-021-768x576.webp 768w, https:\/\/www.villa-berlioz-hotel-lyon.com\/wp-content\/uploads\/2024\/08\/hotel-villa-berlioz-lyon-021-1536x1152.webp 1536w\" sizes=\"(max-width: 2000px) 100vw, 2000px\" \/>\t\t\t\t\t\t\t\t\t\t\t\t\t\t\t\t\t\t\t\t\t\t\t\t\t\t\t\t\t\t\t\t<div class=\"eae-grid-overlay fadeIn\">\n\t\t\t\t\t\t\t\t\t\t\t\t<div class=\"eae-grid-overlay-inner\">\n\t\t\t\t\t\t\t\t\t\t\t\t\t<div class=\"eae-icon-wrapper\">\n\t\t\t\t\t\t\t\t\t\t\t\t\t\t\t\t\t\t\t\t\t\t\t\t\t\t\t<\/div>\n\t\t\t\t\t\t\t\t\t\t\t\t\t\t\t\t\t\t\t\t\t\t\t\t\t<\/div>\n\t\t\t\t\t\t\t\t\t\t<\/div>\n\t\t\t\t\t\t\t\t\t\t\t\t\t\t\t\t\t\t\t<\/a>\n\t\t\t\t\t\t\t\t<\/div>\n\t\t\t\t\t\t\t<\/div>\n\t\t\t\t\t\t\t\t\t\t\t\t\t\t<div class=\"eae-gallery-item petit-djeuner\">\n\t\t\t\t\t\t\t\t<div class=\"eae-gallery-item-inner\">\n\t\t\t\t\t\t\t\t\t<a href=\"https:\/\/www.villa-berlioz-hotel-lyon.com\/wp-content\/uploads\/2024\/08\/hotel-villa-berlioz-lyon-024.webp\" data-elementor-open-lightbox=\"yes\" data-elementor-lightbox-slideshow=\"eae-fg-gallery-60552\" data-elementor-lightbox-title=\"Petit d\u00e9jeuner - H\u00f4tel Villa Berlioz Lyon\" data-elementor-lightbox-description=\"\u0152ufs brouill\u00e9s pr\u00e9par\u00e9s chaque matin, servis chauds au buffet du petit-d\u00e9jeuner \u00e0 l\u2019H\u00f4tel Villa Berlioz \u00e0 Lyon.\" data-e-action-hash=\"#elementor-action%3Aaction%3Dlightbox%26settings%3DeyJpZCI6OTE3MSwidXJsIjoiaHR0cHM6XC9cL3d3dy52aWxsYS1iZXJsaW96LWhvdGVsLWx5b24uY29tXC93cC1jb250ZW50XC91cGxvYWRzXC8yMDI0XC8wOFwvaG90ZWwtdmlsbGEtYmVybGlvei1seW9uLTAyNC53ZWJwIn0%3D\">\n\t\t\t\t\t\t\t\t\t\t\t\t\t\t\t\t\t\t\t\t\t<img loading=\"lazy\" decoding=\"async\" width=\"2000\" height=\"1500\" src=\"https:\/\/www.villa-berlioz-hotel-lyon.com\/wp-content\/uploads\/2024\/08\/hotel-villa-berlioz-lyon-024.webp\" class=\"attachment-full size-full\" alt=\"Petit d\u00e9jeuner - H\u00f4tel Villa Berlioz Lyon\" srcset=\"https:\/\/www.villa-berlioz-hotel-lyon.com\/wp-content\/uploads\/2024\/08\/hotel-villa-berlioz-lyon-024.webp 2000w, https:\/\/www.villa-berlioz-hotel-lyon.com\/wp-content\/uploads\/2024\/08\/hotel-villa-berlioz-lyon-024-300x225.webp 300w, https:\/\/www.villa-berlioz-hotel-lyon.com\/wp-content\/uploads\/2024\/08\/hotel-villa-berlioz-lyon-024-1024x768.webp 1024w, https:\/\/www.villa-berlioz-hotel-lyon.com\/wp-content\/uploads\/2024\/08\/hotel-villa-berlioz-lyon-024-768x576.webp 768w, https:\/\/www.villa-berlioz-hotel-lyon.com\/wp-content\/uploads\/2024\/08\/hotel-villa-berlioz-lyon-024-1536x1152.webp 1536w\" sizes=\"(max-width: 2000px) 100vw, 2000px\" \/>\t\t\t\t\t\t\t\t\t\t\t\t\t\t\t\t\t\t\t\t\t\t\t\t\t\t\t\t\t\t\t\t<div class=\"eae-grid-overlay fadeIn\">\n\t\t\t\t\t\t\t\t\t\t\t\t<div class=\"eae-grid-overlay-inner\">\n\t\t\t\t\t\t\t\t\t\t\t\t\t<div class=\"eae-icon-wrapper\">\n\t\t\t\t\t\t\t\t\t\t\t\t\t\t\t\t\t\t\t\t\t\t\t\t\t\t\t<\/div>\n\t\t\t\t\t\t\t\t\t\t\t\t\t\t\t\t\t\t\t\t\t\t\t\t\t<\/div>\n\t\t\t\t\t\t\t\t\t\t<\/div>\n\t\t\t\t\t\t\t\t\t\t\t\t\t\t\t\t\t\t\t<\/a>\n\t\t\t\t\t\t\t\t<\/div>\n\t\t\t\t\t\t\t<\/div>\n\t\t\t\t\t\t\t\t\t\t\t\t\t\t<div class=\"eae-gallery-item petit-djeuner\">\n\t\t\t\t\t\t\t\t<div class=\"eae-gallery-item-inner\">\n\t\t\t\t\t\t\t\t\t<a href=\"https:\/\/www.villa-berlioz-hotel-lyon.com\/wp-content\/uploads\/galerie\/hotel-villa-berlioz-hotel-lyon-restaurant.webp\" data-elementor-open-lightbox=\"yes\" data-elementor-lightbox-slideshow=\"eae-fg-gallery-60552\" data-elementor-lightbox-title=\"hotel-villa-berlioz-hotel-lyon-restaurant\" data-elementor-lightbox-description=\"\u0152ufs brouill\u00e9s pr\u00e9par\u00e9s chaque matin, servis chauds au buffet du petit-d\u00e9jeuner \u00e0 l\u2019H\u00f4tel Villa Berlioz \u00e0 Lyon.\" data-e-action-hash=\"#elementor-action%3Aaction%3Dlightbox%26settings%3DeyJpZCI6OTQ3MiwidXJsIjoiaHR0cHM6XC9cL3d3dy52aWxsYS1iZXJsaW96LWhvdGVsLWx5b24uY29tXC93cC1jb250ZW50XC91cGxvYWRzXC9nYWxlcmllXC9ob3RlbC12aWxsYS1iZXJsaW96LWhvdGVsLWx5b24tcmVzdGF1cmFudC53ZWJwIn0%3D\">\n\t\t\t\t\t\t\t\t\t\t\t\t\t\t\t\t\t\t\t\t\t<img loading=\"lazy\" decoding=\"async\" width=\"920\" height=\"1401\" src=\"https:\/\/www.villa-berlioz-hotel-lyon.com\/wp-content\/uploads\/galerie\/hotel-villa-berlioz-hotel-lyon-restaurant.webp\" class=\"attachment-full size-full\" alt=\"\" srcset=\"https:\/\/www.villa-berlioz-hotel-lyon.com\/wp-content\/uploads\/galerie\/hotel-villa-berlioz-hotel-lyon-restaurant.webp 920w, https:\/\/www.villa-berlioz-hotel-lyon.com\/wp-content\/uploads\/galerie\/hotel-villa-berlioz-hotel-lyon-restaurant-197x300.webp 197w, https:\/\/www.villa-berlioz-hotel-lyon.com\/wp-content\/uploads\/galerie\/hotel-villa-berlioz-hotel-lyon-restaurant-672x1024.webp 672w, https:\/\/www.villa-berlioz-hotel-lyon.com\/wp-content\/uploads\/galerie\/hotel-villa-berlioz-hotel-lyon-restaurant-768x1170.webp 768w\" sizes=\"(max-width: 920px) 100vw, 920px\" \/>\t\t\t\t\t\t\t\t\t\t\t\t\t\t\t\t\t\t\t\t\t\t\t\t\t\t\t\t\t\t\t\t<div class=\"eae-grid-overlay fadeIn\">\n\t\t\t\t\t\t\t\t\t\t\t\t<div class=\"eae-grid-overlay-inner\">\n\t\t\t\t\t\t\t\t\t\t\t\t\t<div class=\"eae-icon-wrapper\">\n\t\t\t\t\t\t\t\t\t\t\t\t\t\t\t\t\t\t\t\t\t\t\t\t\t\t\t<\/div>\n\t\t\t\t\t\t\t\t\t\t\t\t\t\t\t\t\t\t\t\t\t\t\t\t\t<\/div>\n\t\t\t\t\t\t\t\t\t\t<\/div>\n\t\t\t\t\t\t\t\t\t\t\t\t\t\t\t\t\t\t\t<\/a>\n\t\t\t\t\t\t\t\t<\/div>\n\t\t\t\t\t\t\t<\/div>\n\t\t\t\t\t\t\t\t\t\t\t\t\t\t<div class=\"eae-gallery-item petit-djeuner\">\n\t\t\t\t\t\t\t\t<div class=\"eae-gallery-item-inner\">\n\t\t\t\t\t\t\t\t\t<a href=\"https:\/\/www.villa-berlioz-hotel-lyon.com\/wp-content\/uploads\/2024\/08\/hotel-villa-berlioz-lyon-035.webp\" data-elementor-open-lightbox=\"yes\" data-elementor-lightbox-slideshow=\"eae-fg-gallery-60552\" data-elementor-lightbox-title=\"Petit d\u00e9jeuner - H\u00f4tel Villa Berlioz Lyon\" data-elementor-lightbox-description=\"\u0152ufs brouill\u00e9s pr\u00e9par\u00e9s chaque matin, servis chauds au buffet du petit-d\u00e9jeuner \u00e0 l\u2019H\u00f4tel Villa Berlioz \u00e0 Lyon.\" data-e-action-hash=\"#elementor-action%3Aaction%3Dlightbox%26settings%3DeyJpZCI6OTE3MywidXJsIjoiaHR0cHM6XC9cL3d3dy52aWxsYS1iZXJsaW96LWhvdGVsLWx5b24uY29tXC93cC1jb250ZW50XC91cGxvYWRzXC8yMDI0XC8wOFwvaG90ZWwtdmlsbGEtYmVybGlvei1seW9uLTAzNS53ZWJwIn0%3D\">\n\t\t\t\t\t\t\t\t\t\t\t\t\t\t\t\t\t\t\t\t\t<img loading=\"lazy\" decoding=\"async\" width=\"2000\" height=\"1239\" src=\"https:\/\/www.villa-berlioz-hotel-lyon.com\/wp-content\/uploads\/2024\/08\/hotel-villa-berlioz-lyon-035.webp\" class=\"attachment-full size-full\" alt=\"Petit d\u00e9jeuner - H\u00f4tel Villa Berlioz Lyon\" srcset=\"https:\/\/www.villa-berlioz-hotel-lyon.com\/wp-content\/uploads\/2024\/08\/hotel-villa-berlioz-lyon-035.webp 2000w, https:\/\/www.villa-berlioz-hotel-lyon.com\/wp-content\/uploads\/2024\/08\/hotel-villa-berlioz-lyon-035-300x186.webp 300w, https:\/\/www.villa-berlioz-hotel-lyon.com\/wp-content\/uploads\/2024\/08\/hotel-villa-berlioz-lyon-035-1024x634.webp 1024w, https:\/\/www.villa-berlioz-hotel-lyon.com\/wp-content\/uploads\/2024\/08\/hotel-villa-berlioz-lyon-035-768x476.webp 768w, https:\/\/www.villa-berlioz-hotel-lyon.com\/wp-content\/uploads\/2024\/08\/hotel-villa-berlioz-lyon-035-1536x952.webp 1536w\" sizes=\"(max-width: 2000px) 100vw, 2000px\" \/>\t\t\t\t\t\t\t\t\t\t\t\t\t\t\t\t\t\t\t\t\t\t\t\t\t\t\t\t\t\t\t\t<div class=\"eae-grid-overlay fadeIn\">\n\t\t\t\t\t\t\t\t\t\t\t\t<div class=\"eae-grid-overlay-inner\">\n\t\t\t\t\t\t\t\t\t\t\t\t\t<div class=\"eae-icon-wrapper\">\n\t\t\t\t\t\t\t\t\t\t\t\t\t\t\t\t\t\t\t\t\t\t\t\t\t\t\t<\/div>\n\t\t\t\t\t\t\t\t\t\t\t\t\t\t\t\t\t\t\t\t\t\t\t\t\t<\/div>\n\t\t\t\t\t\t\t\t\t\t<\/div>\n\t\t\t\t\t\t\t\t\t\t\t\t\t\t\t\t\t\t\t<\/a>\n\t\t\t\t\t\t\t\t<\/div>\n\t\t\t\t\t\t\t<\/div>\n\t\t\t\t\t\t\t\t\t\t\t\t\t\t<div class=\"eae-gallery-item petit-djeuner\">\n\t\t\t\t\t\t\t\t<div class=\"eae-gallery-item-inner\">\n\t\t\t\t\t\t\t\t\t<a href=\"https:\/\/www.villa-berlioz-hotel-lyon.com\/wp-content\/uploads\/2024\/08\/hotel-villa-berlioz-lyon-petit-dejeuner-016-2.webp\" data-elementor-open-lightbox=\"yes\" data-elementor-lightbox-slideshow=\"eae-fg-gallery-60552\" data-elementor-lightbox-title=\"Petit d\u00e9jeuner - H\u00f4tel Villa Berlioz Lyon\" data-elementor-lightbox-description=\"\u0152ufs brouill\u00e9s pr\u00e9par\u00e9s chaque matin, servis chauds au buffet du petit-d\u00e9jeuner \u00e0 l\u2019H\u00f4tel Villa Berlioz \u00e0 Lyon.\" data-e-action-hash=\"#elementor-action%3Aaction%3Dlightbox%26settings%3DeyJpZCI6OTE3NSwidXJsIjoiaHR0cHM6XC9cL3d3dy52aWxsYS1iZXJsaW96LWhvdGVsLWx5b24uY29tXC93cC1jb250ZW50XC91cGxvYWRzXC8yMDI0XC8wOFwvaG90ZWwtdmlsbGEtYmVybGlvei1seW9uLXBldGl0LWRlamV1bmVyLTAxNi0yLndlYnAifQ%3D%3D\">\n\t\t\t\t\t\t\t\t\t\t\t\t\t\t\t\t\t\t\t\t\t<img loading=\"lazy\" decoding=\"async\" width=\"2000\" height=\"1500\" src=\"https:\/\/www.villa-berlioz-hotel-lyon.com\/wp-content\/uploads\/2024\/08\/hotel-villa-berlioz-lyon-petit-dejeuner-016-2.webp\" class=\"attachment-full size-full\" alt=\"Petit d\u00e9jeuner - H\u00f4tel Villa Berlioz Lyon\" srcset=\"https:\/\/www.villa-berlioz-hotel-lyon.com\/wp-content\/uploads\/2024\/08\/hotel-villa-berlioz-lyon-petit-dejeuner-016-2.webp 2000w, https:\/\/www.villa-berlioz-hotel-lyon.com\/wp-content\/uploads\/2024\/08\/hotel-villa-berlioz-lyon-petit-dejeuner-016-2-300x225.webp 300w, https:\/\/www.villa-berlioz-hotel-lyon.com\/wp-content\/uploads\/2024\/08\/hotel-villa-berlioz-lyon-petit-dejeuner-016-2-1024x768.webp 1024w, https:\/\/www.villa-berlioz-hotel-lyon.com\/wp-content\/uploads\/2024\/08\/hotel-villa-berlioz-lyon-petit-dejeuner-016-2-768x576.webp 768w, https:\/\/www.villa-berlioz-hotel-lyon.com\/wp-content\/uploads\/2024\/08\/hotel-villa-berlioz-lyon-petit-dejeuner-016-2-1536x1152.webp 1536w\" sizes=\"(max-width: 2000px) 100vw, 2000px\" \/>\t\t\t\t\t\t\t\t\t\t\t\t\t\t\t\t\t\t\t\t\t\t\t\t\t\t\t\t\t\t\t\t<div class=\"eae-grid-overlay fadeIn\">\n\t\t\t\t\t\t\t\t\t\t\t\t<div class=\"eae-grid-overlay-inner\">\n\t\t\t\t\t\t\t\t\t\t\t\t\t<div class=\"eae-icon-wrapper\">\n\t\t\t\t\t\t\t\t\t\t\t\t\t\t\t\t\t\t\t\t\t\t\t\t\t\t\t<\/div>\n\t\t\t\t\t\t\t\t\t\t\t\t\t\t\t\t\t\t\t\t\t\t\t\t\t<\/div>\n\t\t\t\t\t\t\t\t\t\t<\/div>\n\t\t\t\t\t\t\t\t\t\t\t\t\t\t\t\t\t\t\t<\/a>\n\t\t\t\t\t\t\t\t<\/div>\n\t\t\t\t\t\t\t<\/div>\n\t\t\t\t\t\t\t\t\t\t\t\t\t\t<div class=\"eae-gallery-item petit-djeuner\">\n\t\t\t\t\t\t\t\t<div class=\"eae-gallery-item-inner\">\n\t\t\t\t\t\t\t\t\t<a href=\"https:\/\/www.villa-berlioz-hotel-lyon.com\/wp-content\/uploads\/2024\/08\/hotel-villa-berlioz-lyon-petit-dejeuner-6020.webp\" data-elementor-open-lightbox=\"yes\" data-elementor-lightbox-slideshow=\"eae-fg-gallery-60552\" data-elementor-lightbox-title=\"Petit d\u00e9jeuner - H\u00f4tel Villa Berlioz Lyon\" data-elementor-lightbox-description=\"\u0152ufs brouill\u00e9s pr\u00e9par\u00e9s chaque matin, servis chauds au buffet du petit-d\u00e9jeuner \u00e0 l\u2019H\u00f4tel Villa Berlioz \u00e0 Lyon.\" data-e-action-hash=\"#elementor-action%3Aaction%3Dlightbox%26settings%3DeyJpZCI6OTE3NywidXJsIjoiaHR0cHM6XC9cL3d3dy52aWxsYS1iZXJsaW96LWhvdGVsLWx5b24uY29tXC93cC1jb250ZW50XC91cGxvYWRzXC8yMDI0XC8wOFwvaG90ZWwtdmlsbGEtYmVybGlvei1seW9uLXBldGl0LWRlamV1bmVyLTYwMjAud2VicCJ9\">\n\t\t\t\t\t\t\t\t\t\t\t\t\t\t\t\t\t\t\t\t\t<img loading=\"lazy\" decoding=\"async\" width=\"2000\" height=\"1427\" src=\"https:\/\/www.villa-berlioz-hotel-lyon.com\/wp-content\/uploads\/2024\/08\/hotel-villa-berlioz-lyon-petit-dejeuner-6020.webp\" class=\"attachment-full size-full\" alt=\"Petit d\u00e9jeuner - H\u00f4tel Villa Berlioz Lyon\" srcset=\"https:\/\/www.villa-berlioz-hotel-lyon.com\/wp-content\/uploads\/2024\/08\/hotel-villa-berlioz-lyon-petit-dejeuner-6020.webp 2000w, https:\/\/www.villa-berlioz-hotel-lyon.com\/wp-content\/uploads\/2024\/08\/hotel-villa-berlioz-lyon-petit-dejeuner-6020-300x214.webp 300w, https:\/\/www.villa-berlioz-hotel-lyon.com\/wp-content\/uploads\/2024\/08\/hotel-villa-berlioz-lyon-petit-dejeuner-6020-1024x731.webp 1024w, https:\/\/www.villa-berlioz-hotel-lyon.com\/wp-content\/uploads\/2024\/08\/hotel-villa-berlioz-lyon-petit-dejeuner-6020-768x548.webp 768w, https:\/\/www.villa-berlioz-hotel-lyon.com\/wp-content\/uploads\/2024\/08\/hotel-villa-berlioz-lyon-petit-dejeuner-6020-1536x1096.webp 1536w\" sizes=\"(max-width: 2000px) 100vw, 2000px\" \/>\t\t\t\t\t\t\t\t\t\t\t\t\t\t\t\t\t\t\t\t\t\t\t\t\t\t\t\t\t\t\t\t<div class=\"eae-grid-overlay fadeIn\">\n\t\t\t\t\t\t\t\t\t\t\t\t<div class=\"eae-grid-overlay-inner\">\n\t\t\t\t\t\t\t\t\t\t\t\t\t<div class=\"eae-icon-wrapper\">\n\t\t\t\t\t\t\t\t\t\t\t\t\t\t\t\t\t\t\t\t\t\t\t\t\t\t\t<\/div>\n\t\t\t\t\t\t\t\t\t\t\t\t\t\t\t\t\t\t\t\t\t\t\t\t\t<\/div>\n\t\t\t\t\t\t\t\t\t\t<\/div>\n\t\t\t\t\t\t\t\t\t\t\t\t\t\t\t\t\t\t\t<\/a>\n\t\t\t\t\t\t\t\t<\/div>\n\t\t\t\t\t\t\t<\/div>\n\t\t\t\t\t\t\t\t\t\t\t\t\t\t<div class=\"eae-gallery-item petit-djeuner\">\n\t\t\t\t\t\t\t\t<div class=\"eae-gallery-item-inner\">\n\t\t\t\t\t\t\t\t\t<a href=\"https:\/\/www.villa-berlioz-hotel-lyon.com\/wp-content\/uploads\/2024\/08\/hotel-villa-berlioz-lyon-011.webp\" data-elementor-open-lightbox=\"yes\" data-elementor-lightbox-slideshow=\"eae-fg-gallery-60552\" data-elementor-lightbox-title=\"Petit d\u00e9jeuner - H\u00f4tel Villa Berlioz Lyon\" data-elementor-lightbox-description=\"\u0152ufs brouill\u00e9s pr\u00e9par\u00e9s chaque matin, servis chauds au buffet du petit-d\u00e9jeuner \u00e0 l\u2019H\u00f4tel Villa Berlioz \u00e0 Lyon.\" data-e-action-hash=\"#elementor-action%3Aaction%3Dlightbox%26settings%3DeyJpZCI6OTE4NywidXJsIjoiaHR0cHM6XC9cL3d3dy52aWxsYS1iZXJsaW96LWhvdGVsLWx5b24uY29tXC93cC1jb250ZW50XC91cGxvYWRzXC8yMDI0XC8wOFwvaG90ZWwtdmlsbGEtYmVybGlvei1seW9uLTAxMS53ZWJwIn0%3D\">\n\t\t\t\t\t\t\t\t\t\t\t\t\t\t\t\t\t\t\t\t\t<img loading=\"lazy\" decoding=\"async\" width=\"2000\" height=\"1500\" src=\"https:\/\/www.villa-berlioz-hotel-lyon.com\/wp-content\/uploads\/2024\/08\/hotel-villa-berlioz-lyon-011.webp\" class=\"attachment-full size-full\" alt=\"Petit d\u00e9jeuner - H\u00f4tel Villa Berlioz Lyon\" srcset=\"https:\/\/www.villa-berlioz-hotel-lyon.com\/wp-content\/uploads\/2024\/08\/hotel-villa-berlioz-lyon-011.webp 2000w, https:\/\/www.villa-berlioz-hotel-lyon.com\/wp-content\/uploads\/2024\/08\/hotel-villa-berlioz-lyon-011-300x225.webp 300w, https:\/\/www.villa-berlioz-hotel-lyon.com\/wp-content\/uploads\/2024\/08\/hotel-villa-berlioz-lyon-011-1024x768.webp 1024w, https:\/\/www.villa-berlioz-hotel-lyon.com\/wp-content\/uploads\/2024\/08\/hotel-villa-berlioz-lyon-011-768x576.webp 768w, https:\/\/www.villa-berlioz-hotel-lyon.com\/wp-content\/uploads\/2024\/08\/hotel-villa-berlioz-lyon-011-1536x1152.webp 1536w\" sizes=\"(max-width: 2000px) 100vw, 2000px\" \/>\t\t\t\t\t\t\t\t\t\t\t\t\t\t\t\t\t\t\t\t\t\t\t\t\t\t\t\t\t\t\t\t<div class=\"eae-grid-overlay fadeIn\">\n\t\t\t\t\t\t\t\t\t\t\t\t<div class=\"eae-grid-overlay-inner\">\n\t\t\t\t\t\t\t\t\t\t\t\t\t<div class=\"eae-icon-wrapper\">\n\t\t\t\t\t\t\t\t\t\t\t\t\t\t\t\t\t\t\t\t\t\t\t\t\t\t\t<\/div>\n\t\t\t\t\t\t\t\t\t\t\t\t\t\t\t\t\t\t\t\t\t\t\t\t\t<\/div>\n\t\t\t\t\t\t\t\t\t\t<\/div>\n\t\t\t\t\t\t\t\t\t\t\t\t\t\t\t\t\t\t\t<\/a>\n\t\t\t\t\t\t\t\t<\/div>\n\t\t\t\t\t\t\t<\/div>\n\t\t\t\t\t\t\t\t\t\t\t\t\t\t<div class=\"eae-gallery-item petit-djeuner\">\n\t\t\t\t\t\t\t\t<div class=\"eae-gallery-item-inner\">\n\t\t\t\t\t\t\t\t\t<a href=\"https:\/\/www.villa-berlioz-hotel-lyon.com\/wp-content\/uploads\/2024\/08\/hotel-villa-berlioz-lyon-003-1.webp\" data-elementor-open-lightbox=\"yes\" data-elementor-lightbox-slideshow=\"eae-fg-gallery-60552\" data-elementor-lightbox-title=\"Petit d\u00e9jeuner - H\u00f4tel Villa Berlioz Lyon\" data-elementor-lightbox-description=\"\u0152ufs brouill\u00e9s pr\u00e9par\u00e9s chaque matin, servis chauds au buffet du petit-d\u00e9jeuner \u00e0 l\u2019H\u00f4tel Villa Berlioz \u00e0 Lyon.\" data-e-action-hash=\"#elementor-action%3Aaction%3Dlightbox%26settings%3DeyJpZCI6OTE4OSwidXJsIjoiaHR0cHM6XC9cL3d3dy52aWxsYS1iZXJsaW96LWhvdGVsLWx5b24uY29tXC93cC1jb250ZW50XC91cGxvYWRzXC8yMDI0XC8wOFwvaG90ZWwtdmlsbGEtYmVybGlvei1seW9uLTAwMy0xLndlYnAifQ%3D%3D\">\n\t\t\t\t\t\t\t\t\t\t\t\t\t\t\t\t\t\t\t\t\t<img loading=\"lazy\" decoding=\"async\" width=\"2000\" height=\"1500\" src=\"https:\/\/www.villa-berlioz-hotel-lyon.com\/wp-content\/uploads\/2024\/08\/hotel-villa-berlioz-lyon-003-1.webp\" class=\"attachment-full size-full\" alt=\"Petit d\u00e9jeuner - H\u00f4tel Villa Berlioz Lyon\" srcset=\"https:\/\/www.villa-berlioz-hotel-lyon.com\/wp-content\/uploads\/2024\/08\/hotel-villa-berlioz-lyon-003-1.webp 2000w, https:\/\/www.villa-berlioz-hotel-lyon.com\/wp-content\/uploads\/2024\/08\/hotel-villa-berlioz-lyon-003-1-300x225.webp 300w, https:\/\/www.villa-berlioz-hotel-lyon.com\/wp-content\/uploads\/2024\/08\/hotel-villa-berlioz-lyon-003-1-1024x768.webp 1024w, https:\/\/www.villa-berlioz-hotel-lyon.com\/wp-content\/uploads\/2024\/08\/hotel-villa-berlioz-lyon-003-1-768x576.webp 768w, https:\/\/www.villa-berlioz-hotel-lyon.com\/wp-content\/uploads\/2024\/08\/hotel-villa-berlioz-lyon-003-1-1536x1152.webp 1536w\" sizes=\"(max-width: 2000px) 100vw, 2000px\" \/>\t\t\t\t\t\t\t\t\t\t\t\t\t\t\t\t\t\t\t\t\t\t\t\t\t\t\t\t\t\t\t\t<div class=\"eae-grid-overlay fadeIn\">\n\t\t\t\t\t\t\t\t\t\t\t\t<div class=\"eae-grid-overlay-inner\">\n\t\t\t\t\t\t\t\t\t\t\t\t\t<div class=\"eae-icon-wrapper\">\n\t\t\t\t\t\t\t\t\t\t\t\t\t\t\t\t\t\t\t\t\t\t\t\t\t\t\t<\/div>\n\t\t\t\t\t\t\t\t\t\t\t\t\t\t\t\t\t\t\t\t\t\t\t\t\t<\/div>\n\t\t\t\t\t\t\t\t\t\t<\/div>\n\t\t\t\t\t\t\t\t\t\t\t\t\t\t\t\t\t\t\t<\/a>\n\t\t\t\t\t\t\t\t<\/div>\n\t\t\t\t\t\t\t<\/div>\n\t\t\t\t\t\t\t\t\t\t\t\t\t\t<div class=\"eae-gallery-item petit-djeuner\">\n\t\t\t\t\t\t\t\t<div class=\"eae-gallery-item-inner\">\n\t\t\t\t\t\t\t\t\t<a href=\"https:\/\/www.villa-berlioz-hotel-lyon.com\/wp-content\/uploads\/galerie\/hotel-villa-berlioz-hotel-lyon-notre-cuisine.webp\" data-elementor-open-lightbox=\"yes\" data-elementor-lightbox-slideshow=\"eae-fg-gallery-60552\" data-elementor-lightbox-title=\"hotel-villa-berlioz-hotel-lyon--notre -cuisine\" data-elementor-lightbox-description=\"\u0152ufs brouill\u00e9s pr\u00e9par\u00e9s chaque matin, servis chauds au buffet du petit-d\u00e9jeuner \u00e0 l\u2019H\u00f4tel Villa Berlioz \u00e0 Lyon.\" data-e-action-hash=\"#elementor-action%3Aaction%3Dlightbox%26settings%3DeyJpZCI6OTQ2OCwidXJsIjoiaHR0cHM6XC9cL3d3dy52aWxsYS1iZXJsaW96LWhvdGVsLWx5b24uY29tXC93cC1jb250ZW50XC91cGxvYWRzXC9nYWxlcmllXC9ob3RlbC12aWxsYS1iZXJsaW96LWhvdGVsLWx5b24tbm90cmUtY3Vpc2luZS53ZWJwIn0%3D\">\n\t\t\t\t\t\t\t\t\t\t\t\t\t\t\t\t\t\t\t\t\t<img loading=\"lazy\" decoding=\"async\" width=\"920\" height=\"1227\" src=\"https:\/\/www.villa-berlioz-hotel-lyon.com\/wp-content\/uploads\/galerie\/hotel-villa-berlioz-hotel-lyon-notre-cuisine.webp\" class=\"attachment-full size-full\" alt=\"\" srcset=\"https:\/\/www.villa-berlioz-hotel-lyon.com\/wp-content\/uploads\/galerie\/hotel-villa-berlioz-hotel-lyon-notre-cuisine.webp 920w, https:\/\/www.villa-berlioz-hotel-lyon.com\/wp-content\/uploads\/galerie\/hotel-villa-berlioz-hotel-lyon-notre-cuisine-225x300.webp 225w, https:\/\/www.villa-berlioz-hotel-lyon.com\/wp-content\/uploads\/galerie\/hotel-villa-berlioz-hotel-lyon-notre-cuisine-768x1024.webp 768w\" sizes=\"(max-width: 920px) 100vw, 920px\" \/>\t\t\t\t\t\t\t\t\t\t\t\t\t\t\t\t\t\t\t\t\t\t\t\t\t\t\t\t\t\t\t\t<div class=\"eae-grid-overlay fadeIn\">\n\t\t\t\t\t\t\t\t\t\t\t\t<div class=\"eae-grid-overlay-inner\">\n\t\t\t\t\t\t\t\t\t\t\t\t\t<div class=\"eae-icon-wrapper\">\n\t\t\t\t\t\t\t\t\t\t\t\t\t\t\t\t\t\t\t\t\t\t\t\t\t\t\t<\/div>\n\t\t\t\t\t\t\t\t\t\t\t\t\t\t\t\t\t\t\t\t\t\t\t\t\t<\/div>\n\t\t\t\t\t\t\t\t\t\t<\/div>\n\t\t\t\t\t\t\t\t\t\t\t\t\t\t\t\t\t\t\t<\/a>\n\t\t\t\t\t\t\t\t<\/div>\n\t\t\t\t\t\t\t<\/div>\n\t\t\t\t\t\t\t\t\t\t\t\t\t\t<div class=\"eae-gallery-item petit-djeuner\">\n\t\t\t\t\t\t\t\t<div class=\"eae-gallery-item-inner\">\n\t\t\t\t\t\t\t\t\t<a href=\"https:\/\/www.villa-berlioz-hotel-lyon.com\/wp-content\/uploads\/galerie\/hotel-villa-berlioz-hotel-lyon-cuisine.webp\" data-elementor-open-lightbox=\"yes\" data-elementor-lightbox-slideshow=\"eae-fg-gallery-60552\" data-elementor-lightbox-title=\"hotel-villa-berlioz-hotel-lyon-cuisine\" data-elementor-lightbox-description=\"\u0152ufs brouill\u00e9s pr\u00e9par\u00e9s chaque matin, servis chauds au buffet du petit-d\u00e9jeuner \u00e0 l\u2019H\u00f4tel Villa Berlioz \u00e0 Lyon.\" data-e-action-hash=\"#elementor-action%3Aaction%3Dlightbox%26settings%3DeyJpZCI6OTQ2NiwidXJsIjoiaHR0cHM6XC9cL3d3dy52aWxsYS1iZXJsaW96LWhvdGVsLWx5b24uY29tXC93cC1jb250ZW50XC91cGxvYWRzXC9nYWxlcmllXC9ob3RlbC12aWxsYS1iZXJsaW96LWhvdGVsLWx5b24tY3Vpc2luZS53ZWJwIn0%3D\">\n\t\t\t\t\t\t\t\t\t\t\t\t\t\t\t\t\t\t\t\t\t<img loading=\"lazy\" decoding=\"async\" width=\"920\" height=\"1227\" src=\"https:\/\/www.villa-berlioz-hotel-lyon.com\/wp-content\/uploads\/galerie\/hotel-villa-berlioz-hotel-lyon-cuisine.webp\" class=\"attachment-full size-full\" alt=\"\" srcset=\"https:\/\/www.villa-berlioz-hotel-lyon.com\/wp-content\/uploads\/galerie\/hotel-villa-berlioz-hotel-lyon-cuisine.webp 920w, https:\/\/www.villa-berlioz-hotel-lyon.com\/wp-content\/uploads\/galerie\/hotel-villa-berlioz-hotel-lyon-cuisine-225x300.webp 225w, https:\/\/www.villa-berlioz-hotel-lyon.com\/wp-content\/uploads\/galerie\/hotel-villa-berlioz-hotel-lyon-cuisine-768x1024.webp 768w\" sizes=\"(max-width: 920px) 100vw, 920px\" \/>\t\t\t\t\t\t\t\t\t\t\t\t\t\t\t\t\t\t\t\t\t\t\t\t\t\t\t\t\t\t\t\t<div class=\"eae-grid-overlay fadeIn\">\n\t\t\t\t\t\t\t\t\t\t\t\t<div class=\"eae-grid-overlay-inner\">\n\t\t\t\t\t\t\t\t\t\t\t\t\t<div class=\"eae-icon-wrapper\">\n\t\t\t\t\t\t\t\t\t\t\t\t\t\t\t\t\t\t\t\t\t\t\t\t\t\t\t<\/div>\n\t\t\t\t\t\t\t\t\t\t\t\t\t\t\t\t\t\t\t\t\t\t\t\t\t<\/div>\n\t\t\t\t\t\t\t\t\t\t<\/div>\n\t\t\t\t\t\t\t\t\t\t\t\t\t\t\t\t\t\t\t<\/a>\n\t\t\t\t\t\t\t\t<\/div>\n\t\t\t\t\t\t\t<\/div>\n\t\t\t\t\t\t\t\t\t\t\t\t\t\t<div class=\"eae-gallery-item terrasse\">\n\t\t\t\t\t\t\t\t<div class=\"eae-gallery-item-inner\">\n\t\t\t\t\t\t\t\t\t<a href=\"https:\/\/www.villa-berlioz-hotel-lyon.com\/wp-content\/uploads\/2024\/08\/hotel-villa-berlioz-lyon-005-2.webp\" data-elementor-open-lightbox=\"yes\" data-elementor-lightbox-slideshow=\"eae-fg-gallery-60552\" data-elementor-lightbox-title=\"Terrasse h\u00f4tel 3 \u00e9toiles lyon\" data-elementor-lightbox-description=\"\u0152ufs brouill\u00e9s pr\u00e9par\u00e9s chaque matin, servis chauds au buffet du petit-d\u00e9jeuner \u00e0 l\u2019H\u00f4tel Villa Berlioz \u00e0 Lyon.\" data-e-action-hash=\"#elementor-action%3Aaction%3Dlightbox%26settings%3DeyJpZCI6OTE2MSwidXJsIjoiaHR0cHM6XC9cL3d3dy52aWxsYS1iZXJsaW96LWhvdGVsLWx5b24uY29tXC93cC1jb250ZW50XC91cGxvYWRzXC8yMDI0XC8wOFwvaG90ZWwtdmlsbGEtYmVybGlvei1seW9uLTAwNS0yLndlYnAifQ%3D%3D\">\n\t\t\t\t\t\t\t\t\t\t\t\t\t\t\t\t\t\t\t\t\t<img loading=\"lazy\" decoding=\"async\" width=\"1500\" height=\"2000\" src=\"https:\/\/www.villa-berlioz-hotel-lyon.com\/wp-content\/uploads\/2024\/08\/hotel-villa-berlioz-lyon-005-2.webp\" class=\"attachment-full size-full\" alt=\"Terrasse h\u00f4tel 3 \u00e9toiles lyon\" srcset=\"https:\/\/www.villa-berlioz-hotel-lyon.com\/wp-content\/uploads\/2024\/08\/hotel-villa-berlioz-lyon-005-2.webp 1500w, https:\/\/www.villa-berlioz-hotel-lyon.com\/wp-content\/uploads\/2024\/08\/hotel-villa-berlioz-lyon-005-2-225x300.webp 225w, https:\/\/www.villa-berlioz-hotel-lyon.com\/wp-content\/uploads\/2024\/08\/hotel-villa-berlioz-lyon-005-2-768x1024.webp 768w, https:\/\/www.villa-berlioz-hotel-lyon.com\/wp-content\/uploads\/2024\/08\/hotel-villa-berlioz-lyon-005-2-1152x1536.webp 1152w\" sizes=\"(max-width: 1500px) 100vw, 1500px\" \/>\t\t\t\t\t\t\t\t\t\t\t\t\t\t\t\t\t\t\t\t\t\t\t\t\t\t\t\t\t\t\t\t<div class=\"eae-grid-overlay fadeIn\">\n\t\t\t\t\t\t\t\t\t\t\t\t<div class=\"eae-grid-overlay-inner\">\n\t\t\t\t\t\t\t\t\t\t\t\t\t<div class=\"eae-icon-wrapper\">\n\t\t\t\t\t\t\t\t\t\t\t\t\t\t\t\t\t\t\t\t\t\t\t\t\t\t\t<\/div>\n\t\t\t\t\t\t\t\t\t\t\t\t\t\t\t\t\t\t\t\t\t\t\t\t\t<\/div>\n\t\t\t\t\t\t\t\t\t\t<\/div>\n\t\t\t\t\t\t\t\t\t\t\t\t\t\t\t\t\t\t\t<\/a>\n\t\t\t\t\t\t\t\t<\/div>\n\t\t\t\t\t\t\t<\/div>\n\t\t\t\t\t\t\t\t\t\t\t\t\t\t<div class=\"eae-gallery-item terrasse\">\n\t\t\t\t\t\t\t\t<div class=\"eae-gallery-item-inner\">\n\t\t\t\t\t\t\t\t\t<a href=\"https:\/\/www.villa-berlioz-hotel-lyon.com\/wp-content\/uploads\/terrasse-design-et-coloree---villa-berlioz-lyon.jpg\" data-elementor-open-lightbox=\"yes\" data-elementor-lightbox-slideshow=\"eae-fg-gallery-60552\" data-elementor-lightbox-title=\"Terrasse design et color\u00e9e \u2013 Villa Berlioz Lyon\" data-elementor-lightbox-description=\"Espace ext\u00e9rieur lumineux et convivial aux couleurs vives, id\u00e9al pour se d\u00e9tendre \u00e0 l\u2019H\u00f4tel Villa Berlioz \u00e0 Lyon.\" data-e-action-hash=\"#elementor-action%3Aaction%3Dlightbox%26settings%3DeyJpZCI6OTkzNCwidXJsIjoiaHR0cHM6XC9cL3d3dy52aWxsYS1iZXJsaW96LWhvdGVsLWx5b24uY29tXC93cC1jb250ZW50XC91cGxvYWRzXC90ZXJyYXNzZS1kZXNpZ24tZXQtY29sb3JlZS0tLXZpbGxhLWJlcmxpb3otbHlvbi5qcGcifQ%3D%3D\">\n\t\t\t\t\t\t\t\t\t\t\t\t\t\t\t\t\t\t\t\t\t<img loading=\"lazy\" decoding=\"async\" width=\"1200\" height=\"800\" src=\"https:\/\/www.villa-berlioz-hotel-lyon.com\/wp-content\/uploads\/terrasse-design-et-coloree---villa-berlioz-lyon.jpg\" class=\"attachment-full size-full\" alt=\"Terrasse color\u00e9e avec mobilier design \u2013 H\u00f4tel Villa Berlioz Lyon\" srcset=\"https:\/\/www.villa-berlioz-hotel-lyon.com\/wp-content\/uploads\/terrasse-design-et-coloree---villa-berlioz-lyon.jpg 1200w, https:\/\/www.villa-berlioz-hotel-lyon.com\/wp-content\/uploads\/terrasse-design-et-coloree---villa-berlioz-lyon-300x200.jpg 300w, https:\/\/www.villa-berlioz-hotel-lyon.com\/wp-content\/uploads\/terrasse-design-et-coloree---villa-berlioz-lyon-1024x683.jpg 1024w, https:\/\/www.villa-berlioz-hotel-lyon.com\/wp-content\/uploads\/terrasse-design-et-coloree---villa-berlioz-lyon-768x512.jpg 768w\" sizes=\"(max-width: 1200px) 100vw, 1200px\" \/>\t\t\t\t\t\t\t\t\t\t\t\t\t\t\t\t\t\t\t\t\t\t\t\t\t\t\t\t\t\t\t\t<div class=\"eae-grid-overlay fadeIn\">\n\t\t\t\t\t\t\t\t\t\t\t\t<div class=\"eae-grid-overlay-inner\">\n\t\t\t\t\t\t\t\t\t\t\t\t\t<div class=\"eae-icon-wrapper\">\n\t\t\t\t\t\t\t\t\t\t\t\t\t\t\t\t\t\t\t\t\t\t\t\t\t\t\t<\/div>\n\t\t\t\t\t\t\t\t\t\t\t\t\t\t\t\t\t\t\t\t\t\t\t\t\t<\/div>\n\t\t\t\t\t\t\t\t\t\t<\/div>\n\t\t\t\t\t\t\t\t\t\t\t\t\t\t\t\t\t\t\t<\/a>\n\t\t\t\t\t\t\t\t<\/div>\n\t\t\t\t\t\t\t<\/div>\n\t\t\t\t\t\t\t\t\t\t\t\t\t\t<div class=\"eae-gallery-item terrasse\">\n\t\t\t\t\t\t\t\t<div class=\"eae-gallery-item-inner\">\n\t\t\t\t\t\t\t\t\t<a href=\"https:\/\/www.villa-berlioz-hotel-lyon.com\/wp-content\/uploads\/2024\/08\/hotel-villa-berlioz-lyon-005.webp\" data-elementor-open-lightbox=\"yes\" data-elementor-lightbox-slideshow=\"eae-fg-gallery-60552\" data-elementor-lightbox-title=\"Terrasse h\u00f4tel 3 \u00e9toiles lyon\" data-elementor-lightbox-description=\"Espace ext\u00e9rieur lumineux et convivial aux couleurs vives, id\u00e9al pour se d\u00e9tendre \u00e0 l\u2019H\u00f4tel Villa Berlioz \u00e0 Lyon.\" data-e-action-hash=\"#elementor-action%3Aaction%3Dlightbox%26settings%3DeyJpZCI6OTE2MywidXJsIjoiaHR0cHM6XC9cL3d3dy52aWxsYS1iZXJsaW96LWhvdGVsLWx5b24uY29tXC93cC1jb250ZW50XC91cGxvYWRzXC8yMDI0XC8wOFwvaG90ZWwtdmlsbGEtYmVybGlvei1seW9uLTAwNS53ZWJwIn0%3D\">\n\t\t\t\t\t\t\t\t\t\t\t\t\t\t\t\t\t\t\t\t\t<img loading=\"lazy\" decoding=\"async\" width=\"2000\" height=\"1365\" src=\"https:\/\/www.villa-berlioz-hotel-lyon.com\/wp-content\/uploads\/2024\/08\/hotel-villa-berlioz-lyon-005.webp\" class=\"attachment-full size-full\" alt=\"Terrasse h\u00f4tel 3 \u00e9toiles lyon\" srcset=\"https:\/\/www.villa-berlioz-hotel-lyon.com\/wp-content\/uploads\/2024\/08\/hotel-villa-berlioz-lyon-005.webp 2000w, https:\/\/www.villa-berlioz-hotel-lyon.com\/wp-content\/uploads\/2024\/08\/hotel-villa-berlioz-lyon-005-300x205.webp 300w, https:\/\/www.villa-berlioz-hotel-lyon.com\/wp-content\/uploads\/2024\/08\/hotel-villa-berlioz-lyon-005-1024x699.webp 1024w, https:\/\/www.villa-berlioz-hotel-lyon.com\/wp-content\/uploads\/2024\/08\/hotel-villa-berlioz-lyon-005-768x524.webp 768w, https:\/\/www.villa-berlioz-hotel-lyon.com\/wp-content\/uploads\/2024\/08\/hotel-villa-berlioz-lyon-005-1536x1048.webp 1536w\" sizes=\"(max-width: 2000px) 100vw, 2000px\" \/>\t\t\t\t\t\t\t\t\t\t\t\t\t\t\t\t\t\t\t\t\t\t\t\t\t\t\t\t\t\t\t\t<div class=\"eae-grid-overlay fadeIn\">\n\t\t\t\t\t\t\t\t\t\t\t\t<div class=\"eae-grid-overlay-inner\">\n\t\t\t\t\t\t\t\t\t\t\t\t\t<div class=\"eae-icon-wrapper\">\n\t\t\t\t\t\t\t\t\t\t\t\t\t\t\t\t\t\t\t\t\t\t\t\t\t\t\t<\/div>\n\t\t\t\t\t\t\t\t\t\t\t\t\t\t\t\t\t\t\t\t\t\t\t\t\t<\/div>\n\t\t\t\t\t\t\t\t\t\t<\/div>\n\t\t\t\t\t\t\t\t\t\t\t\t\t\t\t\t\t\t\t<\/a>\n\t\t\t\t\t\t\t\t<\/div>\n\t\t\t\t\t\t\t<\/div>\n\t\t\t\t\t\t\t\t\t\t\t\t\t\t<div class=\"eae-gallery-item terrasse\">\n\t\t\t\t\t\t\t\t<div class=\"eae-gallery-item-inner\">\n\t\t\t\t\t\t\t\t\t<a href=\"https:\/\/www.villa-berlioz-hotel-lyon.com\/wp-content\/uploads\/2024\/08\/hotel-villa-berlioz-lyon-009.webp\" data-elementor-open-lightbox=\"yes\" data-elementor-lightbox-slideshow=\"eae-fg-gallery-60552\" data-elementor-lightbox-title=\"Terrasse h\u00f4tel 3 \u00e9toiles lyon\" data-elementor-lightbox-description=\"Espace ext\u00e9rieur lumineux et convivial aux couleurs vives, id\u00e9al pour se d\u00e9tendre \u00e0 l\u2019H\u00f4tel Villa Berlioz \u00e0 Lyon.\" data-e-action-hash=\"#elementor-action%3Aaction%3Dlightbox%26settings%3DeyJpZCI6OTE2NSwidXJsIjoiaHR0cHM6XC9cL3d3dy52aWxsYS1iZXJsaW96LWhvdGVsLWx5b24uY29tXC93cC1jb250ZW50XC91cGxvYWRzXC8yMDI0XC8wOFwvaG90ZWwtdmlsbGEtYmVybGlvei1seW9uLTAwOS53ZWJwIn0%3D\">\n\t\t\t\t\t\t\t\t\t\t\t\t\t\t\t\t\t\t\t\t\t<img loading=\"lazy\" decoding=\"async\" width=\"2000\" height=\"1500\" src=\"https:\/\/www.villa-berlioz-hotel-lyon.com\/wp-content\/uploads\/2024\/08\/hotel-villa-berlioz-lyon-009.webp\" class=\"attachment-full size-full\" alt=\"Terrasse h\u00f4tel 3 \u00e9toiles lyon\" srcset=\"https:\/\/www.villa-berlioz-hotel-lyon.com\/wp-content\/uploads\/2024\/08\/hotel-villa-berlioz-lyon-009.webp 2000w, https:\/\/www.villa-berlioz-hotel-lyon.com\/wp-content\/uploads\/2024\/08\/hotel-villa-berlioz-lyon-009-300x225.webp 300w, https:\/\/www.villa-berlioz-hotel-lyon.com\/wp-content\/uploads\/2024\/08\/hotel-villa-berlioz-lyon-009-1024x768.webp 1024w, https:\/\/www.villa-berlioz-hotel-lyon.com\/wp-content\/uploads\/2024\/08\/hotel-villa-berlioz-lyon-009-768x576.webp 768w, https:\/\/www.villa-berlioz-hotel-lyon.com\/wp-content\/uploads\/2024\/08\/hotel-villa-berlioz-lyon-009-1536x1152.webp 1536w\" sizes=\"(max-width: 2000px) 100vw, 2000px\" \/>\t\t\t\t\t\t\t\t\t\t\t\t\t\t\t\t\t\t\t\t\t\t\t\t\t\t\t\t\t\t\t\t<div class=\"eae-grid-overlay fadeIn\">\n\t\t\t\t\t\t\t\t\t\t\t\t<div class=\"eae-grid-overlay-inner\">\n\t\t\t\t\t\t\t\t\t\t\t\t\t<div class=\"eae-icon-wrapper\">\n\t\t\t\t\t\t\t\t\t\t\t\t\t\t\t\t\t\t\t\t\t\t\t\t\t\t\t<\/div>\n\t\t\t\t\t\t\t\t\t\t\t\t\t\t\t\t\t\t\t\t\t\t\t\t\t<\/div>\n\t\t\t\t\t\t\t\t\t\t<\/div>\n\t\t\t\t\t\t\t\t\t\t\t\t\t\t\t\t\t\t\t<\/a>\n\t\t\t\t\t\t\t\t<\/div>\n\t\t\t\t\t\t\t<\/div>\n\t\t\t\t\t\t\t\t\t\t\t\t\t\t<div class=\"eae-gallery-item terrasse\">\n\t\t\t\t\t\t\t\t<div class=\"eae-gallery-item-inner\">\n\t\t\t\t\t\t\t\t\t<a href=\"https:\/\/www.villa-berlioz-hotel-lyon.com\/wp-content\/uploads\/2024\/08\/hotel-villa-berlioz-lyon-0786.webp\" data-elementor-open-lightbox=\"yes\" data-elementor-lightbox-slideshow=\"eae-fg-gallery-60552\" data-elementor-lightbox-title=\"hotel-villa-berlioz-lyon-0786\" data-elementor-lightbox-description=\"Espace ext\u00e9rieur lumineux et convivial aux couleurs vives, id\u00e9al pour se d\u00e9tendre \u00e0 l\u2019H\u00f4tel Villa Berlioz \u00e0 Lyon.\" data-e-action-hash=\"#elementor-action%3Aaction%3Dlightbox%26settings%3DeyJpZCI6OTE4MywidXJsIjoiaHR0cHM6XC9cL3d3dy52aWxsYS1iZXJsaW96LWhvdGVsLWx5b24uY29tXC93cC1jb250ZW50XC91cGxvYWRzXC8yMDI0XC8wOFwvaG90ZWwtdmlsbGEtYmVybGlvei1seW9uLTA3ODYud2VicCJ9\">\n\t\t\t\t\t\t\t\t\t\t\t\t\t\t\t\t\t\t\t\t\t<img loading=\"lazy\" decoding=\"async\" width=\"2000\" height=\"1500\" src=\"https:\/\/www.villa-berlioz-hotel-lyon.com\/wp-content\/uploads\/2024\/08\/hotel-villa-berlioz-lyon-0786.webp\" class=\"attachment-full size-full\" alt=\"Terrasse h\u00f4tel 3 \u00e9toiles lyon\" srcset=\"https:\/\/www.villa-berlioz-hotel-lyon.com\/wp-content\/uploads\/2024\/08\/hotel-villa-berlioz-lyon-0786.webp 2000w, https:\/\/www.villa-berlioz-hotel-lyon.com\/wp-content\/uploads\/2024\/08\/hotel-villa-berlioz-lyon-0786-300x225.webp 300w, https:\/\/www.villa-berlioz-hotel-lyon.com\/wp-content\/uploads\/2024\/08\/hotel-villa-berlioz-lyon-0786-1024x768.webp 1024w, https:\/\/www.villa-berlioz-hotel-lyon.com\/wp-content\/uploads\/2024\/08\/hotel-villa-berlioz-lyon-0786-768x576.webp 768w, https:\/\/www.villa-berlioz-hotel-lyon.com\/wp-content\/uploads\/2024\/08\/hotel-villa-berlioz-lyon-0786-1536x1152.webp 1536w\" sizes=\"(max-width: 2000px) 100vw, 2000px\" \/>\t\t\t\t\t\t\t\t\t\t\t\t\t\t\t\t\t\t\t\t\t\t\t\t\t\t\t\t\t\t\t\t<div class=\"eae-grid-overlay fadeIn\">\n\t\t\t\t\t\t\t\t\t\t\t\t<div class=\"eae-grid-overlay-inner\">\n\t\t\t\t\t\t\t\t\t\t\t\t\t<div class=\"eae-icon-wrapper\">\n\t\t\t\t\t\t\t\t\t\t\t\t\t\t\t\t\t\t\t\t\t\t\t\t\t\t\t<\/div>\n\t\t\t\t\t\t\t\t\t\t\t\t\t\t\t\t\t\t\t\t\t\t\t\t\t<\/div>\n\t\t\t\t\t\t\t\t\t\t<\/div>\n\t\t\t\t\t\t\t\t\t\t\t\t\t\t\t\t\t\t\t<\/a>\n\t\t\t\t\t\t\t\t<\/div>\n\t\t\t\t\t\t\t<\/div>\n\t\t\t\t\t\t\t\t\t\t\t\t\t\t<div class=\"eae-gallery-item terrasse\">\n\t\t\t\t\t\t\t\t<div class=\"eae-gallery-item-inner\">\n\t\t\t\t\t\t\t\t\t<a href=\"https:\/\/www.villa-berlioz-hotel-lyon.com\/wp-content\/uploads\/2024\/08\/hotel-villa-berlioz-lyon-016.webp\" data-elementor-open-lightbox=\"yes\" data-elementor-lightbox-slideshow=\"eae-fg-gallery-60552\" data-elementor-lightbox-title=\"Terrasse h\u00f4tel 3 \u00e9toiles lyon\" data-elementor-lightbox-description=\"Espace ext\u00e9rieur lumineux et convivial aux couleurs vives, id\u00e9al pour se d\u00e9tendre \u00e0 l\u2019H\u00f4tel Villa Berlioz \u00e0 Lyon.\" data-e-action-hash=\"#elementor-action%3Aaction%3Dlightbox%26settings%3DeyJpZCI6OTE4NSwidXJsIjoiaHR0cHM6XC9cL3d3dy52aWxsYS1iZXJsaW96LWhvdGVsLWx5b24uY29tXC93cC1jb250ZW50XC91cGxvYWRzXC8yMDI0XC8wOFwvaG90ZWwtdmlsbGEtYmVybGlvei1seW9uLTAxNi53ZWJwIn0%3D\">\n\t\t\t\t\t\t\t\t\t\t\t\t\t\t\t\t\t\t\t\t\t<img loading=\"lazy\" decoding=\"async\" width=\"1773\" height=\"2000\" src=\"https:\/\/www.villa-berlioz-hotel-lyon.com\/wp-content\/uploads\/2024\/08\/hotel-villa-berlioz-lyon-016.webp\" class=\"attachment-full size-full\" alt=\"Terrasse h\u00f4tel 3 \u00e9toiles lyon\" srcset=\"https:\/\/www.villa-berlioz-hotel-lyon.com\/wp-content\/uploads\/2024\/08\/hotel-villa-berlioz-lyon-016.webp 1773w, https:\/\/www.villa-berlioz-hotel-lyon.com\/wp-content\/uploads\/2024\/08\/hotel-villa-berlioz-lyon-016-266x300.webp 266w, https:\/\/www.villa-berlioz-hotel-lyon.com\/wp-content\/uploads\/2024\/08\/hotel-villa-berlioz-lyon-016-908x1024.webp 908w, https:\/\/www.villa-berlioz-hotel-lyon.com\/wp-content\/uploads\/2024\/08\/hotel-villa-berlioz-lyon-016-768x866.webp 768w, https:\/\/www.villa-berlioz-hotel-lyon.com\/wp-content\/uploads\/2024\/08\/hotel-villa-berlioz-lyon-016-1362x1536.webp 1362w\" sizes=\"(max-width: 1773px) 100vw, 1773px\" \/>\t\t\t\t\t\t\t\t\t\t\t\t\t\t\t\t\t\t\t\t\t\t\t\t\t\t\t\t\t\t\t\t<div class=\"eae-grid-overlay fadeIn\">\n\t\t\t\t\t\t\t\t\t\t\t\t<div class=\"eae-grid-overlay-inner\">\n\t\t\t\t\t\t\t\t\t\t\t\t\t<div class=\"eae-icon-wrapper\">\n\t\t\t\t\t\t\t\t\t\t\t\t\t\t\t\t\t\t\t\t\t\t\t\t\t\t\t<\/div>\n\t\t\t\t\t\t\t\t\t\t\t\t\t\t\t\t\t\t\t\t\t\t\t\t\t<\/div>\n\t\t\t\t\t\t\t\t\t\t<\/div>\n\t\t\t\t\t\t\t\t\t\t\t\t\t\t\t\t\t\t\t<\/a>\n\t\t\t\t\t\t\t\t<\/div>\n\t\t\t\t\t\t\t<\/div>\n\t\t\t\t\t\t\t\t\t\t\t\t\t\t<div class=\"eae-gallery-item autres\">\n\t\t\t\t\t\t\t\t<div class=\"eae-gallery-item-inner\">\n\t\t\t\t\t\t\t\t\t<a href=\"https:\/\/www.villa-berlioz-hotel-lyon.com\/wp-content\/uploads\/nathan-daily-villa-berlioz.jpg\" data-elementor-open-lightbox=\"yes\" data-elementor-lightbox-slideshow=\"eae-fg-gallery-60552\" data-elementor-lightbox-title=\"nathan-daily-villa-berlioz\" data-elementor-lightbox-description=\"Espace ext\u00e9rieur lumineux et convivial aux couleurs vives, id\u00e9al pour se d\u00e9tendre \u00e0 l\u2019H\u00f4tel Villa Berlioz \u00e0 Lyon.\" data-e-action-hash=\"#elementor-action%3Aaction%3Dlightbox%26settings%3DeyJpZCI6OTMyMywidXJsIjoiaHR0cHM6XC9cL3d3dy52aWxsYS1iZXJsaW96LWhvdGVsLWx5b24uY29tXC93cC1jb250ZW50XC91cGxvYWRzXC9uYXRoYW4tZGFpbHktdmlsbGEtYmVybGlvei5qcGcifQ%3D%3D\">\n\t\t\t\t\t\t\t\t\t\t\t\t\t\t\t\t\t\t\t\t\t<img loading=\"lazy\" decoding=\"async\" width=\"922\" height=\"1080\" src=\"https:\/\/www.villa-berlioz-hotel-lyon.com\/wp-content\/uploads\/nathan-daily-villa-berlioz.jpg\" class=\"attachment-full size-full\" alt=\"\" srcset=\"https:\/\/www.villa-berlioz-hotel-lyon.com\/wp-content\/uploads\/nathan-daily-villa-berlioz.jpg 922w, https:\/\/www.villa-berlioz-hotel-lyon.com\/wp-content\/uploads\/nathan-daily-villa-berlioz-256x300.jpg 256w, https:\/\/www.villa-berlioz-hotel-lyon.com\/wp-content\/uploads\/nathan-daily-villa-berlioz-874x1024.jpg 874w, https:\/\/www.villa-berlioz-hotel-lyon.com\/wp-content\/uploads\/nathan-daily-villa-berlioz-768x900.jpg 768w\" sizes=\"(max-width: 922px) 100vw, 922px\" \/>\t\t\t\t\t\t\t\t\t\t\t\t\t\t\t\t\t\t\t\t\t\t\t\t\t\t\t\t\t\t\t\t<div class=\"eae-grid-overlay fadeIn\">\n\t\t\t\t\t\t\t\t\t\t\t\t<div class=\"eae-grid-overlay-inner\">\n\t\t\t\t\t\t\t\t\t\t\t\t\t<div class=\"eae-icon-wrapper\">\n\t\t\t\t\t\t\t\t\t\t\t\t\t\t\t\t\t\t\t\t\t\t\t\t\t\t\t<\/div>\n\t\t\t\t\t\t\t\t\t\t\t\t\t\t\t\t\t\t\t\t\t\t\t\t\t<\/div>\n\t\t\t\t\t\t\t\t\t\t<\/div>\n\t\t\t\t\t\t\t\t\t\t\t\t\t\t\t\t\t\t\t<\/a>\n\t\t\t\t\t\t\t\t<\/div>\n\t\t\t\t\t\t\t<\/div>\n\t\t\t\t\t\t\t\t\t\t\t\t\t\t<div class=\"eae-gallery-item autres\">\n\t\t\t\t\t\t\t\t<div class=\"eae-gallery-item-inner\">\n\t\t\t\t\t\t\t\t\t<a href=\"https:\/\/www.villa-berlioz-hotel-lyon.com\/wp-content\/uploads\/cocktails-villa-berlioz.jpg\" data-elementor-open-lightbox=\"yes\" data-elementor-lightbox-slideshow=\"eae-fg-gallery-60552\" data-elementor-lightbox-title=\"cocktails-villa-berlioz\" data-elementor-lightbox-description=\"Espace ext\u00e9rieur lumineux et convivial aux couleurs vives, id\u00e9al pour se d\u00e9tendre \u00e0 l\u2019H\u00f4tel Villa Berlioz \u00e0 Lyon.\" data-e-action-hash=\"#elementor-action%3Aaction%3Dlightbox%26settings%3DeyJpZCI6OTMyNSwidXJsIjoiaHR0cHM6XC9cL3d3dy52aWxsYS1iZXJsaW96LWhvdGVsLWx5b24uY29tXC93cC1jb250ZW50XC91cGxvYWRzXC9jb2NrdGFpbHMtdmlsbGEtYmVybGlvei5qcGcifQ%3D%3D\">\n\t\t\t\t\t\t\t\t\t\t\t\t\t\t\t\t\t\t\t\t\t<img loading=\"lazy\" decoding=\"async\" width=\"1200\" height=\"1600\" src=\"https:\/\/www.villa-berlioz-hotel-lyon.com\/wp-content\/uploads\/cocktails-villa-berlioz.jpg\" class=\"attachment-full size-full\" alt=\"cocktails-villa-berlioz\" srcset=\"https:\/\/www.villa-berlioz-hotel-lyon.com\/wp-content\/uploads\/cocktails-villa-berlioz.jpg 1200w, https:\/\/www.villa-berlioz-hotel-lyon.com\/wp-content\/uploads\/cocktails-villa-berlioz-225x300.jpg 225w, https:\/\/www.villa-berlioz-hotel-lyon.com\/wp-content\/uploads\/cocktails-villa-berlioz-768x1024.jpg 768w, https:\/\/www.villa-berlioz-hotel-lyon.com\/wp-content\/uploads\/cocktails-villa-berlioz-1152x1536.jpg 1152w\" sizes=\"(max-width: 1200px) 100vw, 1200px\" \/>\t\t\t\t\t\t\t\t\t\t\t\t\t\t\t\t\t\t\t\t\t\t\t\t\t\t\t\t\t\t\t\t<div class=\"eae-grid-overlay fadeIn\">\n\t\t\t\t\t\t\t\t\t\t\t\t<div class=\"eae-grid-overlay-inner\">\n\t\t\t\t\t\t\t\t\t\t\t\t\t<div class=\"eae-icon-wrapper\">\n\t\t\t\t\t\t\t\t\t\t\t\t\t\t\t\t\t\t\t\t\t\t\t\t\t\t\t<\/div>\n\t\t\t\t\t\t\t\t\t\t\t\t\t\t\t\t\t\t\t\t\t\t\t\t\t\t\t<div class=\"eae-overlay-caption\">cocktails-villa-berlioz<\/div>\n\t\t\t\t\t\t\t\t\t\t\t\t\t\t\t\t\t\t\t\t\t\t\t\t\t<\/div>\n\t\t\t\t\t\t\t\t\t\t<\/div>\n\t\t\t\t\t\t\t\t\t\t\t\t\t\t\t\t\t\t\t<\/a>\n\t\t\t\t\t\t\t\t<\/div>\n\t\t\t\t\t\t\t<\/div>\n\t\t\t\t\t\t\t\t\t\t<\/div>\n\t\t<\/div>\n\t\t\t\t\t\t<\/div>\n\t\t\t\t<\/div>\n\t\t\t\t\t<\/div>\n\t\t<\/div>\n\t\t\t\t\t<\/div>\n\t\t<\/section>\n\t\t\t\t<\/div>\n\t\t","protected":false},"excerpt":{"rendered":"<p>Photos de notre h\u00f4tel \u00e0 Lyon Perrache H\u00f4tel Villa Berlioz*** \u00e0 Lyon Perrache D\u00e9couvrez en images l\u2019univers de l\u2019H\u00f4tel Villa Berlioz*** \u00e0 Lyon.Chambres, bar et salon, terrasse et ext\u00e9rieurs : laissez-vous inspirer pour votre prochain s\u00e9jour au c\u0153ur de Lyon. Toutes ChambresBar et salonExt\u00e9rieurPetit-d\u00e9jeunerTerrasseAutres cocktails-villa-berlioz<\/p>\n","protected":false},"author":3,"featured_media":7040,"parent":0,"menu_order":0,"comment_status":"closed","ping_status":"closed","template":"","meta":{"_acf_changed":false,"footnotes":""},"class_list":["post-548","page","type-page","status-publish","has-post-thumbnail","hentry"],"acf":[],"_links":{"self":[{"href":"https:\/\/www.villa-berlioz-hotel-lyon.com\/fr\/wp-json\/wp\/v2\/pages\/548","targetHints":{"allow":["GET"]}}],"collection":[{"href":"https:\/\/www.villa-berlioz-hotel-lyon.com\/fr\/wp-json\/wp\/v2\/pages"}],"about":[{"href":"https:\/\/www.villa-berlioz-hotel-lyon.com\/fr\/wp-json\/wp\/v2\/types\/page"}],"author":[{"embeddable":true,"href":"https:\/\/www.villa-berlioz-hotel-lyon.com\/fr\/wp-json\/wp\/v2\/users\/3"}],"replies":[{"embeddable":true,"href":"https:\/\/www.villa-berlioz-hotel-lyon.com\/fr\/wp-json\/wp\/v2\/comments?post=548"}],"version-history":[{"count":121,"href":"https:\/\/www.villa-berlioz-hotel-lyon.com\/fr\/wp-json\/wp\/v2\/pages\/548\/revisions"}],"predecessor-version":[{"id":10955,"href":"https:\/\/www.villa-berlioz-hotel-lyon.com\/fr\/wp-json\/wp\/v2\/pages\/548\/revisions\/10955"}],"wp:featuredmedia":[{"embeddable":true,"href":"https:\/\/www.villa-berlioz-hotel-lyon.com\/fr\/wp-json\/wp\/v2\/media\/7040"}],"wp:attachment":[{"href":"https:\/\/www.villa-berlioz-hotel-lyon.com\/fr\/wp-json\/wp\/v2\/media?parent=548"}],"curies":[{"name":"wp","href":"https:\/\/api.w.org\/{rel}","templated":true}]}}